{"id":4955,"date":"2024-03-12T12:28:52","date_gmt":"2024-03-12T12:28:52","guid":{"rendered":"https:\/\/rememchild.remigraid.org\/walls-against-oblivion\/wall-against-oblivion-maison-dizieu\/"},"modified":"2024-03-13T07:46:12","modified_gmt":"2024-03-13T07:46:12","slug":"wall-against-oblivion-maison-dizieu","status":"publish","type":"page","link":"https:\/\/rememchild.remigraid.org\/en\/walls-against-oblivion\/wall-against-oblivion-maison-dizieu\/","title":{"rendered":"Wall against oblivion &#8211; Maison d\u2019Izieu"},"content":{"rendered":"\t\t<div data-elementor-type=\"wp-page\" data-elementor-id=\"4955\" class=\"elementor elementor-4955 elementor-4853\" data-elementor-post-type=\"page\">\n\t\t\t\t\t\t<section class=\"elementor-section elementor-top-section elementor-element elementor-element-734e021 elementor-section-height-full elementor-section-stretched elementor-section-items-top elementor-section-boxed elementor-section-height-default\" data-id=\"734e021\" data-element_type=\"section\" data-e-type=\"section\" data-settings=\"{&quot;stretch_section&quot;:&quot;section-stretched&quot;,&quot;background_background&quot;:&quot;slideshow&quot;,&quot;background_slideshow_gallery&quot;:[{&quot;id&quot;:4875,&quot;url&quot;:&quot;https:\\\/\\\/rememchild.remigraid.org\\\/wp-content\\\/uploads\\\/2024\\\/03\\\/14-septembre-2023-05.jpg&quot;},{&quot;id&quot;:4879,&quot;url&quot;:&quot;https:\\\/\\\/rememchild.remigraid.org\\\/wp-content\\\/uploads\\\/2024\\\/03\\\/14-septembre-2023-02.jpg&quot;},{&quot;id&quot;:4883,&quot;url&quot;:&quot;https:\\\/\\\/rememchild.remigraid.org\\\/wp-content\\\/uploads\\\/2024\\\/03\\\/14-septembre-2023-04.jpg&quot;},{&quot;id&quot;:4889,&quot;url&quot;:&quot;https:\\\/\\\/rememchild.remigraid.org\\\/wp-content\\\/uploads\\\/2024\\\/03\\\/celine-faugere-03.jpg&quot;},{&quot;id&quot;:4920,&quot;url&quot;:&quot;https:\\\/\\\/rememchild.remigraid.org\\\/wp-content\\\/uploads\\\/2024\\\/03\\\/isabelle-journo-3rd-day-05.jpg&quot;},{&quot;id&quot;:4932,&quot;url&quot;:&quot;https:\\\/\\\/rememchild.remigraid.org\\\/wp-content\\\/uploads\\\/2024\\\/03\\\/isabelle-journo-3rd-day-11.jpg&quot;},{&quot;id&quot;:4934,&quot;url&quot;:&quot;https:\\\/\\\/rememchild.remigraid.org\\\/wp-content\\\/uploads\\\/2024\\\/03\\\/severine-dixmerias-01.jpg&quot;},{&quot;id&quot;:4938,&quot;url&quot;:&quot;https:\\\/\\\/rememchild.remigraid.org\\\/wp-content\\\/uploads\\\/2024\\\/03\\\/severine-dixmerias-03.jpg&quot;},{&quot;id&quot;:4942,&quot;url&quot;:&quot;https:\\\/\\\/rememchild.remigraid.org\\\/wp-content\\\/uploads\\\/2024\\\/03\\\/severine-dixmerias-05.jpg&quot;}],&quot;background_slideshow_transition_duration&quot;:1000,&quot;background_slideshow_ken_burns&quot;:&quot;yes&quot;,&quot;background_slideshow_lazyload&quot;:&quot;yes&quot;,&quot;background_slideshow_loop&quot;:&quot;yes&quot;,&quot;background_slideshow_slide_duration&quot;:5000,&quot;background_slideshow_slide_transition&quot;:&quot;fade&quot;,&quot;background_slideshow_ken_burns_zoom_direction&quot;:&quot;in&quot;}\">\n\t\t\t\t\t\t\t<div class=\"elementor-background-overlay\"><\/div>\n\t\t\t\t\t\t\t<div class=\"elementor-container elementor-column-gap-default\">\n\t\t\t\t\t<div class=\"elementor-column elementor-col-100 elementor-top-column elementor-element elementor-element-d6c5f02\" data-id=\"d6c5f02\" data-element_type=\"column\" data-e-type=\"column\">\n\t\t\t<div class=\"elementor-widget-wrap elementor-element-populated\">\n\t\t\t\t\t\t<section class=\"elementor-section elementor-inner-section elementor-element elementor-element-37d45da elementor-section-boxed elementor-section-height-default elementor-section-height-default\" data-id=\"37d45da\" data-element_type=\"section\" data-e-type=\"section\">\n\t\t\t\t\t\t<div class=\"elementor-container elementor-column-gap-default\">\n\t\t\t\t\t<div class=\"elementor-column elementor-col-100 elementor-inner-column elementor-element elementor-element-28d9b6e\" data-id=\"28d9b6e\" data-element_type=\"column\" data-e-type=\"column\">\n\t\t\t<div class=\"elementor-widget-wrap elementor-element-populated\">\n\t\t\t\t\t\t<div class=\"elementor-element elementor-element-9c3ba15 elementor-align-center elementor-widget elementor-widget-the7_icon_widget\" data-id=\"9c3ba15\" data-element_type=\"widget\" data-e-type=\"widget\" data-widget_type=\"the7_icon_widget.default\">\n\t\t\t\t<div class=\"elementor-widget-container\">\n\t\t\t\t\t<div class=\"the7-icon-wrapper the7-elementor-widget\"><div class=\"elementor-icon\"><i aria-hidden=\"true\" class=\"far fa-list-alt\"><\/i><\/div><\/div>\t\t\t\t<\/div>\n\t\t\t\t<\/div>\n\t\t\t\t<div class=\"elementor-element elementor-element-c873e6b elementor-widget elementor-widget-heading\" data-id=\"c873e6b\" data-element_type=\"widget\" data-e-type=\"widget\" data-widget_type=\"heading.default\">\n\t\t\t\t<div class=\"elementor-widget-container\">\n\t\t\t\t\t<h4 class=\"elementor-heading-title elementor-size-default\">ACTIVITY<\/h4>\t\t\t\t<\/div>\n\t\t\t\t<\/div>\n\t\t\t\t<div class=\"elementor-element elementor-element-549c432 elementor-widget elementor-widget-heading\" data-id=\"549c432\" data-element_type=\"widget\" data-e-type=\"widget\" data-widget_type=\"heading.default\">\n\t\t\t\t<div class=\"elementor-widget-container\">\n\t\t\t\t\t<h1 class=\"elementor-heading-title elementor-size-default\">Walls against oblivion\n<br>\n<span style=\"font-size:0.6em;line-height:0.8em;color:#FFE400\">- REMEMCHILD -<\/span><\/h1>\t\t\t\t<\/div>\n\t\t\t\t<\/div>\n\t\t\t\t<div class=\"elementor-element elementor-element-3d4897d elementor-widget elementor-widget-spacer\" data-id=\"3d4897d\" data-element_type=\"widget\" data-e-type=\"widget\" data-widget_type=\"spacer.default\">\n\t\t\t\t<div class=\"elementor-widget-container\">\n\t\t\t\t\t\t\t<div class=\"elementor-spacer\">\n\t\t\t<div class=\"elementor-spacer-inner\"><\/div>\n\t\t<\/div>\n\t\t\t\t\t\t<\/div>\n\t\t\t\t<\/div>\n\t\t\t\t<div class=\"elementor-element elementor-element-f296e97 elementor-widget elementor-widget-text-editor\" data-id=\"f296e97\" data-element_type=\"widget\" data-e-type=\"widget\" data-widget_type=\"text-editor.default\">\n\t\t\t\t<div class=\"elementor-widget-container\">\n\t\t\t\t\t\t\t\t\t<p>Young people from the Barrutialde Secondary School and the muralist Mikel Aldekogarai &#8220;Kezon&#8221; created 2 murals with the message &#8220;No to war&#8221;.<\/p>\n\t\t\t\t\t\t\t\t<\/div>\n\t\t\t\t<\/div>\n\t\t\t\t<div class=\"elementor-element elementor-element-e87c956 elementor-widget elementor-widget-spacer\" data-id=\"e87c956\" data-element_type=\"widget\" data-e-type=\"widget\" data-widget_type=\"spacer.default\">\n\t\t\t\t<div class=\"elementor-widget-container\">\n\t\t\t\t\t\t\t<div class=\"elementor-spacer\">\n\t\t\t<div class=\"elementor-spacer-inner\"><\/div>\n\t\t<\/div>\n\t\t\t\t\t\t<\/div>\n\t\t\t\t<\/div>\n\t\t\t\t\t<\/div>\n\t\t<\/div>\n\t\t\t\t\t<\/div>\n\t\t<\/section>\n\t\t\t\t<section class=\"elementor-section elementor-inner-section elementor-element elementor-element-3a6949d elementor-section-boxed elementor-section-height-default elementor-section-height-default\" data-id=\"3a6949d\" data-element_type=\"section\" data-e-type=\"section\" data-settings=\"{&quot;background_background&quot;:&quot;classic&quot;}\">\n\t\t\t\t\t\t\t<div class=\"elementor-background-overlay\"><\/div>\n\t\t\t\t\t\t\t<div class=\"elementor-container elementor-column-gap-default\">\n\t\t\t\t\t<div class=\"elementor-column elementor-col-50 elementor-inner-column elementor-element elementor-element-9cf7bd0\" data-id=\"9cf7bd0\" data-element_type=\"column\" data-e-type=\"column\">\n\t\t\t<div class=\"elementor-widget-wrap elementor-element-populated\">\n\t\t\t\t\t\t<div class=\"elementor-element elementor-element-32083ff content-align-left icon-box-vertical-align-top icon-position-left icon-vertical-align-start elementor-widget elementor-widget-the7_icon_box_widget\" data-id=\"32083ff\" data-element_type=\"widget\" data-e-type=\"widget\" data-widget_type=\"the7_icon_box_widget.default\">\n\t\t\t\t<div class=\"elementor-widget-container\">\n\t\t\t\t\t\n\t\t<a class=\"the7-box-wrapper the7-elementor-widget box-hover the7_icon_box_widget-32083ff\" href=\"https:\/\/www.memorializieu.eu\/le-musee-memorial\/mur-contre-loubli-2\/\" target=\"_blank\" rel=\"nofollow\">\t\t\t<div class=\"box-content-wrapper\">\n\t\t\t\t\t\t\t\t\t<div class=\"elementor-icon-div\">\t\t\t\t\t\t<div class=\"elementor-icon\">\n\t\t\t\t\t\t\t<i aria-hidden=\"true\" class=\"fas fa-link\"><\/i>\t\t\t\t\t\t<\/div>\n\t\t\t\t\t<\/div>\t\t\t\t\t\t\t\t<div class=\"box-content\">\n\t\t\t\t\t\t\t\t\t\t\t\t\t\t\t\t\t<h4 class=\"box-heading\">\n\t\t\t\t\t\t\t\t\t\t\t\t\t\t\tmemorializieu.eu\t\t\t\t\t\t\t\t\t\t\t\t\t<\/h4>\n\t\t\t\t\t\t\t\t\t\t\t\t\t\t\t\t<div class=\"box-description\">Website with the publication<\/div>\n\t\t\t\t\t\n\t\t\t\t\t\n\t\t\t\t<\/div>\n\t\t\t<\/div>\n\t\t<\/a>\t\t\t\t\t<\/div>\n\t\t\t\t<\/div>\n\t\t\t\t\t<\/div>\n\t\t<\/div>\n\t\t\t\t<div class=\"elementor-column elementor-col-50 elementor-inner-column elementor-element elementor-element-180bef0\" data-id=\"180bef0\" data-element_type=\"column\" data-e-type=\"column\">\n\t\t\t<div class=\"elementor-widget-wrap elementor-element-populated\">\n\t\t\t\t\t\t<div class=\"elementor-element elementor-element-ca3eedd icon-vertical-align-center elementor-widget__width-auto elementor-absolute animated-fast content-align-left icon-box-vertical-align-top elementor-invisible elementor-widget elementor-widget-the7_image_box_widget\" data-id=\"ca3eedd\" data-element_type=\"widget\" data-e-type=\"widget\" data-settings=\"{&quot;_position&quot;:&quot;absolute&quot;,&quot;_animation&quot;:&quot;fadeInUp&quot;}\" data-widget_type=\"the7_image_box_widget.default\">\n\t\t\t\t<div class=\"elementor-widget-container\">\n\t\t\t\t\t\n\t\t<a class=\"the7-box-wrapper the7-elementor-widget box-hover the7_image_box_widget-ca3eedd\" href=\"#elementor-action%3Aaction%3Dpopup%3Aopen%26settings%3DeyJpZCI6Mzk5MiwidG9nZ2xlIjpmYWxzZX0%3D\">\t\t\t<div class=\"box-content-wrapper\">\n\t\t\t\t\t\t\t\t<div class=\"elementor-image-div \">\n\t\t\t\t\t<div class=\"post-thumbnail-rollover layzr-bg img-css-resize-wrapper\"><img decoding=\"async\" width=\"200\" height=\"100\" src=\"data:image\/svg+xml,%3Csvg%20xmlns%3D&#039;http%3A%2F%2Fwww.w3.org%2F2000%2Fsvg&#039;%20viewBox%3D&#039;0%200%20200%20100&#039;%2F%3E\" class=\"attachment-full size-full preload-me aspect lazy lazy-load\" alt=\"Maison D&#039;Izieu\" style=\"--ratio: 200 \/ 100;\" data-src=\"https:\/\/rememchild.remigraid.org\/wp-content\/uploads\/2024\/02\/maison-dizieu.jpg\" loading=\"eager\" \/><span class=\"the7-hover-icon\"><\/span><\/div>\t\t\t\t<\/div>\n\t\t\t\t\n\t\t\t\t<div class=\"box-content\">\n\t\t\t\t\t\t\t\t\t<\/div>\n\t\t\t<\/div>\n\t\t<\/a>\t\t\t\t<\/div>\n\t\t\t\t<\/div>\n\t\t\t\t\t<\/div>\n\t\t<\/div>\n\t\t\t\t\t<\/div>\n\t\t<\/section>\n\t\t\t\t<div class=\"elementor-element elementor-element-6766641 elementor-widget-divider--separator-type-pattern elementor-widget-divider--view-line elementor-widget elementor-widget-divider\" data-id=\"6766641\" data-element_type=\"widget\" data-e-type=\"widget\" data-widget_type=\"divider.default\">\n\t\t\t\t<div class=\"elementor-widget-container\">\n\t\t\t\t\t\t\t<div class=\"elementor-divider\" style=\"--divider-pattern-url: url(&quot;data:image\/svg+xml,%3Csvg xmlns=&#039;http:\/\/www.w3.org\/2000\/svg&#039; preserveAspectRatio=&#039;none&#039; overflow=&#039;visible&#039; height=&#039;100%&#039; viewBox=&#039;0 0 20 16&#039; fill=&#039;none&#039; stroke=&#039;black&#039; stroke-width=&#039;1&#039; stroke-linecap=&#039;square&#039; stroke-miterlimit=&#039;10&#039;%3E%3Cg transform=&#039;translate(-12.000000, 0)&#039;%3E%3Cpath d=&#039;M28,0L10,18&#039;\/%3E%3Cpath d=&#039;M18,0L0,18&#039;\/%3E%3Cpath d=&#039;M48,0L30,18&#039;\/%3E%3Cpath d=&#039;M38,0L20,18&#039;\/%3E%3C\/g%3E%3C\/svg%3E&quot;);\">\n\t\t\t<span class=\"elementor-divider-separator\">\n\t\t\t\t\t\t<\/span>\n\t\t<\/div>\n\t\t\t\t\t\t<\/div>\n\t\t\t\t<\/div>\n\t\t\t\t\t<\/div>\n\t\t<\/div>\n\t\t\t\t\t<\/div>\n\t\t<\/section>\n\t\t\t\t<section class=\"elementor-section elementor-top-section elementor-element elementor-element-72aa2c0 elementor-section-stretched elementor-section-boxed elementor-section-height-default elementor-section-height-default\" data-id=\"72aa2c0\" data-element_type=\"section\" data-e-type=\"section\" data-settings=\"{&quot;stretch_section&quot;:&quot;section-stretched&quot;,&quot;background_background&quot;:&quot;classic&quot;}\">\n\t\t\t\t\t\t<div class=\"elementor-container elementor-column-gap-default\">\n\t\t\t\t\t<div class=\"elementor-column elementor-col-100 elementor-top-column elementor-element elementor-element-df43df3\" data-id=\"df43df3\" data-element_type=\"column\" data-e-type=\"column\">\n\t\t\t<div class=\"elementor-widget-wrap elementor-element-populated\">\n\t\t\t\t\t\t<section class=\"elementor-section elementor-inner-section elementor-element elementor-element-1ab846a elementor-section-content-bottom elementor-section-boxed elementor-section-height-default elementor-section-height-default\" data-id=\"1ab846a\" data-element_type=\"section\" data-e-type=\"section\">\n\t\t\t\t\t\t<div class=\"elementor-container elementor-column-gap-default\">\n\t\t\t\t\t<div class=\"elementor-column elementor-col-50 elementor-inner-column elementor-element elementor-element-130324d\" data-id=\"130324d\" data-element_type=\"column\" data-e-type=\"column\" data-settings=\"{&quot;background_background&quot;:&quot;classic&quot;}\">\n\t\t\t<div class=\"elementor-widget-wrap elementor-element-populated\">\n\t\t\t\t\t\t<div class=\"elementor-element elementor-element-a56441b elementor-widget elementor-widget-image\" data-id=\"a56441b\" data-element_type=\"widget\" data-e-type=\"widget\" data-widget_type=\"image.default\">\n\t\t\t\t<div class=\"elementor-widget-container\">\n\t\t\t\t\t\t\t\t\t\t\t\t\t\t\t\t<a href=\"#elementor-action%3Aaction%3Dpopup%3Aopen%26settings%3DeyJpZCI6Mzk5MiwidG9nZ2xlIjpmYWxzZX0%3D\">\n\t\t\t\t\t\t\t<img fetchpriority=\"high\" decoding=\"async\" width=\"400\" height=\"283\" src=\"https:\/\/rememchild.remigraid.org\/wp-content\/uploads\/2024\/02\/maison-dizieu-memorial-des-enfants-juifs-extermines.jpg\" class=\"attachment-large size-large wp-image-3990\" alt=\"Maison d\u2019Izieu, M\u00e9morial des enfants juifs extermin\u00e9s\" srcset=\"https:\/\/rememchild.remigraid.org\/wp-content\/uploads\/2024\/02\/maison-dizieu-memorial-des-enfants-juifs-extermines.jpg 400w, https:\/\/rememchild.remigraid.org\/wp-content\/uploads\/2024\/02\/maison-dizieu-memorial-des-enfants-juifs-extermines-300x212.jpg 300w\" sizes=\"(max-width: 400px) 100vw, 400px\" \/>\t\t\t\t\t\t\t\t<\/a>\n\t\t\t\t\t\t\t\t\t\t\t\t\t\t\t<\/div>\n\t\t\t\t<\/div>\n\t\t\t\t<div class=\"elementor-element elementor-element-6e00c12 elementor-widget elementor-widget-spacer\" data-id=\"6e00c12\" data-element_type=\"widget\" data-e-type=\"widget\" data-widget_type=\"spacer.default\">\n\t\t\t\t<div class=\"elementor-widget-container\">\n\t\t\t\t\t\t\t<div class=\"elementor-spacer\">\n\t\t\t<div class=\"elementor-spacer-inner\"><\/div>\n\t\t<\/div>\n\t\t\t\t\t\t<\/div>\n\t\t\t\t<\/div>\n\t\t\t\t<div class=\"elementor-element elementor-element-c83ff0c content-align-left icon-box-vertical-align-top icon-position-left icon-vertical-align-start elementor-widget elementor-widget-the7_icon_box_grid_widget\" data-id=\"c83ff0c\" data-element_type=\"widget\" data-e-type=\"widget\" data-widget_type=\"the7_icon_box_grid_widget.default\">\n\t\t\t\t<div class=\"elementor-widget-container\">\n\t\t\t\t\t<div class=\"the7-box-grid-wrapper the7-elementor-widget loading-effect-none the7_icon_box_grid_widget-c83ff0c\">\t\t\t<div class=\"dt-css-grid\">\n\t\t\t\t\t\t\t\t\t<div class=\"wf-cell shown\">\n\t\t\t\t\t\t<a class=\"the7-icon-box-grid box-hover\" href=\"https:\/\/www.memorializieu.eu\/\" target=\"_blank\" rel=\"nofollow\" aria-label=\"Organised by\">\t\t\t\t\t\t\t<div class=\"box-content-wrapper\">\n\t\t\t\t\t\t\t\t\t\t\t\t\t\t\t\t\t<div class=\"elementor-icon-div\">\t\t\t\t\t\t\t\t\t\t<div class=\"elementor-icon\">\n\t\t\t\t\t\t\t\t\t\t\t<i aria-hidden=\"true\" class=\"fas fa-plus\"><\/i>\t\t\t\t\t\t\t\t\t\t<\/div>\n\t\t\t\t\t\t\t\t\t<\/div>\t\t\t\t\t\t\t\t\t\t\t\t\t\t\t\t<div class=\"box-content\">\n\t\t\t\t\t\t\t\t\t\t\t\t\t\t\t\t\t\t\t\t\t\t\t\t\t\t\t\t\t<h3 class=\"box-heading\">\n\t\t\t\t\t\t\t\t\t\t\t\t\t\t\t\t\t\t\t\t\t\t\tOrganised by\t\t\t\t\t\t\t\t\t\t\t\t\t\t\t\t\t\t\t\t\t<\/h3>\n\t\t\t\t\t\t\t\t\t\t\t\t\t\t\t\t\t\t\t\t\t\t\t\t\t\t\t\t<div class=\"box-description\">Maison d\u2019Izieu <\/div>\n\t\t\t\t\t\t\t\t\t\t\t\t\t\t\t\t\t\t\t\t\t\t\t\t\t\t<\/div>\n\t\t\t\t\t\t\t<\/div>\n\t\t\t\t\t\t<\/a>\t\t\t\t\t<\/div>\n\t\t\t\t\t\t\t<\/div>\n\t\t<\/div>\t\t\t\t<\/div>\n\t\t\t\t<\/div>\n\t\t\t\t<div class=\"elementor-element elementor-element-41e2319 elementor-widget-divider--view-line elementor-widget elementor-widget-divider\" data-id=\"41e2319\" data-element_type=\"widget\" data-e-type=\"widget\" data-widget_type=\"divider.default\">\n\t\t\t\t<div class=\"elementor-widget-container\">\n\t\t\t\t\t\t\t<div class=\"elementor-divider\">\n\t\t\t<span class=\"elementor-divider-separator\">\n\t\t\t\t\t\t<\/span>\n\t\t<\/div>\n\t\t\t\t\t\t<\/div>\n\t\t\t\t<\/div>\n\t\t\t\t\t<\/div>\n\t\t<\/div>\n\t\t\t\t<div class=\"elementor-column elementor-col-50 elementor-inner-column elementor-element elementor-element-5814238\" data-id=\"5814238\" data-element_type=\"column\" data-e-type=\"column\">\n\t\t\t<div class=\"elementor-widget-wrap elementor-element-populated\">\n\t\t\t\t\t\t<div class=\"elementor-element elementor-element-46e9bde content-align-left icon-box-vertical-align-top icon-position-left icon-vertical-align-start elementor-widget elementor-widget-the7_icon_box_grid_widget\" data-id=\"46e9bde\" data-element_type=\"widget\" data-e-type=\"widget\" data-widget_type=\"the7_icon_box_grid_widget.default\">\n\t\t\t\t<div class=\"elementor-widget-container\">\n\t\t\t\t\t<div class=\"the7-box-grid-wrapper the7-elementor-widget loading-effect-none the7_icon_box_grid_widget-46e9bde\">\t\t\t<div class=\"dt-css-grid\">\n\t\t\t\t\t\t\t\t\t<div class=\"wf-cell shown\">\n\t\t\t\t\t\t<a class=\"the7-icon-box-grid box-hover\" target=\"_blank\" rel=\"nofollow\" aria-label=\"Date and brief explanation of the activity\">\t\t\t\t\t\t\t<div class=\"box-content-wrapper\">\n\t\t\t\t\t\t\t\t\t\t\t\t\t\t\t\t\t<div class=\"elementor-icon-div\">\t\t\t\t\t\t\t\t\t\t<div class=\"elementor-icon\">\n\t\t\t\t\t\t\t\t\t\t\t<i aria-hidden=\"true\" class=\"fas fa-plus\"><\/i>\t\t\t\t\t\t\t\t\t\t<\/div>\n\t\t\t\t\t\t\t\t\t<\/div>\t\t\t\t\t\t\t\t\t\t\t\t\t\t\t\t<div class=\"box-content\">\n\t\t\t\t\t\t\t\t\t\t\t\t\t\t\t\t\t\t\t\t\t\t\t\t\t\t\t\t\t<h3 class=\"box-heading\">\n\t\t\t\t\t\t\t\t\t\t\t\t\t\t\t\t\t\t\t\t\t\t\tDate and brief explanation of the activity\t\t\t\t\t\t\t\t\t\t\t\t\t\t\t\t\t\t\t\t\t<\/h3>\n\t\t\t\t\t\t\t\t\t\t\t\t\t\t\t\t\t\t\t\t\t\t\t\t\t\t\t\t\t\t\t\t\t\t\t<\/div>\n\t\t\t\t\t\t\t<\/div>\n\t\t\t\t\t\t<\/a>\t\t\t\t\t<\/div>\n\t\t\t\t\t\t\t<\/div>\n\t\t<\/div>\t\t\t\t<\/div>\n\t\t\t\t<\/div>\n\t\t\t\t<div class=\"elementor-element elementor-element-c57f754 elementor-widget elementor-widget-text-editor\" data-id=\"c57f754\" data-element_type=\"widget\" data-e-type=\"widget\" data-widget_type=\"text-editor.default\">\n\t\t\t\t<div class=\"elementor-widget-container\">\n\t\t\t\t\t\t\t\t\t<p><strong>The project has begun on September 14 2023 and ends on November 1 2024.<\/strong><\/p>\n<p>During the three months the project lasted, the Maison d\u2019Izieu has appealed to two classes from secondary schools of the Auvergne-Rh\u00f4ne-Alpes region in order to conceive the Wall against oblivion. Their drawings, photographic reports and memorial objects make up this collective creation.<\/p>\n\t\t\t\t\t\t\t\t<\/div>\n\t\t\t\t<\/div>\n\t\t\t\t<div class=\"elementor-element elementor-element-16f7d2b elementor-widget-divider--view-line elementor-widget elementor-widget-divider\" data-id=\"16f7d2b\" data-element_type=\"widget\" data-e-type=\"widget\" data-widget_type=\"divider.default\">\n\t\t\t\t<div class=\"elementor-widget-container\">\n\t\t\t\t\t\t\t<div class=\"elementor-divider\">\n\t\t\t<span class=\"elementor-divider-separator\">\n\t\t\t\t\t\t<\/span>\n\t\t<\/div>\n\t\t\t\t\t\t<\/div>\n\t\t\t\t<\/div>\n\t\t\t\t\t<\/div>\n\t\t<\/div>\n\t\t\t\t\t<\/div>\n\t\t<\/section>\n\t\t\t\t\t<\/div>\n\t\t<\/div>\n\t\t\t\t\t<\/div>\n\t\t<\/section>\n\t\t\t\t<section class=\"elementor-section elementor-top-section elementor-element elementor-element-6a07d7c elementor-section-stretched elementor-section-boxed elementor-section-height-default elementor-section-height-default\" data-id=\"6a07d7c\" data-element_type=\"section\" data-e-type=\"section\" data-settings=\"{&quot;stretch_section&quot;:&quot;section-stretched&quot;,&quot;background_background&quot;:&quot;classic&quot;}\">\n\t\t\t\t\t\t<div class=\"elementor-container elementor-column-gap-default\">\n\t\t\t\t\t<div class=\"elementor-column elementor-col-100 elementor-top-column elementor-element elementor-element-3620cd9\" data-id=\"3620cd9\" data-element_type=\"column\" data-e-type=\"column\">\n\t\t\t<div class=\"elementor-widget-wrap elementor-element-populated\">\n\t\t\t\t\t\t<section class=\"elementor-section elementor-inner-section elementor-element elementor-element-77345e8 elementor-section-boxed elementor-section-height-default elementor-section-height-default\" data-id=\"77345e8\" data-element_type=\"section\" data-e-type=\"section\">\n\t\t\t\t\t\t<div class=\"elementor-container elementor-column-gap-default\">\n\t\t\t\t\t<div class=\"elementor-column elementor-col-50 elementor-inner-column elementor-element elementor-element-534a49c\" data-id=\"534a49c\" data-element_type=\"column\" data-e-type=\"column\" data-settings=\"{&quot;background_background&quot;:&quot;classic&quot;}\">\n\t\t\t<div class=\"elementor-widget-wrap elementor-element-populated\">\n\t\t\t\t\t\t<div class=\"elementor-element elementor-element-7c17feb content-align-left icon-box-vertical-align-top icon-position-left icon-vertical-align-start elementor-widget elementor-widget-the7_icon_box_grid_widget\" data-id=\"7c17feb\" data-element_type=\"widget\" data-e-type=\"widget\" data-widget_type=\"the7_icon_box_grid_widget.default\">\n\t\t\t\t<div class=\"elementor-widget-container\">\n\t\t\t\t\t<div class=\"the7-box-grid-wrapper the7-elementor-widget loading-effect-none the7_icon_box_grid_widget-7c17feb\">\t\t\t<div class=\"dt-css-grid\">\n\t\t\t\t\t\t\t\t\t<div class=\"wf-cell shown\">\n\t\t\t\t\t\t<a class=\"the7-icon-box-grid box-hover\" target=\"_blank\" rel=\"nofollow\" aria-label=\"Artist\">\t\t\t\t\t\t\t<div class=\"box-content-wrapper\">\n\t\t\t\t\t\t\t\t\t\t\t\t\t\t\t\t\t<div class=\"elementor-icon-div\">\t\t\t\t\t\t\t\t\t\t<div class=\"elementor-icon\">\n\t\t\t\t\t\t\t\t\t\t\t<i aria-hidden=\"true\" class=\"fas fa-plus\"><\/i>\t\t\t\t\t\t\t\t\t\t<\/div>\n\t\t\t\t\t\t\t\t\t<\/div>\t\t\t\t\t\t\t\t\t\t\t\t\t\t\t\t<div class=\"box-content\">\n\t\t\t\t\t\t\t\t\t\t\t\t\t\t\t\t\t\t\t\t\t\t\t\t\t\t\t\t\t<h3 class=\"box-heading\">\n\t\t\t\t\t\t\t\t\t\t\t\t\t\t\t\t\t\t\t\t\t\t\tArtist\t\t\t\t\t\t\t\t\t\t\t\t\t\t\t\t\t\t\t\t\t<\/h3>\n\t\t\t\t\t\t\t\t\t\t\t\t\t\t\t\t\t\t\t\t\t\t\t\t\t\t\t\t<div class=\"box-description\">Ain y Rh\u00f4ne<\/div>\n\t\t\t\t\t\t\t\t\t\t\t\t\t\t\t\t\t\t\t\t\t\t\t\t\t\t<\/div>\n\t\t\t\t\t\t\t<\/div>\n\t\t\t\t\t\t<\/a>\t\t\t\t\t<\/div>\n\t\t\t\t\t\t\t<\/div>\n\t\t<\/div>\t\t\t\t<\/div>\n\t\t\t\t<\/div>\n\t\t\t\t<div class=\"elementor-element elementor-element-7d69919 elementor-widget elementor-widget-text-editor\" data-id=\"7d69919\" data-element_type=\"widget\" data-e-type=\"widget\" data-widget_type=\"text-editor.default\">\n\t\t\t\t<div class=\"elementor-widget-container\">\n\t\t\t\t\t\t\t\t\t<p>The Maison d\u2019Izieu has involved two classes from the French departments of Ain and Rh\u00f4ne : the \u00ab artistic audacity class \u00bb of the Lyc\u00e9e du Bugey (secondary school in Belley) and the \u00ab Vehicle maintenance \u00bb course of the Lyc\u00e9e professionnel Fran\u00e7ois Cevert (professionnal secondary school in \u00c9cully).<\/p>\n<p>They were accompanied by Chlo\u00e9 Colin, photographer and video artist from the <a href=\"https:\/\/blickphotographie.fr\/\" target=\"_blank\" rel=\"noopener\">BLICK Photographie<\/a> association, and <a href=\"http:\/\/roman-kroke.de\/fr\/\" target=\"_blank\" rel=\"noopener\">Roman Kroke<\/a>, interdisciplinary artist and member of the Scientific Council of Maison d\u2019Izieu.<\/p>\n\t\t\t\t\t\t\t\t<\/div>\n\t\t\t\t<\/div>\n\t\t\t\t<div class=\"elementor-element elementor-element-68960e4 elementor-widget-divider--view-line elementor-widget elementor-widget-divider\" data-id=\"68960e4\" data-element_type=\"widget\" data-e-type=\"widget\" data-widget_type=\"divider.default\">\n\t\t\t\t<div class=\"elementor-widget-container\">\n\t\t\t\t\t\t\t<div class=\"elementor-divider\">\n\t\t\t<span class=\"elementor-divider-separator\">\n\t\t\t\t\t\t<\/span>\n\t\t<\/div>\n\t\t\t\t\t\t<\/div>\n\t\t\t\t<\/div>\n\t\t\t\t<div class=\"elementor-element elementor-element-55c495d elementor-widget elementor-widget-spacer\" data-id=\"55c495d\" data-element_type=\"widget\" data-e-type=\"widget\" data-widget_type=\"spacer.default\">\n\t\t\t\t<div class=\"elementor-widget-container\">\n\t\t\t\t\t\t\t<div class=\"elementor-spacer\">\n\t\t\t<div class=\"elementor-spacer-inner\"><\/div>\n\t\t<\/div>\n\t\t\t\t\t\t<\/div>\n\t\t\t\t<\/div>\n\t\t\t\t\t<\/div>\n\t\t<\/div>\n\t\t\t\t<div class=\"elementor-column elementor-col-50 elementor-inner-column elementor-element elementor-element-9236871\" data-id=\"9236871\" data-element_type=\"column\" data-e-type=\"column\">\n\t\t\t<div class=\"elementor-widget-wrap elementor-element-populated\">\n\t\t\t\t\t\t<div class=\"elementor-element elementor-element-f06c84d content-align-left icon-box-vertical-align-top icon-position-left icon-vertical-align-start elementor-widget elementor-widget-the7_icon_box_grid_widget\" data-id=\"f06c84d\" data-element_type=\"widget\" data-e-type=\"widget\" data-widget_type=\"the7_icon_box_grid_widget.default\">\n\t\t\t\t<div class=\"elementor-widget-container\">\n\t\t\t\t\t<div class=\"the7-box-grid-wrapper the7-elementor-widget loading-effect-none the7_icon_box_grid_widget-f06c84d\">\t\t\t<div class=\"dt-css-grid\">\n\t\t\t\t\t\t\t\t\t<div class=\"wf-cell shown\">\n\t\t\t\t\t\t<a class=\"the7-icon-box-grid box-hover\" target=\"_blank\" rel=\"nofollow\" aria-label=\"School\">\t\t\t\t\t\t\t<div class=\"box-content-wrapper\">\n\t\t\t\t\t\t\t\t\t\t\t\t\t\t\t\t\t<div class=\"elementor-icon-div\">\t\t\t\t\t\t\t\t\t\t<div class=\"elementor-icon\">\n\t\t\t\t\t\t\t\t\t\t\t<i aria-hidden=\"true\" class=\"fas fa-plus\"><\/i>\t\t\t\t\t\t\t\t\t\t<\/div>\n\t\t\t\t\t\t\t\t\t<\/div>\t\t\t\t\t\t\t\t\t\t\t\t\t\t\t\t<div class=\"box-content\">\n\t\t\t\t\t\t\t\t\t\t\t\t\t\t\t\t\t\t\t\t\t\t\t\t\t\t\t\t\t<h3 class=\"box-heading\">\n\t\t\t\t\t\t\t\t\t\t\t\t\t\t\t\t\t\t\t\t\t\t\tSchool\t\t\t\t\t\t\t\t\t\t\t\t\t\t\t\t\t\t\t\t\t<\/h3>\n\t\t\t\t\t\t\t\t\t\t\t\t\t\t\t\t\t\t\t\t\t\t\t\t\t\t\t\t<div class=\"box-description\">Ain y Rh\u00f4ne<\/div>\n\t\t\t\t\t\t\t\t\t\t\t\t\t\t\t\t\t\t\t\t\t\t\t\t\t\t<\/div>\n\t\t\t\t\t\t\t<\/div>\n\t\t\t\t\t\t<\/a>\t\t\t\t\t<\/div>\n\t\t\t\t\t\t\t<\/div>\n\t\t<\/div>\t\t\t\t<\/div>\n\t\t\t\t<\/div>\n\t\t\t\t<div class=\"elementor-element elementor-element-a31b0b3 elementor-widget elementor-widget-text-editor\" data-id=\"a31b0b3\" data-element_type=\"widget\" data-e-type=\"widget\" data-widget_type=\"text-editor.default\">\n\t\t\t\t<div class=\"elementor-widget-container\">\n\t\t\t\t\t\t\t\t\t<p>The \u00ab artistic audacity class \u00bb of the Lyc\u00e9e du Bugey, in which 27 pupils aged from 15 to 16 years old participate, is supervised by a French teacher, Mrs Isabelle Journo, and a videographer and photographer artist Chlo\u00e9 Colin (from the BLICK Photographie association).<\/p>\n<p>The \u00ab vehicle maintenance \u00bb course of the Lyc\u00e9e professionnel Fran\u00e7ois Cevert, which consists of 17 students aged between 17 and 18, is supervised by two teachers, Mrs S\u00e9verine Dixmerias, history, geography and French teacher, and Mrs \u00c9meline Neel, fine arts teacher, and Mr Roman Kroke, interdisciplinary artist and member of the Maison d\u2019Izieu\u2019s scientific board.<\/p>\n\t\t\t\t\t\t\t\t<\/div>\n\t\t\t\t<\/div>\n\t\t\t\t<div class=\"elementor-element elementor-element-398221a elementor-widget-divider--view-line elementor-widget elementor-widget-divider\" data-id=\"398221a\" data-element_type=\"widget\" data-e-type=\"widget\" data-widget_type=\"divider.default\">\n\t\t\t\t<div class=\"elementor-widget-container\">\n\t\t\t\t\t\t\t<div class=\"elementor-divider\">\n\t\t\t<span class=\"elementor-divider-separator\">\n\t\t\t\t\t\t<\/span>\n\t\t<\/div>\n\t\t\t\t\t\t<\/div>\n\t\t\t\t<\/div>\n\t\t\t\t<div class=\"elementor-element elementor-element-5f5933a elementor-widget elementor-widget-spacer\" data-id=\"5f5933a\" data-element_type=\"widget\" data-e-type=\"widget\" data-widget_type=\"spacer.default\">\n\t\t\t\t<div class=\"elementor-widget-container\">\n\t\t\t\t\t\t\t<div class=\"elementor-spacer\">\n\t\t\t<div class=\"elementor-spacer-inner\"><\/div>\n\t\t<\/div>\n\t\t\t\t\t\t<\/div>\n\t\t\t\t<\/div>\n\t\t\t\t<div class=\"elementor-element elementor-element-92ed304 content-align-left icon-box-vertical-align-top icon-position-left icon-vertical-align-start elementor-widget elementor-widget-the7_icon_box_grid_widget\" data-id=\"92ed304\" data-element_type=\"widget\" data-e-type=\"widget\" data-widget_type=\"the7_icon_box_grid_widget.default\">\n\t\t\t\t<div class=\"elementor-widget-container\">\n\t\t\t\t\t<div class=\"the7-box-grid-wrapper the7-elementor-widget loading-effect-none the7_icon_box_grid_widget-92ed304\">\t\t\t<div class=\"dt-css-grid\">\n\t\t\t\t\t\t\t\t\t<div class=\"wf-cell shown\">\n\t\t\t\t\t\t<a class=\"the7-icon-box-grid box-hover\" target=\"_blank\" rel=\"nofollow\" aria-label=\"Number of participants\">\t\t\t\t\t\t\t<div class=\"box-content-wrapper\">\n\t\t\t\t\t\t\t\t\t\t\t\t\t\t\t\t\t<div class=\"elementor-icon-div\">\t\t\t\t\t\t\t\t\t\t<div class=\"elementor-icon\">\n\t\t\t\t\t\t\t\t\t\t\t<i aria-hidden=\"true\" class=\"fas fa-plus\"><\/i>\t\t\t\t\t\t\t\t\t\t<\/div>\n\t\t\t\t\t\t\t\t\t<\/div>\t\t\t\t\t\t\t\t\t\t\t\t\t\t\t\t<div class=\"box-content\">\n\t\t\t\t\t\t\t\t\t\t\t\t\t\t\t\t\t\t\t\t\t\t\t\t\t\t\t\t\t<h3 class=\"box-heading\">\n\t\t\t\t\t\t\t\t\t\t\t\t\t\t\t\t\t\t\t\t\t\t\tNumber of participants\t\t\t\t\t\t\t\t\t\t\t\t\t\t\t\t\t\t\t\t\t<\/h3>\n\t\t\t\t\t\t\t\t\t\t\t\t\t\t\t\t\t\t\t\t\t\t\t\t\t\t\t\t<div class=\"box-description\">27 young people between 15 and 16 years old and 17 young people between 17 and 18 years old<\/div>\n\t\t\t\t\t\t\t\t\t\t\t\t\t\t\t\t\t\t\t\t\t\t\t\t\t\t<\/div>\n\t\t\t\t\t\t\t<\/div>\n\t\t\t\t\t\t<\/a>\t\t\t\t\t<\/div>\n\t\t\t\t\t\t\t<\/div>\n\t\t<\/div>\t\t\t\t<\/div>\n\t\t\t\t<\/div>\n\t\t\t\t<div class=\"elementor-element elementor-element-3cb8897 elementor-widget-divider--view-line elementor-widget elementor-widget-divider\" data-id=\"3cb8897\" data-element_type=\"widget\" data-e-type=\"widget\" data-widget_type=\"divider.default\">\n\t\t\t\t<div class=\"elementor-widget-container\">\n\t\t\t\t\t\t\t<div class=\"elementor-divider\">\n\t\t\t<span class=\"elementor-divider-separator\">\n\t\t\t\t\t\t<\/span>\n\t\t<\/div>\n\t\t\t\t\t\t<\/div>\n\t\t\t\t<\/div>\n\t\t\t\t<div class=\"elementor-element elementor-element-b9359ce elementor-widget elementor-widget-spacer\" data-id=\"b9359ce\" data-element_type=\"widget\" data-e-type=\"widget\" data-widget_type=\"spacer.default\">\n\t\t\t\t<div class=\"elementor-widget-container\">\n\t\t\t\t\t\t\t<div class=\"elementor-spacer\">\n\t\t\t<div class=\"elementor-spacer-inner\"><\/div>\n\t\t<\/div>\n\t\t\t\t\t\t<\/div>\n\t\t\t\t<\/div>\n\t\t\t\t\t<\/div>\n\t\t<\/div>\n\t\t\t\t\t<\/div>\n\t\t<\/section>\n\t\t\t\t\t<\/div>\n\t\t<\/div>\n\t\t\t\t\t<\/div>\n\t\t<\/section>\n\t\t\t\t<section class=\"elementor-section elementor-top-section elementor-element elementor-element-4d55d06 elementor-section-stretched elementor-section-boxed elementor-section-height-default elementor-section-height-default\" data-id=\"4d55d06\" data-element_type=\"section\" data-e-type=\"section\" data-settings=\"{&quot;stretch_section&quot;:&quot;section-stretched&quot;,&quot;background_background&quot;:&quot;classic&quot;}\">\n\t\t\t\t\t\t<div class=\"elementor-container elementor-column-gap-default\">\n\t\t\t\t\t<div class=\"elementor-column elementor-col-100 elementor-top-column elementor-element elementor-element-bcfa1d8\" data-id=\"bcfa1d8\" data-element_type=\"column\" data-e-type=\"column\">\n\t\t\t<div class=\"elementor-widget-wrap elementor-element-populated\">\n\t\t\t\t\t\t<section class=\"elementor-section elementor-inner-section elementor-element elementor-element-bd95275 elementor-section-content-bottom elementor-section-boxed elementor-section-height-default elementor-section-height-default\" data-id=\"bd95275\" data-element_type=\"section\" data-e-type=\"section\">\n\t\t\t\t\t\t<div class=\"elementor-container elementor-column-gap-default\">\n\t\t\t\t\t<div class=\"elementor-column elementor-col-100 elementor-inner-column elementor-element elementor-element-dbf024a\" data-id=\"dbf024a\" data-element_type=\"column\" data-e-type=\"column\">\n\t\t\t<div class=\"elementor-widget-wrap elementor-element-populated\">\n\t\t\t\t\t\t<div class=\"elementor-element elementor-element-08c9b65 content-align-left icon-box-vertical-align-top icon-position-left icon-vertical-align-start elementor-widget elementor-widget-the7_icon_box_grid_widget\" data-id=\"08c9b65\" data-element_type=\"widget\" data-e-type=\"widget\" data-widget_type=\"the7_icon_box_grid_widget.default\">\n\t\t\t\t<div class=\"elementor-widget-container\">\n\t\t\t\t\t<div class=\"the7-box-grid-wrapper the7-elementor-widget loading-effect-none the7_icon_box_grid_widget-08c9b65\">\t\t\t<div class=\"dt-css-grid\">\n\t\t\t\t\t\t\t\t\t<div class=\"wf-cell shown\">\n\t\t\t\t\t\t<a class=\"the7-icon-box-grid box-hover\" target=\"_blank\" rel=\"nofollow\" aria-label=\"Explanation of the methodology: \">\t\t\t\t\t\t\t<div class=\"box-content-wrapper\">\n\t\t\t\t\t\t\t\t\t\t\t\t\t\t\t\t\t<div class=\"elementor-icon-div\">\t\t\t\t\t\t\t\t\t\t<div class=\"elementor-icon\">\n\t\t\t\t\t\t\t\t\t\t\t<i aria-hidden=\"true\" class=\"fas fa-plus\"><\/i>\t\t\t\t\t\t\t\t\t\t<\/div>\n\t\t\t\t\t\t\t\t\t<\/div>\t\t\t\t\t\t\t\t\t\t\t\t\t\t\t\t<div class=\"box-content\">\n\t\t\t\t\t\t\t\t\t\t\t\t\t\t\t\t\t\t\t\t\t\t\t\t\t\t\t\t\t<h3 class=\"box-heading\">\n\t\t\t\t\t\t\t\t\t\t\t\t\t\t\t\t\t\t\t\t\t\t\tExplanation of the methodology: \t\t\t\t\t\t\t\t\t\t\t\t\t\t\t\t\t\t\t\t\t<\/h3>\n\t\t\t\t\t\t\t\t\t\t\t\t\t\t\t\t\t\t\t\t\t\t\t\t\t\t\t\t\t\t\t\t\t\t\t<\/div>\n\t\t\t\t\t\t\t<\/div>\n\t\t\t\t\t\t<\/a>\t\t\t\t\t<\/div>\n\t\t\t\t\t\t\t<\/div>\n\t\t<\/div>\t\t\t\t<\/div>\n\t\t\t\t<\/div>\n\t\t\t\t\t<\/div>\n\t\t<\/div>\n\t\t\t\t\t<\/div>\n\t\t<\/section>\n\t\t\t\t<section class=\"elementor-section elementor-inner-section elementor-element elementor-element-127d480 elementor-section-boxed elementor-section-height-default elementor-section-height-default\" data-id=\"127d480\" data-element_type=\"section\" data-e-type=\"section\">\n\t\t\t\t\t\t<div class=\"elementor-container elementor-column-gap-default\">\n\t\t\t\t\t<div class=\"elementor-column elementor-col-50 elementor-inner-column elementor-element elementor-element-5cac7c5\" data-id=\"5cac7c5\" data-element_type=\"column\" data-e-type=\"column\">\n\t\t\t<div class=\"elementor-widget-wrap elementor-element-populated\">\n\t\t\t\t\t\t<div class=\"elementor-element elementor-element-28528e0 elementor-widget elementor-widget-text-editor\" data-id=\"28528e0\" data-element_type=\"widget\" data-e-type=\"widget\" data-widget_type=\"text-editor.default\">\n\t\t\t\t<div class=\"elementor-widget-container\">\n\t\t\t\t\t\t\t\t\t<p>In April 2023, the Maison d\u2019Izieu appealed to two local secondary schools of the Auvergne-Rh\u00f4ne-Alpes region in order to contribute to the Wall against oblivion, which they accepted gladly.<\/p>\n<p>On September 14 2023, a few days after the start of the school year, the Maison d\u2019Izieu team welcomed them. During this sunny day, the pupils, their teachers and the artists working with them followed a guided tour of the house (the former Children\u2019s Home) and the parts in the museum dedicated to the historical context and international justice.<\/p>\n<p>In the afternoon, the two classes had different activities. The director of the Maison d\u2019Izieu, Mr Dominique Vidaud, gave a lecture to the pupils of the artistic audacity class of the Lyc\u00e9e du Bugey about the history of the Ch\u00e2teau de Grammont. The latter is located 30 kilometers from Izieu in a village called Ceyz\u00e9rieu, in the French department of Ain. Finally, supervised by the artist Roman Kroke, the pupils of the \u00ab Vehicle maintenance \u00bb course of the Lyc\u00e9e Fran\u00e7ois Cevert collected all kinds of materials in order to create their project.<\/p>\n\t\t\t\t\t\t\t\t<\/div>\n\t\t\t\t<\/div>\n\t\t\t\t\t<\/div>\n\t\t<\/div>\n\t\t\t\t<div class=\"elementor-column elementor-col-50 elementor-inner-column elementor-element elementor-element-cc425f8\" data-id=\"cc425f8\" data-element_type=\"column\" data-e-type=\"column\">\n\t\t\t<div class=\"elementor-widget-wrap elementor-element-populated\">\n\t\t\t\t\t\t<div class=\"elementor-element elementor-element-7e3f90d elementor-widget elementor-widget-text-editor\" data-id=\"7e3f90d\" data-element_type=\"widget\" data-e-type=\"widget\" data-widget_type=\"text-editor.default\">\n\t\t\t\t<div class=\"elementor-widget-container\">\n\t\t\t\t\t\t\t\t\t<p>This day represented for all the official launch of the collective Wall against oblivion\u2019s creation.<\/p>\n<p>In the next three months, from September 15 to December 19, the two classes worked on their artistic project in their respective schools, while the Maison d\u2019Izieu remained at their constant disposal for any question, precision and to follow step by step the work in progress.<\/p>\n<p>On December 19, the teachers and artists sent us their final project:<\/p>\n<ul>\n<li>A photographic report about the ch\u00e2teau de Grammont which sheltered children from Spanish republican families and Jewish families during the Second World War.<\/li>\n<li>Memorial objects connecting the history of the children of Izieu to the pupils\u2019 one of the \u00ab Vehicle Maintenance \u00bb course of the Lyc\u00e9e Fran\u00e7ois Cevert.<\/li>\n<\/ul>\n<p>On the eve of Christmas holidays, the models were sent to the printer in order to discover them full-size on the opening day.<\/p>\n\t\t\t\t\t\t\t\t<\/div>\n\t\t\t\t<\/div>\n\t\t\t\t\t<\/div>\n\t\t<\/div>\n\t\t\t\t\t<\/div>\n\t\t<\/section>\n\t\t\t\t<section class=\"elementor-section elementor-inner-section elementor-element elementor-element-0ba6e94 elementor-section-content-bottom elementor-section-boxed elementor-section-height-default elementor-section-height-default\" data-id=\"0ba6e94\" data-element_type=\"section\" data-e-type=\"section\">\n\t\t\t\t\t\t<div class=\"elementor-container elementor-column-gap-default\">\n\t\t\t\t\t<div class=\"elementor-column elementor-col-100 elementor-inner-column elementor-element elementor-element-c4f8156\" data-id=\"c4f8156\" data-element_type=\"column\" data-e-type=\"column\">\n\t\t\t<div class=\"elementor-widget-wrap elementor-element-populated\">\n\t\t\t\t\t\t<div class=\"elementor-element elementor-element-93d271d elementor-widget-divider--view-line elementor-widget elementor-widget-divider\" data-id=\"93d271d\" data-element_type=\"widget\" data-e-type=\"widget\" data-widget_type=\"divider.default\">\n\t\t\t\t<div class=\"elementor-widget-container\">\n\t\t\t\t\t\t\t<div class=\"elementor-divider\">\n\t\t\t<span class=\"elementor-divider-separator\">\n\t\t\t\t\t\t<\/span>\n\t\t<\/div>\n\t\t\t\t\t\t<\/div>\n\t\t\t\t<\/div>\n\t\t\t\t\t<\/div>\n\t\t<\/div>\n\t\t\t\t\t<\/div>\n\t\t<\/section>\n\t\t\t\t<section class=\"elementor-section elementor-inner-section elementor-element elementor-element-81849ec elementor-section-content-bottom elementor-section-boxed elementor-section-height-default elementor-section-height-default\" data-id=\"81849ec\" data-element_type=\"section\" data-e-type=\"section\">\n\t\t\t\t\t\t<div class=\"elementor-container elementor-column-gap-default\">\n\t\t\t\t\t<div class=\"elementor-column elementor-col-100 elementor-inner-column elementor-element elementor-element-6b682d7\" data-id=\"6b682d7\" data-element_type=\"column\" data-e-type=\"column\">\n\t\t\t<div class=\"elementor-widget-wrap elementor-element-populated\">\n\t\t\t\t\t\t<div class=\"elementor-element elementor-element-5d87c10 content-align-left icon-box-vertical-align-top icon-position-left icon-vertical-align-start elementor-widget elementor-widget-the7_icon_box_grid_widget\" data-id=\"5d87c10\" data-element_type=\"widget\" data-e-type=\"widget\" data-widget_type=\"the7_icon_box_grid_widget.default\">\n\t\t\t\t<div class=\"elementor-widget-container\">\n\t\t\t\t\t<div class=\"the7-box-grid-wrapper the7-elementor-widget loading-effect-none the7_icon_box_grid_widget-5d87c10\">\t\t\t<div class=\"dt-css-grid\">\n\t\t\t\t\t\t\t\t\t<div class=\"wf-cell shown\">\n\t\t\t\t\t\t<a class=\"the7-icon-box-grid box-hover\" target=\"_blank\" rel=\"nofollow\" aria-label=\"Photographs and videos\">\t\t\t\t\t\t\t<div class=\"box-content-wrapper\">\n\t\t\t\t\t\t\t\t\t\t\t\t\t\t\t\t\t<div class=\"elementor-icon-div\">\t\t\t\t\t\t\t\t\t\t<div class=\"elementor-icon\">\n\t\t\t\t\t\t\t\t\t\t\t<i aria-hidden=\"true\" class=\"fas fa-plus\"><\/i>\t\t\t\t\t\t\t\t\t\t<\/div>\n\t\t\t\t\t\t\t\t\t<\/div>\t\t\t\t\t\t\t\t\t\t\t\t\t\t\t\t<div class=\"box-content\">\n\t\t\t\t\t\t\t\t\t\t\t\t\t\t\t\t\t\t\t\t\t\t\t\t\t\t\t\t\t<h3 class=\"box-heading\">\n\t\t\t\t\t\t\t\t\t\t\t\t\t\t\t\t\t\t\t\t\t\t\tPhotographs and videos\t\t\t\t\t\t\t\t\t\t\t\t\t\t\t\t\t\t\t\t\t<\/h3>\n\t\t\t\t\t\t\t\t\t\t\t\t\t\t\t\t\t\t\t\t\t\t\t\t\t\t\t\t\t\t\t\t\t\t\t<\/div>\n\t\t\t\t\t\t\t<\/div>\n\t\t\t\t\t\t<\/a>\t\t\t\t\t<\/div>\n\t\t\t\t\t\t\t<\/div>\n\t\t<\/div>\t\t\t\t<\/div>\n\t\t\t\t<\/div>\n\t\t\t\t\t<\/div>\n\t\t<\/div>\n\t\t\t\t\t<\/div>\n\t\t<\/section>\n\t\t\t\t<section class=\"elementor-section elementor-inner-section elementor-element elementor-element-205c684 elementor-section-content-bottom elementor-section-boxed elementor-section-height-default elementor-section-height-default\" data-id=\"205c684\" data-element_type=\"section\" data-e-type=\"section\">\n\t\t\t\t\t\t<div class=\"elementor-container elementor-column-gap-default\">\n\t\t\t\t\t<div class=\"elementor-column elementor-col-100 elementor-inner-column elementor-element elementor-element-3a8dc1d\" data-id=\"3a8dc1d\" data-element_type=\"column\" data-e-type=\"column\">\n\t\t\t<div class=\"elementor-widget-wrap elementor-element-populated\">\n\t\t\t\t\t\t<div class=\"elementor-element elementor-element-6f5c711 elementor-widget elementor-widget-video\" data-id=\"6f5c711\" data-element_type=\"widget\" data-e-type=\"widget\" data-settings=\"{&quot;youtube_url&quot;:&quot;https:\\\/\\\/www.youtube.com\\\/watch?v=Cq1ELsQeDvE&quot;,&quot;lazy_load&quot;:&quot;yes&quot;,&quot;video_type&quot;:&quot;youtube&quot;,&quot;controls&quot;:&quot;yes&quot;}\" data-widget_type=\"video.default\">\n\t\t\t\t<div class=\"elementor-widget-container\">\n\t\t\t\t\t\t\t<div class=\"elementor-wrapper elementor-open-inline\">\n\t\t\t<div class=\"elementor-video\"><\/div>\t\t<\/div>\n\t\t\t\t\t\t<\/div>\n\t\t\t\t<\/div>\n\t\t\t\t\t<\/div>\n\t\t<\/div>\n\t\t\t\t\t<\/div>\n\t\t<\/section>\n\t\t\t\t<section class=\"elementor-section elementor-inner-section elementor-element elementor-element-3c7d69b elementor-section-content-bottom elementor-section-boxed elementor-section-height-default elementor-section-height-default\" data-id=\"3c7d69b\" data-element_type=\"section\" data-e-type=\"section\">\n\t\t\t\t\t\t<div class=\"elementor-container elementor-column-gap-default\">\n\t\t\t\t\t<div class=\"elementor-column elementor-col-100 elementor-inner-column elementor-element elementor-element-a72f39a\" data-id=\"a72f39a\" data-element_type=\"column\" data-e-type=\"column\">\n\t\t\t<div class=\"elementor-widget-wrap elementor-element-populated\">\n\t\t\t\t\t\t<div class=\"elementor-element elementor-element-86232b6 content-align-left icon-box-vertical-align-top icon-position-left icon-vertical-align-start elementor-widget elementor-widget-the7_icon_box_grid_widget\" data-id=\"86232b6\" data-element_type=\"widget\" data-e-type=\"widget\" data-widget_type=\"the7_icon_box_grid_widget.default\">\n\t\t\t\t<div class=\"elementor-widget-container\">\n\t\t\t\t\t<div class=\"the7-box-grid-wrapper the7-elementor-widget loading-effect-none the7_icon_box_grid_widget-86232b6\">\t\t\t<div class=\"dt-css-grid\">\n\t\t\t\t\t\t\t\t\t<div class=\"wf-cell shown\">\n\t\t\t\t\t\t<a class=\"the7-icon-box-grid box-hover\" target=\"_blank\" rel=\"nofollow\" aria-label=\"September 14, 2023 \">\t\t\t\t\t\t\t<div class=\"box-content-wrapper\">\n\t\t\t\t\t\t\t\t\t\t\t\t\t\t\t\t\t<div class=\"elementor-icon-div\">\t\t\t\t\t\t\t\t\t\t<div class=\"elementor-icon\">\n\t\t\t\t\t\t\t\t\t\t\t<i aria-hidden=\"true\" class=\"fas fa-plus\"><\/i>\t\t\t\t\t\t\t\t\t\t<\/div>\n\t\t\t\t\t\t\t\t\t<\/div>\t\t\t\t\t\t\t\t\t\t\t\t\t\t\t\t<div class=\"box-content\">\n\t\t\t\t\t\t\t\t\t\t\t\t\t\t\t\t\t\t\t\t\t\t\t\t\t\t\t\t\t<h3 class=\"box-heading\">\n\t\t\t\t\t\t\t\t\t\t\t\t\t\t\t\t\t\t\t\t\t\t\tSeptember 14, 2023 \t\t\t\t\t\t\t\t\t\t\t\t\t\t\t\t\t\t\t\t\t<\/h3>\n\t\t\t\t\t\t\t\t\t\t\t\t\t\t\t\t\t\t\t\t\t\t\t\t\t\t\t\t<div class=\"box-description\">Photos taken the day of the official launch of the Rememchild project at Izieu, September 14 2023<\/div>\n\t\t\t\t\t\t\t\t\t\t\t\t\t\t\t\t\t\t\t\t\t\t\t\t\t\t<\/div>\n\t\t\t\t\t\t\t<\/div>\n\t\t\t\t\t\t<\/a>\t\t\t\t\t<\/div>\n\t\t\t\t\t\t\t<\/div>\n\t\t<\/div>\t\t\t\t<\/div>\n\t\t\t\t<\/div>\n\t\t\t\t<div class=\"elementor-element elementor-element-4b79510 elementor-widget elementor-widget-gallery\" data-id=\"4b79510\" data-element_type=\"widget\" data-e-type=\"widget\" data-settings=\"{&quot;columns&quot;:6,&quot;columns_tablet&quot;:4,&quot;columns_mobile&quot;:2,&quot;lazyload&quot;:&quot;yes&quot;,&quot;gallery_layout&quot;:&quot;grid&quot;,&quot;gap&quot;:{&quot;unit&quot;:&quot;px&quot;,&quot;size&quot;:10,&quot;sizes&quot;:[]},&quot;gap_tablet&quot;:{&quot;unit&quot;:&quot;px&quot;,&quot;size&quot;:10,&quot;sizes&quot;:[]},&quot;gap_mobile&quot;:{&quot;unit&quot;:&quot;px&quot;,&quot;size&quot;:10,&quot;sizes&quot;:[]},&quot;link_to&quot;:&quot;file&quot;,&quot;aspect_ratio&quot;:&quot;3:2&quot;,&quot;overlay_background&quot;:&quot;yes&quot;,&quot;content_hover_animation&quot;:&quot;fade-in&quot;}\" data-widget_type=\"gallery.default\">\n\t\t\t\t<div class=\"elementor-widget-container\">\n\t\t\t\t\t\t\t<div class=\"elementor-gallery__container\">\n\t\t\t\t\t\t\t<a class=\"e-gallery-item elementor-gallery-item elementor-animated-content\" href=\"https:\/\/rememchild.remigraid.org\/wp-content\/uploads\/2024\/03\/14-septembre-2023-01.jpg\" data-elementor-open-lightbox=\"yes\" data-elementor-lightbox-slideshow=\"4b79510\" data-elementor-lightbox-title=\"Photo gathering the three classes participating to the project before their activities, in front of the museum \/ Foto reuniendo a las tres clases participantes en el proyecto antes de sus actividades, delante del museo\" data-e-action-hash=\"#elementor-action%3Aaction%3Dlightbox%26settings%3DeyJpZCI6NDg3NywidXJsIjoiaHR0cHM6XC9cL3JlbWVtY2hpbGQucmVtaWdyYWlkLm9yZ1wvd3AtY29udGVudFwvdXBsb2Fkc1wvMjAyNFwvMDNcLzE0LXNlcHRlbWJyZS0yMDIzLTAxLmpwZyIsInNsaWRlc2hvdyI6IjRiNzk1MTAifQ%3D%3D\">\n\t\t\t\t\t<div class=\"e-gallery-image elementor-gallery-item__image\" data-thumbnail=\"https:\/\/rememchild.remigraid.org\/wp-content\/uploads\/2024\/03\/14-septembre-2023-01-768x282.jpg\" data-width=\"768\" data-height=\"282\" aria-label=\"Photo gathering the three classes participating to the project before their activities, in front of the museum \/ Foto reuniendo a las tres clases participantes en el proyecto antes de sus actividades, delante del museo\" role=\"img\" ><\/div>\n\t\t\t\t\t\t\t\t\t\t\t<div class=\"elementor-gallery-item__overlay\"><\/div>\n\t\t\t\t\t\t\t\t\t\t\t\t\t\t<\/a>\n\t\t\t\t\t\t\t<a class=\"e-gallery-item elementor-gallery-item elementor-animated-content\" href=\"https:\/\/rememchild.remigraid.org\/wp-content\/uploads\/2024\/03\/14-septembre-2023-02.jpg\" data-elementor-open-lightbox=\"yes\" data-elementor-lightbox-slideshow=\"4b79510\" data-elementor-lightbox-title=\"Photos taken the day of the official launch of the Rememchild project at Izieu, September 14 2023 \/ Fotos tomadas el d\u00eda del lanzamiento oficial del proyecto Rememchild en Izieu, 14 de septiembre de 2023\" data-e-action-hash=\"#elementor-action%3Aaction%3Dlightbox%26settings%3DeyJpZCI6NDg3OSwidXJsIjoiaHR0cHM6XC9cL3JlbWVtY2hpbGQucmVtaWdyYWlkLm9yZ1wvd3AtY29udGVudFwvdXBsb2Fkc1wvMjAyNFwvMDNcLzE0LXNlcHRlbWJyZS0yMDIzLTAyLmpwZyIsInNsaWRlc2hvdyI6IjRiNzk1MTAifQ%3D%3D\">\n\t\t\t\t\t<div class=\"e-gallery-image elementor-gallery-item__image\" data-thumbnail=\"https:\/\/rememchild.remigraid.org\/wp-content\/uploads\/2024\/03\/14-septembre-2023-02-768x512.jpg\" data-width=\"768\" data-height=\"512\" aria-label=\"Photos taken the day of the official launch of the Rememchild project at Izieu, September 14 2023 \/ Fotos tomadas el d\u00eda del lanzamiento oficial del proyecto Rememchild en Izieu, 14 de septiembre de 2023\" role=\"img\" ><\/div>\n\t\t\t\t\t\t\t\t\t\t\t<div class=\"elementor-gallery-item__overlay\"><\/div>\n\t\t\t\t\t\t\t\t\t\t\t\t\t\t<\/a>\n\t\t\t\t\t\t\t<a class=\"e-gallery-item elementor-gallery-item elementor-animated-content\" href=\"https:\/\/rememchild.remigraid.org\/wp-content\/uploads\/2024\/03\/14-septembre-2023-03.jpg\" data-elementor-open-lightbox=\"yes\" data-elementor-lightbox-slideshow=\"4b79510\" data-elementor-lightbox-title=\"The pupils of the \u00ab artistic audacity class \u00bb (Lyc\u00e9e du Bugey) listening to what happened on April 6 1944 \/ Los alumnos de la &quot;clase de audacia art\u00edstica&quot; (Lyc\u00e9e du Bugey) escuchando lo que ocurri\u00f3 el 6 de abril de 1944\" data-e-action-hash=\"#elementor-action%3Aaction%3Dlightbox%26settings%3DeyJpZCI6NDg4MSwidXJsIjoiaHR0cHM6XC9cL3JlbWVtY2hpbGQucmVtaWdyYWlkLm9yZ1wvd3AtY29udGVudFwvdXBsb2Fkc1wvMjAyNFwvMDNcLzE0LXNlcHRlbWJyZS0yMDIzLTAzLmpwZyIsInNsaWRlc2hvdyI6IjRiNzk1MTAifQ%3D%3D\">\n\t\t\t\t\t<div class=\"e-gallery-image elementor-gallery-item__image\" data-thumbnail=\"https:\/\/rememchild.remigraid.org\/wp-content\/uploads\/2024\/03\/14-septembre-2023-03-768x512.jpg\" data-width=\"768\" data-height=\"512\" aria-label=\"The pupils of the \u00ab artistic audacity class \u00bb (Lyc\u00e9e du Bugey) listening to what happened on April 6 1944 \/ Los alumnos de la &quot;clase de audacia art\u00edstica&quot; (Lyc\u00e9e du Bugey) escuchando lo que ocurri\u00f3 el 6 de abril de 1944\" role=\"img\" ><\/div>\n\t\t\t\t\t\t\t\t\t\t\t<div class=\"elementor-gallery-item__overlay\"><\/div>\n\t\t\t\t\t\t\t\t\t\t\t\t\t\t<\/a>\n\t\t\t\t\t\t\t<a class=\"e-gallery-item elementor-gallery-item elementor-animated-content\" href=\"https:\/\/rememchild.remigraid.org\/wp-content\/uploads\/2024\/03\/14-septembre-2023-04.jpg\" data-elementor-open-lightbox=\"yes\" data-elementor-lightbox-slideshow=\"4b79510\" data-elementor-lightbox-title=\"Pupils of the \u00ab Vehicle maintenance \u00bb course (Lyc\u00e9e Fran\u00e7ois Cevert) in the house\u2019s former refectory, looking at the children of Izieu\u2019s letters and drawings \/ Alumnos del curso &quot; Mantenimiento de veh\u00edculos &quot; (Liceo Fran\u00e7ois Cevert) en el antiguo refectorio de la casa, observando las cartas y dibujos de los ni\u00f1os de Izieu.\" data-e-action-hash=\"#elementor-action%3Aaction%3Dlightbox%26settings%3DeyJpZCI6NDg4MywidXJsIjoiaHR0cHM6XC9cL3JlbWVtY2hpbGQucmVtaWdyYWlkLm9yZ1wvd3AtY29udGVudFwvdXBsb2Fkc1wvMjAyNFwvMDNcLzE0LXNlcHRlbWJyZS0yMDIzLTA0LmpwZyIsInNsaWRlc2hvdyI6IjRiNzk1MTAifQ%3D%3D\">\n\t\t\t\t\t<div class=\"e-gallery-image elementor-gallery-item__image\" data-thumbnail=\"https:\/\/rememchild.remigraid.org\/wp-content\/uploads\/2024\/03\/14-septembre-2023-04-768x576.jpg\" data-width=\"768\" data-height=\"576\" aria-label=\"Pupils of the \u00ab Vehicle maintenance \u00bb course (Lyc\u00e9e Fran\u00e7ois Cevert) in the house\u2019s former refectory, looking at the children of Izieu\u2019s letters and drawings \/ Alumnos del curso &quot; Mantenimiento de veh\u00edculos &quot; (Liceo Fran\u00e7ois Cevert) en el antiguo refectorio de la casa, observando las cartas y dibujos de los ni\u00f1os de Izieu.\" role=\"img\" ><\/div>\n\t\t\t\t\t\t\t\t\t\t\t<div class=\"elementor-gallery-item__overlay\"><\/div>\n\t\t\t\t\t\t\t\t\t\t\t\t\t\t<\/a>\n\t\t\t\t\t\t\t<a class=\"e-gallery-item elementor-gallery-item elementor-animated-content\" href=\"https:\/\/rememchild.remigraid.org\/wp-content\/uploads\/2024\/03\/14-septembre-2023-05.jpg\" data-elementor-open-lightbox=\"yes\" data-elementor-lightbox-slideshow=\"4b79510\" data-elementor-lightbox-title=\"Photos taken the day of the official launch of the Rememchild project at Izieu, September 14 2023 \/ Fotos tomadas el d\u00eda del lanzamiento oficial del proyecto Rememchild en Izieu, 14 de septiembre de 2023\" data-e-action-hash=\"#elementor-action%3Aaction%3Dlightbox%26settings%3DeyJpZCI6NDg3NSwidXJsIjoiaHR0cHM6XC9cL3JlbWVtY2hpbGQucmVtaWdyYWlkLm9yZ1wvd3AtY29udGVudFwvdXBsb2Fkc1wvMjAyNFwvMDNcLzE0LXNlcHRlbWJyZS0yMDIzLTA1LmpwZyIsInNsaWRlc2hvdyI6IjRiNzk1MTAifQ%3D%3D\">\n\t\t\t\t\t<div class=\"e-gallery-image elementor-gallery-item__image\" data-thumbnail=\"https:\/\/rememchild.remigraid.org\/wp-content\/uploads\/2024\/03\/14-septembre-2023-05-768x576.jpg\" data-width=\"768\" data-height=\"576\" aria-label=\"Photos taken the day of the official launch of the Rememchild project at Izieu, September 14 2023 \/ Fotos tomadas el d\u00eda del lanzamiento oficial del proyecto Rememchild en Izieu, 14 de septiembre de 2023\" role=\"img\" ><\/div>\n\t\t\t\t\t\t\t\t\t\t\t<div class=\"elementor-gallery-item__overlay\"><\/div>\n\t\t\t\t\t\t\t\t\t\t\t\t\t\t<\/a>\n\t\t\t\t\t<\/div>\n\t\t\t\t\t<\/div>\n\t\t\t\t<\/div>\n\t\t\t\t\t<\/div>\n\t\t<\/div>\n\t\t\t\t\t<\/div>\n\t\t<\/section>\n\t\t\t\t<section class=\"elementor-section elementor-inner-section elementor-element elementor-element-6e309c7 elementor-section-content-bottom elementor-section-boxed elementor-section-height-default elementor-section-height-default\" data-id=\"6e309c7\" data-element_type=\"section\" data-e-type=\"section\">\n\t\t\t\t\t\t<div class=\"elementor-container elementor-column-gap-default\">\n\t\t\t\t\t<div class=\"elementor-column elementor-col-100 elementor-inner-column elementor-element elementor-element-de98197\" data-id=\"de98197\" data-element_type=\"column\" data-e-type=\"column\">\n\t\t\t<div class=\"elementor-widget-wrap elementor-element-populated\">\n\t\t\t\t\t\t<div class=\"elementor-element elementor-element-b16f0cd content-align-left icon-box-vertical-align-top icon-position-left icon-vertical-align-start elementor-widget elementor-widget-the7_icon_box_grid_widget\" data-id=\"b16f0cd\" data-element_type=\"widget\" data-e-type=\"widget\" data-widget_type=\"the7_icon_box_grid_widget.default\">\n\t\t\t\t<div class=\"elementor-widget-container\">\n\t\t\t\t\t<div class=\"the7-box-grid-wrapper the7-elementor-widget loading-effect-none the7_icon_box_grid_widget-b16f0cd\">\t\t\t<div class=\"dt-css-grid\">\n\t\t\t\t\t\t\t\t\t<div class=\"wf-cell shown\">\n\t\t\t\t\t\t<a class=\"the7-icon-box-grid box-hover\" target=\"_blank\" rel=\"nofollow\" aria-label=\"C\u00e9line Faug\u00e8re\">\t\t\t\t\t\t\t<div class=\"box-content-wrapper\">\n\t\t\t\t\t\t\t\t\t\t\t\t\t\t\t\t\t<div class=\"elementor-icon-div\">\t\t\t\t\t\t\t\t\t\t<div class=\"elementor-icon\">\n\t\t\t\t\t\t\t\t\t\t\t<i aria-hidden=\"true\" class=\"fas fa-plus\"><\/i>\t\t\t\t\t\t\t\t\t\t<\/div>\n\t\t\t\t\t\t\t\t\t<\/div>\t\t\t\t\t\t\t\t\t\t\t\t\t\t\t\t<div class=\"box-content\">\n\t\t\t\t\t\t\t\t\t\t\t\t\t\t\t\t\t\t\t\t\t\t\t\t\t\t\t\t\t<h3 class=\"box-heading\">\n\t\t\t\t\t\t\t\t\t\t\t\t\t\t\t\t\t\t\t\t\t\t\tC\u00e9line Faug\u00e8re\t\t\t\t\t\t\t\t\t\t\t\t\t\t\t\t\t\t\t\t\t<\/h3>\n\t\t\t\t\t\t\t\t\t\t\t\t\t\t\t\t\t\t\t\t\t\t\t\t\t\t\t\t\t\t\t\t\t\t\t<\/div>\n\t\t\t\t\t\t\t<\/div>\n\t\t\t\t\t\t<\/a>\t\t\t\t\t<\/div>\n\t\t\t\t\t\t\t<\/div>\n\t\t<\/div>\t\t\t\t<\/div>\n\t\t\t\t<\/div>\n\t\t\t\t<div class=\"elementor-element elementor-element-19d3768 elementor-widget elementor-widget-gallery\" data-id=\"19d3768\" data-element_type=\"widget\" data-e-type=\"widget\" data-settings=\"{&quot;columns&quot;:6,&quot;columns_tablet&quot;:4,&quot;columns_mobile&quot;:2,&quot;lazyload&quot;:&quot;yes&quot;,&quot;gallery_layout&quot;:&quot;grid&quot;,&quot;gap&quot;:{&quot;unit&quot;:&quot;px&quot;,&quot;size&quot;:10,&quot;sizes&quot;:[]},&quot;gap_tablet&quot;:{&quot;unit&quot;:&quot;px&quot;,&quot;size&quot;:10,&quot;sizes&quot;:[]},&quot;gap_mobile&quot;:{&quot;unit&quot;:&quot;px&quot;,&quot;size&quot;:10,&quot;sizes&quot;:[]},&quot;link_to&quot;:&quot;file&quot;,&quot;aspect_ratio&quot;:&quot;3:2&quot;,&quot;overlay_background&quot;:&quot;yes&quot;,&quot;content_hover_animation&quot;:&quot;fade-in&quot;}\" data-widget_type=\"gallery.default\">\n\t\t\t\t<div class=\"elementor-widget-container\">\n\t\t\t\t\t\t\t<div class=\"elementor-gallery__container\">\n\t\t\t\t\t\t\t<a class=\"e-gallery-item elementor-gallery-item elementor-animated-content\" href=\"https:\/\/rememchild.remigraid.org\/wp-content\/uploads\/2024\/03\/celine-faugere-01.jpg\" data-elementor-open-lightbox=\"yes\" data-elementor-lightbox-slideshow=\"19d3768\" data-elementor-lightbox-title=\"Roman Kroke (interdisciplinary artist) during a workshop with pupils of the \u00ab Vehicle maintenance \u00bb course \/   Roman Kroke (artista interdisciplinar) durante un taller con alumnos del curso &quot;Mantenimiento de veh\u00edculos    \u00a9Maison d\u2019Izieu\" data-e-action-hash=\"#elementor-action%3Aaction%3Dlightbox%26settings%3DeyJpZCI6NDg4NSwidXJsIjoiaHR0cHM6XC9cL3JlbWVtY2hpbGQucmVtaWdyYWlkLm9yZ1wvd3AtY29udGVudFwvdXBsb2Fkc1wvMjAyNFwvMDNcL2NlbGluZS1mYXVnZXJlLTAxLmpwZyIsInNsaWRlc2hvdyI6IjE5ZDM3NjgifQ%3D%3D\">\n\t\t\t\t\t<div class=\"e-gallery-image elementor-gallery-item__image\" data-thumbnail=\"https:\/\/rememchild.remigraid.org\/wp-content\/uploads\/2024\/03\/celine-faugere-01.jpg\" data-width=\"768\" data-height=\"1024\" aria-label=\"Roman Kroke (interdisciplinary artist) during a workshop with pupils of the \u00ab Vehicle maintenance \u00bb course \/ Roman Kroke (artista interdisciplinar) durante un taller con alumnos del curso &quot;Mantenimiento de veh\u00edculos \u00a9Maison d\u2019Izieu\" role=\"img\" ><\/div>\n\t\t\t\t\t\t\t\t\t\t\t<div class=\"elementor-gallery-item__overlay\"><\/div>\n\t\t\t\t\t\t\t\t\t\t\t\t\t\t<\/a>\n\t\t\t\t\t\t\t<a class=\"e-gallery-item elementor-gallery-item elementor-animated-content\" href=\"https:\/\/rememchild.remigraid.org\/wp-content\/uploads\/2024\/03\/celine-faugere-02.jpg\" data-elementor-open-lightbox=\"yes\" data-elementor-lightbox-slideshow=\"19d3768\" data-elementor-lightbox-title=\"Roman Kroke (interdisciplinary artist) during a workshop with pupils of the \u00ab Vehicle maintenance \u00bb course \/   Roman Kroke (artista interdisciplinar) durante un taller con alumnos del curso &quot;Mantenimiento de veh\u00edculos    \u00a9Maison d\u2019Izieu\" data-e-action-hash=\"#elementor-action%3Aaction%3Dlightbox%26settings%3DeyJpZCI6NDg4NywidXJsIjoiaHR0cHM6XC9cL3JlbWVtY2hpbGQucmVtaWdyYWlkLm9yZ1wvd3AtY29udGVudFwvdXBsb2Fkc1wvMjAyNFwvMDNcL2NlbGluZS1mYXVnZXJlLTAyLmpwZyIsInNsaWRlc2hvdyI6IjE5ZDM3NjgifQ%3D%3D\">\n\t\t\t\t\t<div class=\"e-gallery-image elementor-gallery-item__image\" data-thumbnail=\"https:\/\/rememchild.remigraid.org\/wp-content\/uploads\/2024\/03\/celine-faugere-02-768x576.jpg\" data-width=\"768\" data-height=\"576\" aria-label=\"Roman Kroke (interdisciplinary artist) during a workshop with pupils of the \u00ab Vehicle maintenance \u00bb course \/ Roman Kroke (artista interdisciplinar) durante un taller con alumnos del curso &quot;Mantenimiento de veh\u00edculos \u00a9Maison d\u2019Izieu\" role=\"img\" ><\/div>\n\t\t\t\t\t\t\t\t\t\t\t<div class=\"elementor-gallery-item__overlay\"><\/div>\n\t\t\t\t\t\t\t\t\t\t\t\t\t\t<\/a>\n\t\t\t\t\t\t\t<a class=\"e-gallery-item elementor-gallery-item elementor-animated-content\" href=\"https:\/\/rememchild.remigraid.org\/wp-content\/uploads\/2024\/03\/celine-faugere-03.jpg\" data-elementor-open-lightbox=\"yes\" data-elementor-lightbox-slideshow=\"19d3768\" data-elementor-lightbox-title=\"Roman Kroke (interdisciplinary artist) during a workshop with pupils of the \u00ab Vehicle maintenance \u00bb course \/   Roman Kroke (artista interdisciplinar) durante un taller con alumnos del curso &quot;Mantenimiento de veh\u00edculos    \u00a9Maison d\u2019Izieu\" data-e-action-hash=\"#elementor-action%3Aaction%3Dlightbox%26settings%3DeyJpZCI6NDg4OSwidXJsIjoiaHR0cHM6XC9cL3JlbWVtY2hpbGQucmVtaWdyYWlkLm9yZ1wvd3AtY29udGVudFwvdXBsb2Fkc1wvMjAyNFwvMDNcL2NlbGluZS1mYXVnZXJlLTAzLmpwZyIsInNsaWRlc2hvdyI6IjE5ZDM3NjgifQ%3D%3D\">\n\t\t\t\t\t<div class=\"e-gallery-image elementor-gallery-item__image\" data-thumbnail=\"https:\/\/rememchild.remigraid.org\/wp-content\/uploads\/2024\/03\/celine-faugere-03-768x576.jpg\" data-width=\"768\" data-height=\"576\" aria-label=\"Roman Kroke (interdisciplinary artist) during a workshop with pupils of the \u00ab Vehicle maintenance \u00bb course \/ Roman Kroke (artista interdisciplinar) durante un taller con alumnos del curso &quot;Mantenimiento de veh\u00edculos \u00a9Maison d\u2019Izieu\" role=\"img\" ><\/div>\n\t\t\t\t\t\t\t\t\t\t\t<div class=\"elementor-gallery-item__overlay\"><\/div>\n\t\t\t\t\t\t\t\t\t\t\t\t\t\t<\/a>\n\t\t\t\t\t<\/div>\n\t\t\t\t\t<\/div>\n\t\t\t\t<\/div>\n\t\t\t\t\t<\/div>\n\t\t<\/div>\n\t\t\t\t\t<\/div>\n\t\t<\/section>\n\t\t\t\t<section class=\"elementor-section elementor-inner-section elementor-element elementor-element-b925973 elementor-section-content-bottom elementor-section-boxed elementor-section-height-default elementor-section-height-default\" data-id=\"b925973\" data-element_type=\"section\" data-e-type=\"section\">\n\t\t\t\t\t\t<div class=\"elementor-container elementor-column-gap-default\">\n\t\t\t\t\t<div class=\"elementor-column elementor-col-100 elementor-inner-column elementor-element elementor-element-0877d2c\" data-id=\"0877d2c\" data-element_type=\"column\" data-e-type=\"column\">\n\t\t\t<div class=\"elementor-widget-wrap elementor-element-populated\">\n\t\t\t\t\t\t<div class=\"elementor-element elementor-element-b042519 content-align-left icon-box-vertical-align-top icon-position-left icon-vertical-align-start elementor-widget elementor-widget-the7_icon_box_grid_widget\" data-id=\"b042519\" data-element_type=\"widget\" data-e-type=\"widget\" data-widget_type=\"the7_icon_box_grid_widget.default\">\n\t\t\t\t<div class=\"elementor-widget-container\">\n\t\t\t\t\t<div class=\"the7-box-grid-wrapper the7-elementor-widget loading-effect-none the7_icon_box_grid_widget-b042519\">\t\t\t<div class=\"dt-css-grid\">\n\t\t\t\t\t\t\t\t\t<div class=\"wf-cell shown\">\n\t\t\t\t\t\t<a class=\"the7-icon-box-grid box-hover\" target=\"_blank\" rel=\"nofollow\" aria-label=\"Isabelle Journo \">\t\t\t\t\t\t\t<div class=\"box-content-wrapper\">\n\t\t\t\t\t\t\t\t\t\t\t\t\t\t\t\t\t<div class=\"elementor-icon-div\">\t\t\t\t\t\t\t\t\t\t<div class=\"elementor-icon\">\n\t\t\t\t\t\t\t\t\t\t\t<i aria-hidden=\"true\" class=\"fas fa-plus\"><\/i>\t\t\t\t\t\t\t\t\t\t<\/div>\n\t\t\t\t\t\t\t\t\t<\/div>\t\t\t\t\t\t\t\t\t\t\t\t\t\t\t\t<div class=\"box-content\">\n\t\t\t\t\t\t\t\t\t\t\t\t\t\t\t\t\t\t\t\t\t\t\t\t\t\t\t\t\t<h3 class=\"box-heading\">\n\t\t\t\t\t\t\t\t\t\t\t\t\t\t\t\t\t\t\t\t\t\t\tIsabelle Journo \t\t\t\t\t\t\t\t\t\t\t\t\t\t\t\t\t\t\t\t\t<\/h3>\n\t\t\t\t\t\t\t\t\t\t\t\t\t\t\t\t\t\t\t\t\t\t\t\t\t\t\t\t<div class=\"box-description\">Photos taken by Mrs Isabelle Journo during the working days of the \u00ab artistic audacity class \u00bb<\/div>\n\t\t\t\t\t\t\t\t\t\t\t\t\t\t\t\t\t\t\t\t\t\t\t\t\t\t<\/div>\n\t\t\t\t\t\t\t<\/div>\n\t\t\t\t\t\t<\/a>\t\t\t\t\t<\/div>\n\t\t\t\t\t\t\t<\/div>\n\t\t<\/div>\t\t\t\t<\/div>\n\t\t\t\t<\/div>\n\t\t\t\t<div class=\"elementor-element elementor-element-866c1d6 content-align-left icon-box-vertical-align-top icon-position-left icon-vertical-align-start elementor-widget elementor-widget-the7_icon_box_grid_widget\" data-id=\"866c1d6\" data-element_type=\"widget\" data-e-type=\"widget\" data-widget_type=\"the7_icon_box_grid_widget.default\">\n\t\t\t\t<div class=\"elementor-widget-container\">\n\t\t\t\t\t<div class=\"the7-box-grid-wrapper the7-elementor-widget loading-effect-none the7_icon_box_grid_widget-866c1d6\">\t\t\t<div class=\"dt-css-grid\">\n\t\t\t\t\t\t\t\t\t<div class=\"wf-cell shown\">\n\t\t\t\t\t\t<a class=\"the7-icon-box-grid box-hover\" target=\"_blank\" rel=\"nofollow\" aria-label=\"1st day\">\t\t\t\t\t\t\t<div class=\"box-content-wrapper\">\n\t\t\t\t\t\t\t\t\t\t\t\t\t\t\t\t\t<div class=\"elementor-icon-div\">\t\t\t\t\t\t\t\t\t\t<div class=\"elementor-icon\">\n\t\t\t\t\t\t\t\t\t\t\t<i aria-hidden=\"true\" class=\"fas fa-plus\"><\/i>\t\t\t\t\t\t\t\t\t\t<\/div>\n\t\t\t\t\t\t\t\t\t<\/div>\t\t\t\t\t\t\t\t\t\t\t\t\t\t\t\t<div class=\"box-content\">\n\t\t\t\t\t\t\t\t\t\t\t\t\t\t\t\t\t\t\t\t\t\t\t\t\t\t\t\t\t<h3 class=\"box-heading\">\n\t\t\t\t\t\t\t\t\t\t\t\t\t\t\t\t\t\t\t\t\t\t\t1st day\t\t\t\t\t\t\t\t\t\t\t\t\t\t\t\t\t\t\t\t\t<\/h3>\n\t\t\t\t\t\t\t\t\t\t\t\t\t\t\t\t\t\t\t\t\t\t\t\t\t\t\t\t\t\t\t\t\t\t\t<\/div>\n\t\t\t\t\t\t\t<\/div>\n\t\t\t\t\t\t<\/a>\t\t\t\t\t<\/div>\n\t\t\t\t\t\t\t<\/div>\n\t\t<\/div>\t\t\t\t<\/div>\n\t\t\t\t<\/div>\n\t\t\t\t<div class=\"elementor-element elementor-element-02d41cc elementor-widget elementor-widget-gallery\" data-id=\"02d41cc\" data-element_type=\"widget\" data-e-type=\"widget\" data-settings=\"{&quot;columns&quot;:6,&quot;columns_tablet&quot;:4,&quot;columns_mobile&quot;:2,&quot;lazyload&quot;:&quot;yes&quot;,&quot;gallery_layout&quot;:&quot;grid&quot;,&quot;gap&quot;:{&quot;unit&quot;:&quot;px&quot;,&quot;size&quot;:10,&quot;sizes&quot;:[]},&quot;gap_tablet&quot;:{&quot;unit&quot;:&quot;px&quot;,&quot;size&quot;:10,&quot;sizes&quot;:[]},&quot;gap_mobile&quot;:{&quot;unit&quot;:&quot;px&quot;,&quot;size&quot;:10,&quot;sizes&quot;:[]},&quot;link_to&quot;:&quot;file&quot;,&quot;aspect_ratio&quot;:&quot;3:2&quot;,&quot;overlay_background&quot;:&quot;yes&quot;,&quot;content_hover_animation&quot;:&quot;fade-in&quot;}\" data-widget_type=\"gallery.default\">\n\t\t\t\t<div class=\"elementor-widget-container\">\n\t\t\t\t\t\t\t<div class=\"elementor-gallery__container\">\n\t\t\t\t\t\t\t<a class=\"e-gallery-item elementor-gallery-item elementor-animated-content\" href=\"https:\/\/rememchild.remigraid.org\/wp-content\/uploads\/2024\/03\/isabelle-journo-1st-day-01.jpg\" data-elementor-open-lightbox=\"yes\" data-elementor-lightbox-slideshow=\"02d41cc\" data-elementor-lightbox-title=\"One of the towers of the ch\u00e2teau de Grammont, village of Ceyz\u00e9rieu, French department of Ain \/ Una de las torres del castillo de Grammont, pueblo de Ceyz\u00e9rieu, departamento franc\u00e9s de Ain :\" data-e-action-hash=\"#elementor-action%3Aaction%3Dlightbox%26settings%3DeyJpZCI6NDg5MiwidXJsIjoiaHR0cHM6XC9cL3JlbWVtY2hpbGQucmVtaWdyYWlkLm9yZ1wvd3AtY29udGVudFwvdXBsb2Fkc1wvMjAyNFwvMDNcL2lzYWJlbGxlLWpvdXJuby0xc3QtZGF5LTAxLmpwZyIsInNsaWRlc2hvdyI6IjAyZDQxY2MifQ%3D%3D\">\n\t\t\t\t\t<div class=\"e-gallery-image elementor-gallery-item__image\" data-thumbnail=\"https:\/\/rememchild.remigraid.org\/wp-content\/uploads\/2024\/03\/isabelle-journo-1st-day-01.jpg\" data-width=\"768\" data-height=\"1024\" aria-label=\"One of the towers of the ch\u00e2teau de Grammont, village of Ceyz\u00e9rieu, French department of Ain \/ Una de las torres del castillo de Grammont, pueblo de Ceyz\u00e9rieu, departamento franc\u00e9s de Ain :\" role=\"img\" ><\/div>\n\t\t\t\t\t\t\t\t\t\t\t<div class=\"elementor-gallery-item__overlay\"><\/div>\n\t\t\t\t\t\t\t\t\t\t\t\t\t\t<\/a>\n\t\t\t\t\t\t\t<a class=\"e-gallery-item elementor-gallery-item elementor-animated-content\" href=\"https:\/\/rememchild.remigraid.org\/wp-content\/uploads\/2024\/03\/isabelle-journo-1st-day-02.jpg\" data-elementor-open-lightbox=\"yes\" data-elementor-lightbox-slideshow=\"02d41cc\" data-elementor-lightbox-title=\"Madam Mayor of the village of Ceyz\u00e9rieu, Myriam Keller, presenting the ch\u00e2teau to the Lyc\u00e9e du Bugey pupils \/ La alcaldesa de Ceyz\u00e9rieu, Myriam Keller, presenta el castillo a los alumnos del Lyc\u00e9e du Bugey.\" data-e-action-hash=\"#elementor-action%3Aaction%3Dlightbox%26settings%3DeyJpZCI6NDg5NCwidXJsIjoiaHR0cHM6XC9cL3JlbWVtY2hpbGQucmVtaWdyYWlkLm9yZ1wvd3AtY29udGVudFwvdXBsb2Fkc1wvMjAyNFwvMDNcL2lzYWJlbGxlLWpvdXJuby0xc3QtZGF5LTAyLmpwZyIsInNsaWRlc2hvdyI6IjAyZDQxY2MifQ%3D%3D\">\n\t\t\t\t\t<div class=\"e-gallery-image elementor-gallery-item__image\" data-thumbnail=\"https:\/\/rememchild.remigraid.org\/wp-content\/uploads\/2024\/03\/isabelle-journo-1st-day-02.jpg\" data-width=\"768\" data-height=\"1024\" aria-label=\"Madam Mayor of the village of Ceyz\u00e9rieu, Myriam Keller, presenting the ch\u00e2teau to the Lyc\u00e9e du Bugey pupils \/ La alcaldesa de Ceyz\u00e9rieu, Myriam Keller, presenta el castillo a los alumnos del Lyc\u00e9e du Bugey.\" role=\"img\" ><\/div>\n\t\t\t\t\t\t\t\t\t\t\t<div class=\"elementor-gallery-item__overlay\"><\/div>\n\t\t\t\t\t\t\t\t\t\t\t\t\t\t<\/a>\n\t\t\t\t\t\t\t<a class=\"e-gallery-item elementor-gallery-item elementor-animated-content\" href=\"https:\/\/rememchild.remigraid.org\/wp-content\/uploads\/2024\/03\/isabelle-journo-1st-day-03.jpg\" data-elementor-open-lightbox=\"yes\" data-elementor-lightbox-slideshow=\"02d41cc\" data-elementor-lightbox-title=\"The president of the association for the preservation and enhancement of the ch\u00e2teau de Grammont, Mr Pierre Guillet, giving precisions about this place\u2019s history \/ El presidente de la asociaci\u00f3n para la conservaci\u00f3n y la valorizaci\u00f3n del castillo de Grammont, Pierre Guillet, da precisiones sobre la historia de este lugar\" data-e-action-hash=\"#elementor-action%3Aaction%3Dlightbox%26settings%3DeyJpZCI6NDg5NiwidXJsIjoiaHR0cHM6XC9cL3JlbWVtY2hpbGQucmVtaWdyYWlkLm9yZ1wvd3AtY29udGVudFwvdXBsb2Fkc1wvMjAyNFwvMDNcL2lzYWJlbGxlLWpvdXJuby0xc3QtZGF5LTAzLmpwZyIsInNsaWRlc2hvdyI6IjAyZDQxY2MifQ%3D%3D\">\n\t\t\t\t\t<div class=\"e-gallery-image elementor-gallery-item__image\" data-thumbnail=\"https:\/\/rememchild.remigraid.org\/wp-content\/uploads\/2024\/03\/isabelle-journo-1st-day-03.jpg\" data-width=\"768\" data-height=\"1024\" aria-label=\"The president of the association for the preservation and enhancement of the ch\u00e2teau de Grammont, Mr Pierre Guillet, giving precisions about this place\u2019s history \/ El presidente de la asociaci\u00f3n para la conservaci\u00f3n y la valorizaci\u00f3n del castillo de Grammont, Pierre Guillet, da precisiones sobre la historia de este lugar\" role=\"img\" ><\/div>\n\t\t\t\t\t\t\t\t\t\t\t<div class=\"elementor-gallery-item__overlay\"><\/div>\n\t\t\t\t\t\t\t\t\t\t\t\t\t\t<\/a>\n\t\t\t\t\t\t\t<a class=\"e-gallery-item elementor-gallery-item elementor-animated-content\" href=\"https:\/\/rememchild.remigraid.org\/wp-content\/uploads\/2024\/03\/isabelle-journo-1st-day-04.jpg\" data-elementor-open-lightbox=\"yes\" data-elementor-lightbox-slideshow=\"02d41cc\" data-elementor-lightbox-title=\"Meeting between members of the association and the pupils at the town hall of Ceyz\u00e9rieu \/ Encuentro entre los miembros de la asociaci\u00f3n y los alumnos en el ayuntamiento de Ceyz\u00e9rieu\" data-e-action-hash=\"#elementor-action%3Aaction%3Dlightbox%26settings%3DeyJpZCI6NDg5OCwidXJsIjoiaHR0cHM6XC9cL3JlbWVtY2hpbGQucmVtaWdyYWlkLm9yZ1wvd3AtY29udGVudFwvdXBsb2Fkc1wvMjAyNFwvMDNcL2lzYWJlbGxlLWpvdXJuby0xc3QtZGF5LTA0LmpwZyIsInNsaWRlc2hvdyI6IjAyZDQxY2MifQ%3D%3D\">\n\t\t\t\t\t<div class=\"e-gallery-image elementor-gallery-item__image\" data-thumbnail=\"https:\/\/rememchild.remigraid.org\/wp-content\/uploads\/2024\/03\/isabelle-journo-1st-day-04.jpg\" data-width=\"768\" data-height=\"1024\" aria-label=\"Meeting between members of the association and the pupils at the town hall of Ceyz\u00e9rieu \/ Encuentro entre los miembros de la asociaci\u00f3n y los alumnos en el ayuntamiento de Ceyz\u00e9rieu\" role=\"img\" ><\/div>\n\t\t\t\t\t\t\t\t\t\t\t<div class=\"elementor-gallery-item__overlay\"><\/div>\n\t\t\t\t\t\t\t\t\t\t\t\t\t\t<\/a>\n\t\t\t\t\t<\/div>\n\t\t\t\t\t<\/div>\n\t\t\t\t<\/div>\n\t\t\t\t<div class=\"elementor-element elementor-element-39a7567 content-align-left icon-box-vertical-align-top icon-position-left icon-vertical-align-start elementor-widget elementor-widget-the7_icon_box_grid_widget\" data-id=\"39a7567\" data-element_type=\"widget\" data-e-type=\"widget\" data-widget_type=\"the7_icon_box_grid_widget.default\">\n\t\t\t\t<div class=\"elementor-widget-container\">\n\t\t\t\t\t<div class=\"the7-box-grid-wrapper the7-elementor-widget loading-effect-none the7_icon_box_grid_widget-39a7567\">\t\t\t<div class=\"dt-css-grid\">\n\t\t\t\t\t\t\t\t\t<div class=\"wf-cell shown\">\n\t\t\t\t\t\t<a class=\"the7-icon-box-grid box-hover\" target=\"_blank\" rel=\"nofollow\" aria-label=\"2nd day\">\t\t\t\t\t\t\t<div class=\"box-content-wrapper\">\n\t\t\t\t\t\t\t\t\t\t\t\t\t\t\t\t\t<div class=\"elementor-icon-div\">\t\t\t\t\t\t\t\t\t\t<div class=\"elementor-icon\">\n\t\t\t\t\t\t\t\t\t\t\t<i aria-hidden=\"true\" class=\"fas fa-plus\"><\/i>\t\t\t\t\t\t\t\t\t\t<\/div>\n\t\t\t\t\t\t\t\t\t<\/div>\t\t\t\t\t\t\t\t\t\t\t\t\t\t\t\t<div class=\"box-content\">\n\t\t\t\t\t\t\t\t\t\t\t\t\t\t\t\t\t\t\t\t\t\t\t\t\t\t\t\t\t<h3 class=\"box-heading\">\n\t\t\t\t\t\t\t\t\t\t\t\t\t\t\t\t\t\t\t\t\t\t\t2nd day\t\t\t\t\t\t\t\t\t\t\t\t\t\t\t\t\t\t\t\t\t<\/h3>\n\t\t\t\t\t\t\t\t\t\t\t\t\t\t\t\t\t\t\t\t\t\t\t\t\t\t\t\t\t\t\t\t\t\t\t<\/div>\n\t\t\t\t\t\t\t<\/div>\n\t\t\t\t\t\t<\/a>\t\t\t\t\t<\/div>\n\t\t\t\t\t\t\t<\/div>\n\t\t<\/div>\t\t\t\t<\/div>\n\t\t\t\t<\/div>\n\t\t\t\t<div class=\"elementor-element elementor-element-681f140 elementor-widget elementor-widget-gallery\" data-id=\"681f140\" data-element_type=\"widget\" data-e-type=\"widget\" data-settings=\"{&quot;columns&quot;:6,&quot;columns_tablet&quot;:4,&quot;columns_mobile&quot;:2,&quot;lazyload&quot;:&quot;yes&quot;,&quot;gallery_layout&quot;:&quot;grid&quot;,&quot;gap&quot;:{&quot;unit&quot;:&quot;px&quot;,&quot;size&quot;:10,&quot;sizes&quot;:[]},&quot;gap_tablet&quot;:{&quot;unit&quot;:&quot;px&quot;,&quot;size&quot;:10,&quot;sizes&quot;:[]},&quot;gap_mobile&quot;:{&quot;unit&quot;:&quot;px&quot;,&quot;size&quot;:10,&quot;sizes&quot;:[]},&quot;link_to&quot;:&quot;file&quot;,&quot;aspect_ratio&quot;:&quot;3:2&quot;,&quot;overlay_background&quot;:&quot;yes&quot;,&quot;content_hover_animation&quot;:&quot;fade-in&quot;}\" data-widget_type=\"gallery.default\">\n\t\t\t\t<div class=\"elementor-widget-container\">\n\t\t\t\t\t\t\t<div class=\"elementor-gallery__container\">\n\t\t\t\t\t\t\t<a class=\"e-gallery-item elementor-gallery-item elementor-animated-content\" href=\"https:\/\/rememchild.remigraid.org\/wp-content\/uploads\/2024\/03\/isabelle-journo-2nd-day-01.jpg\" data-elementor-open-lightbox=\"yes\" data-elementor-lightbox-slideshow=\"681f140\" data-elementor-lightbox-title=\"Shooting and recording at the ch\u00e2teau de Grammont, on November 10 2023  Photos 1 to 6 \/ Rodaje y grabaci\u00f3n en el castillo de Grammont, el 10 de noviembre de 2023  Fotos 1 a 6\" data-e-action-hash=\"#elementor-action%3Aaction%3Dlightbox%26settings%3DeyJpZCI6NDkwMiwidXJsIjoiaHR0cHM6XC9cL3JlbWVtY2hpbGQucmVtaWdyYWlkLm9yZ1wvd3AtY29udGVudFwvdXBsb2Fkc1wvMjAyNFwvMDNcL2lzYWJlbGxlLWpvdXJuby0ybmQtZGF5LTAxLmpwZyIsInNsaWRlc2hvdyI6IjY4MWYxNDAifQ%3D%3D\">\n\t\t\t\t\t<div class=\"e-gallery-image elementor-gallery-item__image\" data-thumbnail=\"https:\/\/rememchild.remigraid.org\/wp-content\/uploads\/2024\/03\/isabelle-journo-2nd-day-01-768x992.jpg\" data-width=\"768\" data-height=\"992\" aria-label=\"Shooting and recording at the ch\u00e2teau de Grammont, on November 10 2023 Photos 1 to 6 \/ Rodaje y grabaci\u00f3n en el castillo de Grammont, el 10 de noviembre de 2023 Fotos 1 a 6\" role=\"img\" ><\/div>\n\t\t\t\t\t\t\t\t\t\t\t<div class=\"elementor-gallery-item__overlay\"><\/div>\n\t\t\t\t\t\t\t\t\t\t\t\t\t\t<\/a>\n\t\t\t\t\t\t\t<a class=\"e-gallery-item elementor-gallery-item elementor-animated-content\" href=\"https:\/\/rememchild.remigraid.org\/wp-content\/uploads\/2024\/03\/isabelle-journo-2nd-day-02.jpg\" data-elementor-open-lightbox=\"yes\" data-elementor-lightbox-slideshow=\"681f140\" data-elementor-lightbox-title=\"Shooting and recording at the ch\u00e2teau de Grammont, on November 10 2023  Photos 1 to 6 \/ Rodaje y grabaci\u00f3n en el castillo de Grammont, el 10 de noviembre de 2023  Fotos 1 a 6\" data-e-action-hash=\"#elementor-action%3Aaction%3Dlightbox%26settings%3DeyJpZCI6NDkwNCwidXJsIjoiaHR0cHM6XC9cL3JlbWVtY2hpbGQucmVtaWdyYWlkLm9yZ1wvd3AtY29udGVudFwvdXBsb2Fkc1wvMjAyNFwvMDNcL2lzYWJlbGxlLWpvdXJuby0ybmQtZGF5LTAyLmpwZyIsInNsaWRlc2hvdyI6IjY4MWYxNDAifQ%3D%3D\">\n\t\t\t\t\t<div class=\"e-gallery-image elementor-gallery-item__image\" data-thumbnail=\"https:\/\/rememchild.remigraid.org\/wp-content\/uploads\/2024\/03\/isabelle-journo-2nd-day-02-768x921.jpg\" data-width=\"768\" data-height=\"921\" aria-label=\"Shooting and recording at the ch\u00e2teau de Grammont, on November 10 2023 Photos 1 to 6 \/ Rodaje y grabaci\u00f3n en el castillo de Grammont, el 10 de noviembre de 2023 Fotos 1 a 6\" role=\"img\" ><\/div>\n\t\t\t\t\t\t\t\t\t\t\t<div class=\"elementor-gallery-item__overlay\"><\/div>\n\t\t\t\t\t\t\t\t\t\t\t\t\t\t<\/a>\n\t\t\t\t\t\t\t<a class=\"e-gallery-item elementor-gallery-item elementor-animated-content\" href=\"https:\/\/rememchild.remigraid.org\/wp-content\/uploads\/2024\/03\/isabelle-journo-2nd-day-03.jpg\" data-elementor-open-lightbox=\"yes\" data-elementor-lightbox-slideshow=\"681f140\" data-elementor-lightbox-title=\"Shooting and recording at the ch\u00e2teau de Grammont, on November 10 2023  Photos 1 to 6 \/ Rodaje y grabaci\u00f3n en el castillo de Grammont, el 10 de noviembre de 2023  Fotos 1 a 6\" data-e-action-hash=\"#elementor-action%3Aaction%3Dlightbox%26settings%3DeyJpZCI6NDkwNiwidXJsIjoiaHR0cHM6XC9cL3JlbWVtY2hpbGQucmVtaWdyYWlkLm9yZ1wvd3AtY29udGVudFwvdXBsb2Fkc1wvMjAyNFwvMDNcL2lzYWJlbGxlLWpvdXJuby0ybmQtZGF5LTAzLmpwZyIsInNsaWRlc2hvdyI6IjY4MWYxNDAifQ%3D%3D\">\n\t\t\t\t\t<div class=\"e-gallery-image elementor-gallery-item__image\" data-thumbnail=\"https:\/\/rememchild.remigraid.org\/wp-content\/uploads\/2024\/03\/isabelle-journo-2nd-day-03.jpg\" data-width=\"755\" data-height=\"1024\" aria-label=\"Shooting and recording at the ch\u00e2teau de Grammont, on November 10 2023 Photos 1 to 6 \/ Rodaje y grabaci\u00f3n en el castillo de Grammont, el 10 de noviembre de 2023 Fotos 1 a 6\" role=\"img\" ><\/div>\n\t\t\t\t\t\t\t\t\t\t\t<div class=\"elementor-gallery-item__overlay\"><\/div>\n\t\t\t\t\t\t\t\t\t\t\t\t\t\t<\/a>\n\t\t\t\t\t\t\t<a class=\"e-gallery-item elementor-gallery-item elementor-animated-content\" href=\"https:\/\/rememchild.remigraid.org\/wp-content\/uploads\/2024\/03\/isabelle-journo-2nd-day-04.jpg\" data-elementor-open-lightbox=\"yes\" data-elementor-lightbox-slideshow=\"681f140\" data-elementor-lightbox-title=\"Shooting and recording at the ch\u00e2teau de Grammont, on November 10 2023  Photos 1 to 6 \/ Rodaje y grabaci\u00f3n en el castillo de Grammont, el 10 de noviembre de 2023  Fotos 1 a 6\" data-e-action-hash=\"#elementor-action%3Aaction%3Dlightbox%26settings%3DeyJpZCI6NDkwOCwidXJsIjoiaHR0cHM6XC9cL3JlbWVtY2hpbGQucmVtaWdyYWlkLm9yZ1wvd3AtY29udGVudFwvdXBsb2Fkc1wvMjAyNFwvMDNcL2lzYWJlbGxlLWpvdXJuby0ybmQtZGF5LTA0LmpwZyIsInNsaWRlc2hvdyI6IjY4MWYxNDAifQ%3D%3D\">\n\t\t\t\t\t<div class=\"e-gallery-image elementor-gallery-item__image\" data-thumbnail=\"https:\/\/rememchild.remigraid.org\/wp-content\/uploads\/2024\/03\/isabelle-journo-2nd-day-04-768x783.jpg\" data-width=\"768\" data-height=\"783\" aria-label=\"Shooting and recording at the ch\u00e2teau de Grammont, on November 10 2023 Photos 1 to 6 \/ Rodaje y grabaci\u00f3n en el castillo de Grammont, el 10 de noviembre de 2023 Fotos 1 a 6\" role=\"img\" ><\/div>\n\t\t\t\t\t\t\t\t\t\t\t<div class=\"elementor-gallery-item__overlay\"><\/div>\n\t\t\t\t\t\t\t\t\t\t\t\t\t\t<\/a>\n\t\t\t\t\t\t\t<a class=\"e-gallery-item elementor-gallery-item elementor-animated-content\" href=\"https:\/\/rememchild.remigraid.org\/wp-content\/uploads\/2024\/03\/isabelle-journo-2nd-day-05.jpg\" data-elementor-open-lightbox=\"yes\" data-elementor-lightbox-slideshow=\"681f140\" data-elementor-lightbox-title=\"Shooting and recording at the ch\u00e2teau de Grammont, on November 10 2023  Photos 1 to 6 \/ Rodaje y grabaci\u00f3n en el castillo de Grammont, el 10 de noviembre de 2023  Fotos 1 a 6\" data-e-action-hash=\"#elementor-action%3Aaction%3Dlightbox%26settings%3DeyJpZCI6NDkxMCwidXJsIjoiaHR0cHM6XC9cL3JlbWVtY2hpbGQucmVtaWdyYWlkLm9yZ1wvd3AtY29udGVudFwvdXBsb2Fkc1wvMjAyNFwvMDNcL2lzYWJlbGxlLWpvdXJuby0ybmQtZGF5LTA1LmpwZyIsInNsaWRlc2hvdyI6IjY4MWYxNDAifQ%3D%3D\">\n\t\t\t\t\t<div class=\"e-gallery-image elementor-gallery-item__image\" data-thumbnail=\"https:\/\/rememchild.remigraid.org\/wp-content\/uploads\/2024\/03\/isabelle-journo-2nd-day-05-768x883.jpg\" data-width=\"768\" data-height=\"883\" aria-label=\"Shooting and recording at the ch\u00e2teau de Grammont, on November 10 2023 Photos 1 to 6 \/ Rodaje y grabaci\u00f3n en el castillo de Grammont, el 10 de noviembre de 2023 Fotos 1 a 6\" role=\"img\" ><\/div>\n\t\t\t\t\t\t\t\t\t\t\t<div class=\"elementor-gallery-item__overlay\"><\/div>\n\t\t\t\t\t\t\t\t\t\t\t\t\t\t<\/a>\n\t\t\t\t\t\t\t<a class=\"e-gallery-item elementor-gallery-item elementor-animated-content\" href=\"https:\/\/rememchild.remigraid.org\/wp-content\/uploads\/2024\/03\/isabelle-journo-2nd-day-06.jpg\" data-elementor-open-lightbox=\"yes\" data-elementor-lightbox-slideshow=\"681f140\" data-elementor-lightbox-title=\"Shooting and recording at the ch\u00e2teau de Grammont, on November 10 2023  Photos 1 to 6 \/ Rodaje y grabaci\u00f3n en el castillo de Grammont, el 10 de noviembre de 2023  Fotos 1 a 6\" data-e-action-hash=\"#elementor-action%3Aaction%3Dlightbox%26settings%3DeyJpZCI6NDkwMCwidXJsIjoiaHR0cHM6XC9cL3JlbWVtY2hpbGQucmVtaWdyYWlkLm9yZ1wvd3AtY29udGVudFwvdXBsb2Fkc1wvMjAyNFwvMDNcL2lzYWJlbGxlLWpvdXJuby0ybmQtZGF5LTA2LmpwZyIsInNsaWRlc2hvdyI6IjY4MWYxNDAifQ%3D%3D\">\n\t\t\t\t\t<div class=\"e-gallery-image elementor-gallery-item__image\" data-thumbnail=\"https:\/\/rememchild.remigraid.org\/wp-content\/uploads\/2024\/03\/isabelle-journo-2nd-day-06-768x954.jpg\" data-width=\"768\" data-height=\"954\" aria-label=\"Shooting and recording at the ch\u00e2teau de Grammont, on November 10 2023 Photos 1 to 6 \/ Rodaje y grabaci\u00f3n en el castillo de Grammont, el 10 de noviembre de 2023 Fotos 1 a 6\" role=\"img\" ><\/div>\n\t\t\t\t\t\t\t\t\t\t\t<div class=\"elementor-gallery-item__overlay\"><\/div>\n\t\t\t\t\t\t\t\t\t\t\t\t\t\t<\/a>\n\t\t\t\t\t<\/div>\n\t\t\t\t\t<\/div>\n\t\t\t\t<\/div>\n\t\t\t\t<div class=\"elementor-element elementor-element-5eefe79 content-align-left icon-box-vertical-align-top icon-position-left icon-vertical-align-start elementor-widget elementor-widget-the7_icon_box_grid_widget\" data-id=\"5eefe79\" data-element_type=\"widget\" data-e-type=\"widget\" data-widget_type=\"the7_icon_box_grid_widget.default\">\n\t\t\t\t<div class=\"elementor-widget-container\">\n\t\t\t\t\t<div class=\"the7-box-grid-wrapper the7-elementor-widget loading-effect-none the7_icon_box_grid_widget-5eefe79\">\t\t\t<div class=\"dt-css-grid\">\n\t\t\t\t\t\t\t\t\t<div class=\"wf-cell shown\">\n\t\t\t\t\t\t<a class=\"the7-icon-box-grid box-hover\" target=\"_blank\" rel=\"nofollow\" aria-label=\"3rd day\">\t\t\t\t\t\t\t<div class=\"box-content-wrapper\">\n\t\t\t\t\t\t\t\t\t\t\t\t\t\t\t\t\t<div class=\"elementor-icon-div\">\t\t\t\t\t\t\t\t\t\t<div class=\"elementor-icon\">\n\t\t\t\t\t\t\t\t\t\t\t<i aria-hidden=\"true\" class=\"fas fa-plus\"><\/i>\t\t\t\t\t\t\t\t\t\t<\/div>\n\t\t\t\t\t\t\t\t\t<\/div>\t\t\t\t\t\t\t\t\t\t\t\t\t\t\t\t<div class=\"box-content\">\n\t\t\t\t\t\t\t\t\t\t\t\t\t\t\t\t\t\t\t\t\t\t\t\t\t\t\t\t\t<h3 class=\"box-heading\">\n\t\t\t\t\t\t\t\t\t\t\t\t\t\t\t\t\t\t\t\t\t\t\t3rd day\t\t\t\t\t\t\t\t\t\t\t\t\t\t\t\t\t\t\t\t\t<\/h3>\n\t\t\t\t\t\t\t\t\t\t\t\t\t\t\t\t\t\t\t\t\t\t\t\t\t\t\t\t\t\t\t\t\t\t\t<\/div>\n\t\t\t\t\t\t\t<\/div>\n\t\t\t\t\t\t<\/a>\t\t\t\t\t<\/div>\n\t\t\t\t\t\t\t<\/div>\n\t\t<\/div>\t\t\t\t<\/div>\n\t\t\t\t<\/div>\n\t\t\t\t<div class=\"elementor-element elementor-element-74932e6 elementor-widget elementor-widget-gallery\" data-id=\"74932e6\" data-element_type=\"widget\" data-e-type=\"widget\" data-settings=\"{&quot;columns&quot;:6,&quot;columns_tablet&quot;:4,&quot;columns_mobile&quot;:2,&quot;lazyload&quot;:&quot;yes&quot;,&quot;gallery_layout&quot;:&quot;grid&quot;,&quot;gap&quot;:{&quot;unit&quot;:&quot;px&quot;,&quot;size&quot;:10,&quot;sizes&quot;:[]},&quot;gap_tablet&quot;:{&quot;unit&quot;:&quot;px&quot;,&quot;size&quot;:10,&quot;sizes&quot;:[]},&quot;gap_mobile&quot;:{&quot;unit&quot;:&quot;px&quot;,&quot;size&quot;:10,&quot;sizes&quot;:[]},&quot;link_to&quot;:&quot;file&quot;,&quot;aspect_ratio&quot;:&quot;3:2&quot;,&quot;overlay_background&quot;:&quot;yes&quot;,&quot;content_hover_animation&quot;:&quot;fade-in&quot;}\" data-widget_type=\"gallery.default\">\n\t\t\t\t<div class=\"elementor-widget-container\">\n\t\t\t\t\t\t\t<div class=\"elementor-gallery__container\">\n\t\t\t\t\t\t\t<a class=\"e-gallery-item elementor-gallery-item elementor-animated-content\" href=\"https:\/\/rememchild.remigraid.org\/wp-content\/uploads\/2024\/03\/isabelle-journo-3rd-day-01.jpg\" data-elementor-open-lightbox=\"yes\" data-elementor-lightbox-slideshow=\"74932e6\" data-elementor-lightbox-title=\"Cutting and photomontage of the photographic report at the Lyc\u00e9e du Bugey in December 2023 under the supervision of the artist Chlo\u00e9 Colin \/ Recorte y fotomontaje del reportaje fotogr\u00e1fico en el Lyc\u00e9e du Bugey en diciembre de 2023 bajo la supervisi\u00f3n de la artista Chlo\u00e9 Colin\" data-e-action-hash=\"#elementor-action%3Aaction%3Dlightbox%26settings%3DeyJpZCI6NDkxMiwidXJsIjoiaHR0cHM6XC9cL3JlbWVtY2hpbGQucmVtaWdyYWlkLm9yZ1wvd3AtY29udGVudFwvdXBsb2Fkc1wvMjAyNFwvMDNcL2lzYWJlbGxlLWpvdXJuby0zcmQtZGF5LTAxLmpwZyIsInNsaWRlc2hvdyI6Ijc0OTMyZTYifQ%3D%3D\">\n\t\t\t\t\t<div class=\"e-gallery-image elementor-gallery-item__image\" data-thumbnail=\"https:\/\/rememchild.remigraid.org\/wp-content\/uploads\/2024\/03\/isabelle-journo-3rd-day-01-768x899.jpg\" data-width=\"768\" data-height=\"899\" aria-label=\"Cutting and photomontage of the photographic report at the Lyc\u00e9e du Bugey in December 2023 under the supervision of the artist Chlo\u00e9 Colin \/ Recorte y fotomontaje del reportaje fotogr\u00e1fico en el Lyc\u00e9e du Bugey en diciembre de 2023 bajo la supervisi\u00f3n de la artista Chlo\u00e9 Colin\" role=\"img\" ><\/div>\n\t\t\t\t\t\t\t\t\t\t\t<div class=\"elementor-gallery-item__overlay\"><\/div>\n\t\t\t\t\t\t\t\t\t\t\t\t\t\t<\/a>\n\t\t\t\t\t\t\t<a class=\"e-gallery-item elementor-gallery-item elementor-animated-content\" href=\"https:\/\/rememchild.remigraid.org\/wp-content\/uploads\/2024\/03\/isabelle-journo-3rd-day-02.jpg\" data-elementor-open-lightbox=\"yes\" data-elementor-lightbox-slideshow=\"74932e6\" data-elementor-lightbox-title=\"Cutting and photomontage of the photographic report at the Lyc\u00e9e du Bugey in December 2023 under the supervision of the artist Chlo\u00e9 Colin \/ Recorte y fotomontaje del reportaje fotogr\u00e1fico en el Lyc\u00e9e du Bugey en diciembre de 2023 bajo la supervisi\u00f3n de la artista Chlo\u00e9 Colin\" data-e-action-hash=\"#elementor-action%3Aaction%3Dlightbox%26settings%3DeyJpZCI6NDkxNCwidXJsIjoiaHR0cHM6XC9cL3JlbWVtY2hpbGQucmVtaWdyYWlkLm9yZ1wvd3AtY29udGVudFwvdXBsb2Fkc1wvMjAyNFwvMDNcL2lzYWJlbGxlLWpvdXJuby0zcmQtZGF5LTAyLmpwZyIsInNsaWRlc2hvdyI6Ijc0OTMyZTYifQ%3D%3D\">\n\t\t\t\t\t<div class=\"e-gallery-image elementor-gallery-item__image\" data-thumbnail=\"https:\/\/rememchild.remigraid.org\/wp-content\/uploads\/2024\/03\/isabelle-journo-3rd-day-02.jpg\" data-width=\"622\" data-height=\"1024\" aria-label=\"Cutting and photomontage of the photographic report at the Lyc\u00e9e du Bugey in December 2023 under the supervision of the artist Chlo\u00e9 Colin \/ Recorte y fotomontaje del reportaje fotogr\u00e1fico en el Lyc\u00e9e du Bugey en diciembre de 2023 bajo la supervisi\u00f3n de la artista Chlo\u00e9 Colin\" role=\"img\" ><\/div>\n\t\t\t\t\t\t\t\t\t\t\t<div class=\"elementor-gallery-item__overlay\"><\/div>\n\t\t\t\t\t\t\t\t\t\t\t\t\t\t<\/a>\n\t\t\t\t\t\t\t<a class=\"e-gallery-item elementor-gallery-item elementor-animated-content\" href=\"https:\/\/rememchild.remigraid.org\/wp-content\/uploads\/2024\/03\/isabelle-journo-3rd-day-03.jpg\" data-elementor-open-lightbox=\"yes\" data-elementor-lightbox-slideshow=\"74932e6\" data-elementor-lightbox-title=\"Cutting and photomontage of the photographic report at the Lyc\u00e9e du Bugey in December 2023 under the supervision of the artist Chlo\u00e9 Colin \/ Recorte y fotomontaje del reportaje fotogr\u00e1fico en el Lyc\u00e9e du Bugey en diciembre de 2023 bajo la supervisi\u00f3n de la artista Chlo\u00e9 Colin\" data-e-action-hash=\"#elementor-action%3Aaction%3Dlightbox%26settings%3DeyJpZCI6NDkxNiwidXJsIjoiaHR0cHM6XC9cL3JlbWVtY2hpbGQucmVtaWdyYWlkLm9yZ1wvd3AtY29udGVudFwvdXBsb2Fkc1wvMjAyNFwvMDNcL2lzYWJlbGxlLWpvdXJuby0zcmQtZGF5LTAzLmpwZyIsInNsaWRlc2hvdyI6Ijc0OTMyZTYifQ%3D%3D\">\n\t\t\t\t\t<div class=\"e-gallery-image elementor-gallery-item__image\" data-thumbnail=\"https:\/\/rememchild.remigraid.org\/wp-content\/uploads\/2024\/03\/isabelle-journo-3rd-day-03-768x928.jpg\" data-width=\"768\" data-height=\"928\" aria-label=\"Cutting and photomontage of the photographic report at the Lyc\u00e9e du Bugey in December 2023 under the supervision of the artist Chlo\u00e9 Colin \/ Recorte y fotomontaje del reportaje fotogr\u00e1fico en el Lyc\u00e9e du Bugey en diciembre de 2023 bajo la supervisi\u00f3n de la artista Chlo\u00e9 Colin\" role=\"img\" ><\/div>\n\t\t\t\t\t\t\t\t\t\t\t<div class=\"elementor-gallery-item__overlay\"><\/div>\n\t\t\t\t\t\t\t\t\t\t\t\t\t\t<\/a>\n\t\t\t\t\t\t\t<a class=\"e-gallery-item elementor-gallery-item elementor-animated-content\" href=\"https:\/\/rememchild.remigraid.org\/wp-content\/uploads\/2024\/03\/isabelle-journo-3rd-day-04.jpg\" data-elementor-open-lightbox=\"yes\" data-elementor-lightbox-slideshow=\"74932e6\" data-elementor-lightbox-title=\"Cutting and photomontage of the photographic report at the Lyc\u00e9e du Bugey in December 2023 under the supervision of the artist Chlo\u00e9 Colin \/ Recorte y fotomontaje del reportaje fotogr\u00e1fico en el Lyc\u00e9e du Bugey en diciembre de 2023 bajo la supervisi\u00f3n de la artista Chlo\u00e9 Colin\" data-e-action-hash=\"#elementor-action%3Aaction%3Dlightbox%26settings%3DeyJpZCI6NDkxOCwidXJsIjoiaHR0cHM6XC9cL3JlbWVtY2hpbGQucmVtaWdyYWlkLm9yZ1wvd3AtY29udGVudFwvdXBsb2Fkc1wvMjAyNFwvMDNcL2lzYWJlbGxlLWpvdXJuby0zcmQtZGF5LTA0LmpwZyIsInNsaWRlc2hvdyI6Ijc0OTMyZTYifQ%3D%3D\">\n\t\t\t\t\t<div class=\"e-gallery-image elementor-gallery-item__image\" data-thumbnail=\"https:\/\/rememchild.remigraid.org\/wp-content\/uploads\/2024\/03\/isabelle-journo-3rd-day-04.jpg\" data-width=\"558\" data-height=\"1024\" aria-label=\"Cutting and photomontage of the photographic report at the Lyc\u00e9e du Bugey in December 2023 under the supervision of the artist Chlo\u00e9 Colin \/ Recorte y fotomontaje del reportaje fotogr\u00e1fico en el Lyc\u00e9e du Bugey en diciembre de 2023 bajo la supervisi\u00f3n de la artista Chlo\u00e9 Colin\" role=\"img\" ><\/div>\n\t\t\t\t\t\t\t\t\t\t\t<div class=\"elementor-gallery-item__overlay\"><\/div>\n\t\t\t\t\t\t\t\t\t\t\t\t\t\t<\/a>\n\t\t\t\t\t\t\t<a class=\"e-gallery-item elementor-gallery-item elementor-animated-content\" href=\"https:\/\/rememchild.remigraid.org\/wp-content\/uploads\/2024\/03\/isabelle-journo-3rd-day-05.jpg\" data-elementor-open-lightbox=\"yes\" data-elementor-lightbox-slideshow=\"74932e6\" data-elementor-lightbox-title=\"Cutting and photomontage of the photographic report at the Lyc\u00e9e du Bugey in December 2023 under the supervision of the artist Chlo\u00e9 Colin \/ Recorte y fotomontaje del reportaje fotogr\u00e1fico en el Lyc\u00e9e du Bugey en diciembre de 2023 bajo la supervisi\u00f3n de la artista Chlo\u00e9 Colin\" data-e-action-hash=\"#elementor-action%3Aaction%3Dlightbox%26settings%3DeyJpZCI6NDkyMCwidXJsIjoiaHR0cHM6XC9cL3JlbWVtY2hpbGQucmVtaWdyYWlkLm9yZ1wvd3AtY29udGVudFwvdXBsb2Fkc1wvMjAyNFwvMDNcL2lzYWJlbGxlLWpvdXJuby0zcmQtZGF5LTA1LmpwZyIsInNsaWRlc2hvdyI6Ijc0OTMyZTYifQ%3D%3D\">\n\t\t\t\t\t<div class=\"e-gallery-image elementor-gallery-item__image\" data-thumbnail=\"https:\/\/rememchild.remigraid.org\/wp-content\/uploads\/2024\/03\/isabelle-journo-3rd-day-05-768x866.jpg\" data-width=\"768\" data-height=\"866\" aria-label=\"Cutting and photomontage of the photographic report at the Lyc\u00e9e du Bugey in December 2023 under the supervision of the artist Chlo\u00e9 Colin \/ Recorte y fotomontaje del reportaje fotogr\u00e1fico en el Lyc\u00e9e du Bugey en diciembre de 2023 bajo la supervisi\u00f3n de la artista Chlo\u00e9 Colin\" role=\"img\" ><\/div>\n\t\t\t\t\t\t\t\t\t\t\t<div class=\"elementor-gallery-item__overlay\"><\/div>\n\t\t\t\t\t\t\t\t\t\t\t\t\t\t<\/a>\n\t\t\t\t\t\t\t<a class=\"e-gallery-item elementor-gallery-item elementor-animated-content\" href=\"https:\/\/rememchild.remigraid.org\/wp-content\/uploads\/2024\/03\/isabelle-journo-3rd-day-06.jpg\" data-elementor-open-lightbox=\"yes\" data-elementor-lightbox-slideshow=\"74932e6\" data-elementor-lightbox-title=\"Cutting and photomontage of the photographic report at the Lyc\u00e9e du Bugey in December 2023 under the supervision of the artist Chlo\u00e9 Colin \/ Recorte y fotomontaje del reportaje fotogr\u00e1fico en el Lyc\u00e9e du Bugey en diciembre de 2023 bajo la supervisi\u00f3n de la artista Chlo\u00e9 Colin\" data-e-action-hash=\"#elementor-action%3Aaction%3Dlightbox%26settings%3DeyJpZCI6NDkyMiwidXJsIjoiaHR0cHM6XC9cL3JlbWVtY2hpbGQucmVtaWdyYWlkLm9yZ1wvd3AtY29udGVudFwvdXBsb2Fkc1wvMjAyNFwvMDNcL2lzYWJlbGxlLWpvdXJuby0zcmQtZGF5LTA2LmpwZyIsInNsaWRlc2hvdyI6Ijc0OTMyZTYifQ%3D%3D\">\n\t\t\t\t\t<div class=\"e-gallery-image elementor-gallery-item__image\" data-thumbnail=\"https:\/\/rememchild.remigraid.org\/wp-content\/uploads\/2024\/03\/isabelle-journo-3rd-day-06.jpg\" data-width=\"719\" data-height=\"1024\" aria-label=\"Cutting and photomontage of the photographic report at the Lyc\u00e9e du Bugey in December 2023 under the supervision of the artist Chlo\u00e9 Colin \/ Recorte y fotomontaje del reportaje fotogr\u00e1fico en el Lyc\u00e9e du Bugey en diciembre de 2023 bajo la supervisi\u00f3n de la artista Chlo\u00e9 Colin\" role=\"img\" ><\/div>\n\t\t\t\t\t\t\t\t\t\t\t<div class=\"elementor-gallery-item__overlay\"><\/div>\n\t\t\t\t\t\t\t\t\t\t\t\t\t\t<\/a>\n\t\t\t\t\t\t\t<a class=\"e-gallery-item elementor-gallery-item elementor-animated-content\" href=\"https:\/\/rememchild.remigraid.org\/wp-content\/uploads\/2024\/03\/isabelle-journo-3rd-day-07.jpg\" data-elementor-open-lightbox=\"yes\" data-elementor-lightbox-slideshow=\"74932e6\" data-elementor-lightbox-title=\"Cutting and photomontage of the photographic report at the Lyc\u00e9e du Bugey in December 2023 under the supervision of the artist Chlo\u00e9 Colin \/ Recorte y fotomontaje del reportaje fotogr\u00e1fico en el Lyc\u00e9e du Bugey en diciembre de 2023 bajo la supervisi\u00f3n de la artista Chlo\u00e9 Colin\" data-e-action-hash=\"#elementor-action%3Aaction%3Dlightbox%26settings%3DeyJpZCI6NDkyNCwidXJsIjoiaHR0cHM6XC9cL3JlbWVtY2hpbGQucmVtaWdyYWlkLm9yZ1wvd3AtY29udGVudFwvdXBsb2Fkc1wvMjAyNFwvMDNcL2lzYWJlbGxlLWpvdXJuby0zcmQtZGF5LTA3LmpwZyIsInNsaWRlc2hvdyI6Ijc0OTMyZTYifQ%3D%3D\">\n\t\t\t\t\t<div class=\"e-gallery-image elementor-gallery-item__image\" data-thumbnail=\"https:\/\/rememchild.remigraid.org\/wp-content\/uploads\/2024\/03\/isabelle-journo-3rd-day-07.jpg\" data-width=\"752\" data-height=\"1024\" aria-label=\"Cutting and photomontage of the photographic report at the Lyc\u00e9e du Bugey in December 2023 under the supervision of the artist Chlo\u00e9 Colin \/ Recorte y fotomontaje del reportaje fotogr\u00e1fico en el Lyc\u00e9e du Bugey en diciembre de 2023 bajo la supervisi\u00f3n de la artista Chlo\u00e9 Colin\" role=\"img\" ><\/div>\n\t\t\t\t\t\t\t\t\t\t\t<div class=\"elementor-gallery-item__overlay\"><\/div>\n\t\t\t\t\t\t\t\t\t\t\t\t\t\t<\/a>\n\t\t\t\t\t\t\t<a class=\"e-gallery-item elementor-gallery-item elementor-animated-content\" href=\"https:\/\/rememchild.remigraid.org\/wp-content\/uploads\/2024\/03\/isabelle-journo-3rd-day-08.jpg\" data-elementor-open-lightbox=\"yes\" data-elementor-lightbox-slideshow=\"74932e6\" data-elementor-lightbox-title=\"Cutting and photomontage of the photographic report at the Lyc\u00e9e du Bugey in December 2023 under the supervision of the artist Chlo\u00e9 Colin \/ Recorte y fotomontaje del reportaje fotogr\u00e1fico en el Lyc\u00e9e du Bugey en diciembre de 2023 bajo la supervisi\u00f3n de la artista Chlo\u00e9 Colin\" data-e-action-hash=\"#elementor-action%3Aaction%3Dlightbox%26settings%3DeyJpZCI6NDkyNiwidXJsIjoiaHR0cHM6XC9cL3JlbWVtY2hpbGQucmVtaWdyYWlkLm9yZ1wvd3AtY29udGVudFwvdXBsb2Fkc1wvMjAyNFwvMDNcL2lzYWJlbGxlLWpvdXJuby0zcmQtZGF5LTA4LmpwZyIsInNsaWRlc2hvdyI6Ijc0OTMyZTYifQ%3D%3D\">\n\t\t\t\t\t<div class=\"e-gallery-image elementor-gallery-item__image\" data-thumbnail=\"https:\/\/rememchild.remigraid.org\/wp-content\/uploads\/2024\/03\/isabelle-journo-3rd-day-08-768x879.jpg\" data-width=\"768\" data-height=\"879\" aria-label=\"Cutting and photomontage of the photographic report at the Lyc\u00e9e du Bugey in December 2023 under the supervision of the artist Chlo\u00e9 Colin \/ Recorte y fotomontaje del reportaje fotogr\u00e1fico en el Lyc\u00e9e du Bugey en diciembre de 2023 bajo la supervisi\u00f3n de la artista Chlo\u00e9 Colin\" role=\"img\" ><\/div>\n\t\t\t\t\t\t\t\t\t\t\t<div class=\"elementor-gallery-item__overlay\"><\/div>\n\t\t\t\t\t\t\t\t\t\t\t\t\t\t<\/a>\n\t\t\t\t\t\t\t<a class=\"e-gallery-item elementor-gallery-item elementor-animated-content\" href=\"https:\/\/rememchild.remigraid.org\/wp-content\/uploads\/2024\/03\/isabelle-journo-3rd-day-09.jpg\" data-elementor-open-lightbox=\"yes\" data-elementor-lightbox-slideshow=\"74932e6\" data-elementor-lightbox-title=\"Cutting and photomontage of the photographic report at the Lyc\u00e9e du Bugey in December 2023 under the supervision of the artist Chlo\u00e9 Colin \/ Recorte y fotomontaje del reportaje fotogr\u00e1fico en el Lyc\u00e9e du Bugey en diciembre de 2023 bajo la supervisi\u00f3n de la artista Chlo\u00e9 Colin\" data-e-action-hash=\"#elementor-action%3Aaction%3Dlightbox%26settings%3DeyJpZCI6NDkyOCwidXJsIjoiaHR0cHM6XC9cL3JlbWVtY2hpbGQucmVtaWdyYWlkLm9yZ1wvd3AtY29udGVudFwvdXBsb2Fkc1wvMjAyNFwvMDNcL2lzYWJlbGxlLWpvdXJuby0zcmQtZGF5LTA5LmpwZyIsInNsaWRlc2hvdyI6Ijc0OTMyZTYifQ%3D%3D\">\n\t\t\t\t\t<div class=\"e-gallery-image elementor-gallery-item__image\" data-thumbnail=\"https:\/\/rememchild.remigraid.org\/wp-content\/uploads\/2024\/03\/isabelle-journo-3rd-day-09-768x641.jpg\" data-width=\"768\" data-height=\"641\" aria-label=\"Cutting and photomontage of the photographic report at the Lyc\u00e9e du Bugey in December 2023 under the supervision of the artist Chlo\u00e9 Colin \/ Recorte y fotomontaje del reportaje fotogr\u00e1fico en el Lyc\u00e9e du Bugey en diciembre de 2023 bajo la supervisi\u00f3n de la artista Chlo\u00e9 Colin\" role=\"img\" ><\/div>\n\t\t\t\t\t\t\t\t\t\t\t<div class=\"elementor-gallery-item__overlay\"><\/div>\n\t\t\t\t\t\t\t\t\t\t\t\t\t\t<\/a>\n\t\t\t\t\t\t\t<a class=\"e-gallery-item elementor-gallery-item elementor-animated-content\" href=\"https:\/\/rememchild.remigraid.org\/wp-content\/uploads\/2024\/03\/isabelle-journo-3rd-day-10.jpg\" data-elementor-open-lightbox=\"yes\" data-elementor-lightbox-slideshow=\"74932e6\" data-elementor-lightbox-title=\"Cutting and photomontage of the photographic report at the Lyc\u00e9e du Bugey in December 2023 under the supervision of the artist Chlo\u00e9 Colin \/ Recorte y fotomontaje del reportaje fotogr\u00e1fico en el Lyc\u00e9e du Bugey en diciembre de 2023 bajo la supervisi\u00f3n de la artista Chlo\u00e9 Colin\" data-e-action-hash=\"#elementor-action%3Aaction%3Dlightbox%26settings%3DeyJpZCI6NDkzMCwidXJsIjoiaHR0cHM6XC9cL3JlbWVtY2hpbGQucmVtaWdyYWlkLm9yZ1wvd3AtY29udGVudFwvdXBsb2Fkc1wvMjAyNFwvMDNcL2lzYWJlbGxlLWpvdXJuby0zcmQtZGF5LTEwLmpwZyIsInNsaWRlc2hvdyI6Ijc0OTMyZTYifQ%3D%3D\">\n\t\t\t\t\t<div class=\"e-gallery-image elementor-gallery-item__image\" data-thumbnail=\"https:\/\/rememchild.remigraid.org\/wp-content\/uploads\/2024\/03\/isabelle-journo-3rd-day-10-768x942.jpg\" data-width=\"768\" data-height=\"942\" aria-label=\"Cutting and photomontage of the photographic report at the Lyc\u00e9e du Bugey in December 2023 under the supervision of the artist Chlo\u00e9 Colin \/ Recorte y fotomontaje del reportaje fotogr\u00e1fico en el Lyc\u00e9e du Bugey en diciembre de 2023 bajo la supervisi\u00f3n de la artista Chlo\u00e9 Colin\" role=\"img\" ><\/div>\n\t\t\t\t\t\t\t\t\t\t\t<div class=\"elementor-gallery-item__overlay\"><\/div>\n\t\t\t\t\t\t\t\t\t\t\t\t\t\t<\/a>\n\t\t\t\t\t\t\t<a class=\"e-gallery-item elementor-gallery-item elementor-animated-content\" href=\"https:\/\/rememchild.remigraid.org\/wp-content\/uploads\/2024\/03\/isabelle-journo-3rd-day-11.jpg\" data-elementor-open-lightbox=\"yes\" data-elementor-lightbox-slideshow=\"74932e6\" data-elementor-lightbox-title=\"Cutting and photomontage of the photographic report at the Lyc\u00e9e du Bugey in December 2023 under the supervision of the artist Chlo\u00e9 Colin \/ Recorte y fotomontaje del reportaje fotogr\u00e1fico en el Lyc\u00e9e du Bugey en diciembre de 2023 bajo la supervisi\u00f3n de la artista Chlo\u00e9 Colin\" data-e-action-hash=\"#elementor-action%3Aaction%3Dlightbox%26settings%3DeyJpZCI6NDkzMiwidXJsIjoiaHR0cHM6XC9cL3JlbWVtY2hpbGQucmVtaWdyYWlkLm9yZ1wvd3AtY29udGVudFwvdXBsb2Fkc1wvMjAyNFwvMDNcL2lzYWJlbGxlLWpvdXJuby0zcmQtZGF5LTExLmpwZyIsInNsaWRlc2hvdyI6Ijc0OTMyZTYifQ%3D%3D\">\n\t\t\t\t\t<div class=\"e-gallery-image elementor-gallery-item__image\" data-thumbnail=\"https:\/\/rememchild.remigraid.org\/wp-content\/uploads\/2024\/03\/isabelle-journo-3rd-day-11-768x979.jpg\" data-width=\"768\" data-height=\"979\" aria-label=\"Cutting and photomontage of the photographic report at the Lyc\u00e9e du Bugey in December 2023 under the supervision of the artist Chlo\u00e9 Colin \/ Recorte y fotomontaje del reportaje fotogr\u00e1fico en el Lyc\u00e9e du Bugey en diciembre de 2023 bajo la supervisi\u00f3n de la artista Chlo\u00e9 Colin\" role=\"img\" ><\/div>\n\t\t\t\t\t\t\t\t\t\t\t<div class=\"elementor-gallery-item__overlay\"><\/div>\n\t\t\t\t\t\t\t\t\t\t\t\t\t\t<\/a>\n\t\t\t\t\t<\/div>\n\t\t\t\t\t<\/div>\n\t\t\t\t<\/div>\n\t\t\t\t\t<\/div>\n\t\t<\/div>\n\t\t\t\t\t<\/div>\n\t\t<\/section>\n\t\t\t\t<section class=\"elementor-section elementor-inner-section elementor-element elementor-element-05ac244 elementor-section-content-bottom elementor-section-boxed elementor-section-height-default elementor-section-height-default\" data-id=\"05ac244\" data-element_type=\"section\" data-e-type=\"section\">\n\t\t\t\t\t\t<div class=\"elementor-container elementor-column-gap-default\">\n\t\t\t\t\t<div class=\"elementor-column elementor-col-100 elementor-inner-column elementor-element elementor-element-dbe96cc\" data-id=\"dbe96cc\" data-element_type=\"column\" data-e-type=\"column\">\n\t\t\t<div class=\"elementor-widget-wrap elementor-element-populated\">\n\t\t\t\t\t\t<div class=\"elementor-element elementor-element-f61e30c content-align-left icon-box-vertical-align-top icon-position-left icon-vertical-align-start elementor-widget elementor-widget-the7_icon_box_grid_widget\" data-id=\"f61e30c\" data-element_type=\"widget\" data-e-type=\"widget\" data-widget_type=\"the7_icon_box_grid_widget.default\">\n\t\t\t\t<div class=\"elementor-widget-container\">\n\t\t\t\t\t<div class=\"the7-box-grid-wrapper the7-elementor-widget loading-effect-none the7_icon_box_grid_widget-f61e30c\">\t\t\t<div class=\"dt-css-grid\">\n\t\t\t\t\t\t\t\t\t<div class=\"wf-cell shown\">\n\t\t\t\t\t\t<a class=\"the7-icon-box-grid box-hover\" target=\"_blank\" rel=\"nofollow\" aria-label=\"S\u00e9verine Dixmerias \">\t\t\t\t\t\t\t<div class=\"box-content-wrapper\">\n\t\t\t\t\t\t\t\t\t\t\t\t\t\t\t\t\t<div class=\"elementor-icon-div\">\t\t\t\t\t\t\t\t\t\t<div class=\"elementor-icon\">\n\t\t\t\t\t\t\t\t\t\t\t<i aria-hidden=\"true\" class=\"fas fa-plus\"><\/i>\t\t\t\t\t\t\t\t\t\t<\/div>\n\t\t\t\t\t\t\t\t\t<\/div>\t\t\t\t\t\t\t\t\t\t\t\t\t\t\t\t<div class=\"box-content\">\n\t\t\t\t\t\t\t\t\t\t\t\t\t\t\t\t\t\t\t\t\t\t\t\t\t\t\t\t\t<h3 class=\"box-heading\">\n\t\t\t\t\t\t\t\t\t\t\t\t\t\t\t\t\t\t\t\t\t\t\tS\u00e9verine Dixmerias \t\t\t\t\t\t\t\t\t\t\t\t\t\t\t\t\t\t\t\t\t<\/h3>\n\t\t\t\t\t\t\t\t\t\t\t\t\t\t\t\t\t\t\t\t\t\t\t\t\t\t\t\t<div class=\"box-description\">Photos taken by Mrs S\u00e9verine Dixmerias, professor of French-history-geography, during the memorial objects\u2019 creation by the pupils of the \u00ab Vehicle maintenance \u00bb course in their secondary school in September 2023, under the artist Roman Kroke\u2019s supervision. <\/div>\n\t\t\t\t\t\t\t\t\t\t\t\t\t\t\t\t\t\t\t\t\t\t\t\t\t\t<\/div>\n\t\t\t\t\t\t\t<\/div>\n\t\t\t\t\t\t<\/a>\t\t\t\t\t<\/div>\n\t\t\t\t\t\t\t<\/div>\n\t\t<\/div>\t\t\t\t<\/div>\n\t\t\t\t<\/div>\n\t\t\t\t<div class=\"elementor-element elementor-element-bafffe7 elementor-widget elementor-widget-gallery\" data-id=\"bafffe7\" data-element_type=\"widget\" data-e-type=\"widget\" data-settings=\"{&quot;columns&quot;:6,&quot;columns_tablet&quot;:4,&quot;columns_mobile&quot;:2,&quot;lazyload&quot;:&quot;yes&quot;,&quot;gallery_layout&quot;:&quot;grid&quot;,&quot;gap&quot;:{&quot;unit&quot;:&quot;px&quot;,&quot;size&quot;:10,&quot;sizes&quot;:[]},&quot;gap_tablet&quot;:{&quot;unit&quot;:&quot;px&quot;,&quot;size&quot;:10,&quot;sizes&quot;:[]},&quot;gap_mobile&quot;:{&quot;unit&quot;:&quot;px&quot;,&quot;size&quot;:10,&quot;sizes&quot;:[]},&quot;link_to&quot;:&quot;file&quot;,&quot;aspect_ratio&quot;:&quot;3:2&quot;,&quot;overlay_background&quot;:&quot;yes&quot;,&quot;content_hover_animation&quot;:&quot;fade-in&quot;}\" data-widget_type=\"gallery.default\">\n\t\t\t\t<div class=\"elementor-widget-container\">\n\t\t\t\t\t\t\t<div class=\"elementor-gallery__container\">\n\t\t\t\t\t\t\t<a class=\"e-gallery-item elementor-gallery-item elementor-animated-content\" href=\"https:\/\/rememchild.remigraid.org\/wp-content\/uploads\/2024\/03\/severine-dixmerias-01.jpg\" data-elementor-open-lightbox=\"yes\" data-elementor-lightbox-slideshow=\"bafffe7\" data-elementor-lightbox-title=\"Fotos tomadas por la Sra. S\u00e9verine Dixmerias, profesora de historia-geograf\u00eda francesa, durante la creaci\u00f3n de los objetos conmemorativos por los alumnos del curso &quot; Mantenimiento de veh\u00edculos &quot; en su instituto en septiembre de 2023, bajo la supervisi\u00f3n del artista Roman Kroke.\" data-e-action-hash=\"#elementor-action%3Aaction%3Dlightbox%26settings%3DeyJpZCI6NDkzNCwidXJsIjoiaHR0cHM6XC9cL3JlbWVtY2hpbGQucmVtaWdyYWlkLm9yZ1wvd3AtY29udGVudFwvdXBsb2Fkc1wvMjAyNFwvMDNcL3NldmVyaW5lLWRpeG1lcmlhcy0wMS5qcGciLCJzbGlkZXNob3ciOiJiYWZmZmU3In0%3D\">\n\t\t\t\t\t<div class=\"e-gallery-image elementor-gallery-item__image\" data-thumbnail=\"https:\/\/rememchild.remigraid.org\/wp-content\/uploads\/2024\/03\/severine-dixmerias-01-768x576.jpg\" data-width=\"768\" data-height=\"576\" aria-label=\"Fotos tomadas por la Sra. S\u00e9verine Dixmerias, profesora de historia-geograf\u00eda francesa, durante la creaci\u00f3n de los objetos conmemorativos por los alumnos del curso &quot; Mantenimiento de veh\u00edculos &quot; en su instituto en septiembre de 2023, bajo la supervisi\u00f3n del artista Roman Kroke.\" role=\"img\" ><\/div>\n\t\t\t\t\t\t\t\t\t\t\t<div class=\"elementor-gallery-item__overlay\"><\/div>\n\t\t\t\t\t\t\t\t\t\t\t\t\t\t<\/a>\n\t\t\t\t\t\t\t<a class=\"e-gallery-item elementor-gallery-item elementor-animated-content\" href=\"https:\/\/rememchild.remigraid.org\/wp-content\/uploads\/2024\/03\/severine-dixmerias-02.jpg\" data-elementor-open-lightbox=\"yes\" data-elementor-lightbox-slideshow=\"bafffe7\" data-elementor-lightbox-title=\"Fotos tomadas por la Sra. S\u00e9verine Dixmerias, profesora de historia-geograf\u00eda francesa, durante la creaci\u00f3n de los objetos conmemorativos por los alumnos del curso &quot; Mantenimiento de veh\u00edculos &quot; en su instituto en septiembre de 2023, bajo la supervisi\u00f3n del artista Roman Kroke.\" data-e-action-hash=\"#elementor-action%3Aaction%3Dlightbox%26settings%3DeyJpZCI6NDkzNiwidXJsIjoiaHR0cHM6XC9cL3JlbWVtY2hpbGQucmVtaWdyYWlkLm9yZ1wvd3AtY29udGVudFwvdXBsb2Fkc1wvMjAyNFwvMDNcL3NldmVyaW5lLWRpeG1lcmlhcy0wMi5qcGciLCJzbGlkZXNob3ciOiJiYWZmZmU3In0%3D\">\n\t\t\t\t\t<div class=\"e-gallery-image elementor-gallery-item__image\" data-thumbnail=\"https:\/\/rememchild.remigraid.org\/wp-content\/uploads\/2024\/03\/severine-dixmerias-02.jpg\" data-width=\"768\" data-height=\"1024\" aria-label=\"Fotos tomadas por la Sra. S\u00e9verine Dixmerias, profesora de historia-geograf\u00eda francesa, durante la creaci\u00f3n de los objetos conmemorativos por los alumnos del curso &quot; Mantenimiento de veh\u00edculos &quot; en su instituto en septiembre de 2023, bajo la supervisi\u00f3n del artista Roman Kroke.\" role=\"img\" ><\/div>\n\t\t\t\t\t\t\t\t\t\t\t<div class=\"elementor-gallery-item__overlay\"><\/div>\n\t\t\t\t\t\t\t\t\t\t\t\t\t\t<\/a>\n\t\t\t\t\t\t\t<a class=\"e-gallery-item elementor-gallery-item elementor-animated-content\" href=\"https:\/\/rememchild.remigraid.org\/wp-content\/uploads\/2024\/03\/severine-dixmerias-03.jpg\" data-elementor-open-lightbox=\"yes\" data-elementor-lightbox-slideshow=\"bafffe7\" data-elementor-lightbox-title=\"Fotos tomadas por la Sra. S\u00e9verine Dixmerias, profesora de historia-geograf\u00eda francesa, durante la creaci\u00f3n de los objetos conmemorativos por los alumnos del curso &quot; Mantenimiento de veh\u00edculos &quot; en su instituto en septiembre de 2023, bajo la supervisi\u00f3n del artista Roman Kroke.\" data-e-action-hash=\"#elementor-action%3Aaction%3Dlightbox%26settings%3DeyJpZCI6NDkzOCwidXJsIjoiaHR0cHM6XC9cL3JlbWVtY2hpbGQucmVtaWdyYWlkLm9yZ1wvd3AtY29udGVudFwvdXBsb2Fkc1wvMjAyNFwvMDNcL3NldmVyaW5lLWRpeG1lcmlhcy0wMy5qcGciLCJzbGlkZXNob3ciOiJiYWZmZmU3In0%3D\">\n\t\t\t\t\t<div class=\"e-gallery-image elementor-gallery-item__image\" data-thumbnail=\"https:\/\/rememchild.remigraid.org\/wp-content\/uploads\/2024\/03\/severine-dixmerias-03-768x576.jpg\" data-width=\"768\" data-height=\"576\" aria-label=\"Fotos tomadas por la Sra. S\u00e9verine Dixmerias, profesora de historia-geograf\u00eda francesa, durante la creaci\u00f3n de los objetos conmemorativos por los alumnos del curso &quot; Mantenimiento de veh\u00edculos &quot; en su instituto en septiembre de 2023, bajo la supervisi\u00f3n del artista Roman Kroke.\" role=\"img\" ><\/div>\n\t\t\t\t\t\t\t\t\t\t\t<div class=\"elementor-gallery-item__overlay\"><\/div>\n\t\t\t\t\t\t\t\t\t\t\t\t\t\t<\/a>\n\t\t\t\t\t\t\t<a class=\"e-gallery-item elementor-gallery-item elementor-animated-content\" href=\"https:\/\/rememchild.remigraid.org\/wp-content\/uploads\/2024\/03\/severine-dixmerias-04.jpg\" data-elementor-open-lightbox=\"yes\" data-elementor-lightbox-slideshow=\"bafffe7\" data-elementor-lightbox-title=\"Fotos tomadas por la Sra. S\u00e9verine Dixmerias, profesora de historia-geograf\u00eda francesa, durante la creaci\u00f3n de los objetos conmemorativos por los alumnos del curso &quot; Mantenimiento de veh\u00edculos &quot; en su instituto en septiembre de 2023, bajo la supervisi\u00f3n del artista Roman Kroke.\" data-e-action-hash=\"#elementor-action%3Aaction%3Dlightbox%26settings%3DeyJpZCI6NDk0MCwidXJsIjoiaHR0cHM6XC9cL3JlbWVtY2hpbGQucmVtaWdyYWlkLm9yZ1wvd3AtY29udGVudFwvdXBsb2Fkc1wvMjAyNFwvMDNcL3NldmVyaW5lLWRpeG1lcmlhcy0wNC5qcGciLCJzbGlkZXNob3ciOiJiYWZmZmU3In0%3D\">\n\t\t\t\t\t<div class=\"e-gallery-image elementor-gallery-item__image\" data-thumbnail=\"https:\/\/rememchild.remigraid.org\/wp-content\/uploads\/2024\/03\/severine-dixmerias-04.jpg\" data-width=\"768\" data-height=\"1024\" aria-label=\"Fotos tomadas por la Sra. S\u00e9verine Dixmerias, profesora de historia-geograf\u00eda francesa, durante la creaci\u00f3n de los objetos conmemorativos por los alumnos del curso &quot; Mantenimiento de veh\u00edculos &quot; en su instituto en septiembre de 2023, bajo la supervisi\u00f3n del artista Roman Kroke.\" role=\"img\" ><\/div>\n\t\t\t\t\t\t\t\t\t\t\t<div class=\"elementor-gallery-item__overlay\"><\/div>\n\t\t\t\t\t\t\t\t\t\t\t\t\t\t<\/a>\n\t\t\t\t\t\t\t<a class=\"e-gallery-item elementor-gallery-item elementor-animated-content\" href=\"https:\/\/rememchild.remigraid.org\/wp-content\/uploads\/2024\/03\/severine-dixmerias-05.jpg\" data-elementor-open-lightbox=\"yes\" data-elementor-lightbox-slideshow=\"bafffe7\" data-elementor-lightbox-title=\"Fotos tomadas por la Sra. S\u00e9verine Dixmerias, profesora de historia-geograf\u00eda francesa, durante la creaci\u00f3n de los objetos conmemorativos por los alumnos del curso &quot; Mantenimiento de veh\u00edculos &quot; en su instituto en septiembre de 2023, bajo la supervisi\u00f3n del artista Roman Kroke.\" data-e-action-hash=\"#elementor-action%3Aaction%3Dlightbox%26settings%3DeyJpZCI6NDk0MiwidXJsIjoiaHR0cHM6XC9cL3JlbWVtY2hpbGQucmVtaWdyYWlkLm9yZ1wvd3AtY29udGVudFwvdXBsb2Fkc1wvMjAyNFwvMDNcL3NldmVyaW5lLWRpeG1lcmlhcy0wNS5qcGciLCJzbGlkZXNob3ciOiJiYWZmZmU3In0%3D\">\n\t\t\t\t\t<div class=\"e-gallery-image elementor-gallery-item__image\" data-thumbnail=\"https:\/\/rememchild.remigraid.org\/wp-content\/uploads\/2024\/03\/severine-dixmerias-05.jpg\" data-width=\"768\" data-height=\"1024\" aria-label=\"Fotos tomadas por la Sra. S\u00e9verine Dixmerias, profesora de historia-geograf\u00eda francesa, durante la creaci\u00f3n de los objetos conmemorativos por los alumnos del curso &quot; Mantenimiento de veh\u00edculos &quot; en su instituto en septiembre de 2023, bajo la supervisi\u00f3n del artista Roman Kroke.\" role=\"img\" ><\/div>\n\t\t\t\t\t\t\t\t\t\t\t<div class=\"elementor-gallery-item__overlay\"><\/div>\n\t\t\t\t\t\t\t\t\t\t\t\t\t\t<\/a>\n\t\t\t\t\t<\/div>\n\t\t\t\t\t<\/div>\n\t\t\t\t<\/div>\n\t\t\t\t\t<\/div>\n\t\t<\/div>\n\t\t\t\t\t<\/div>\n\t\t<\/section>\n\t\t\t\t<section class=\"elementor-section elementor-inner-section elementor-element elementor-element-ff6ac91 elementor-section-content-bottom elementor-section-boxed elementor-section-height-default elementor-section-height-default\" data-id=\"ff6ac91\" data-element_type=\"section\" data-e-type=\"section\">\n\t\t\t\t\t\t<div class=\"elementor-container elementor-column-gap-default\">\n\t\t\t\t\t<div class=\"elementor-column elementor-col-100 elementor-inner-column elementor-element elementor-element-b8d17bd\" data-id=\"b8d17bd\" data-element_type=\"column\" data-e-type=\"column\">\n\t\t\t<div class=\"elementor-widget-wrap elementor-element-populated\">\n\t\t\t\t\t\t<div class=\"elementor-element elementor-element-3500568 elementor-widget elementor-widget-heading\" data-id=\"3500568\" data-element_type=\"widget\" data-e-type=\"widget\" data-widget_type=\"heading.default\">\n\t\t\t\t<div class=\"elementor-widget-container\">\n\t\t\t\t\t<h3 class=\"elementor-heading-title elementor-size-default\">Links of interest<\/h3>\t\t\t\t<\/div>\n\t\t\t\t<\/div>\n\t\t\t\t<div class=\"elementor-element elementor-element-4f8322f elementor-widget-divider--view-line elementor-widget elementor-widget-divider\" data-id=\"4f8322f\" data-element_type=\"widget\" data-e-type=\"widget\" data-widget_type=\"divider.default\">\n\t\t\t\t<div class=\"elementor-widget-container\">\n\t\t\t\t\t\t\t<div class=\"elementor-divider\">\n\t\t\t<span class=\"elementor-divider-separator\">\n\t\t\t\t\t\t<\/span>\n\t\t<\/div>\n\t\t\t\t\t\t<\/div>\n\t\t\t\t<\/div>\n\t\t\t\t<div class=\"elementor-element elementor-element-fe5a250 content-align-left icon-box-vertical-align-top icon-position-left icon-vertical-align-start elementor-widget elementor-widget-the7_icon_box_grid_widget\" data-id=\"fe5a250\" data-element_type=\"widget\" data-e-type=\"widget\" data-widget_type=\"the7_icon_box_grid_widget.default\">\n\t\t\t\t<div class=\"elementor-widget-container\">\n\t\t\t\t\t<div class=\"the7-box-grid-wrapper the7-elementor-widget loading-effect-none the7_icon_box_grid_widget-fe5a250\">\t\t\t<div class=\"dt-css-grid\">\n\t\t\t\t\t\t\t\t\t<div class=\"wf-cell shown\">\n\t\t\t\t\t\t<a class=\"the7-icon-box-grid box-hover\" href=\"https:\/\/www.memorializieu.eu\/le-musee-memorial\/mur-contre-loubli-2\/\" target=\"_blank\" rel=\"nofollow\" aria-label=\"memorializieu.eu -Wall against oblivion \u2013 European project Rememchild\">\t\t\t\t\t\t\t<div class=\"box-content-wrapper\">\n\t\t\t\t\t\t\t\t\t\t\t\t\t\t\t\t\t<div class=\"elementor-icon-div\">\t\t\t\t\t\t\t\t\t\t<div class=\"elementor-icon\">\n\t\t\t\t\t\t\t\t\t\t\t<i aria-hidden=\"true\" class=\"fas fa-share\"><\/i>\t\t\t\t\t\t\t\t\t\t<\/div>\n\t\t\t\t\t\t\t\t\t<\/div>\t\t\t\t\t\t\t\t\t\t\t\t\t\t\t\t<div class=\"box-content\">\n\t\t\t\t\t\t\t\t\t\t\t\t\t\t\t\t\t\t\t\t\t\t\t\t\t\t\t\t\t<div class=\"box-heading\">\n\t\t\t\t\t\t\t\t\t\t\t\t\t\t\t\t\t\t\t\t\t\t\tmemorializieu.eu -Wall against oblivion \u2013 European project Rememchild\t\t\t\t\t\t\t\t\t\t\t\t\t\t\t\t\t\t\t\t\t<\/div>\n\t\t\t\t\t\t\t\t\t\t\t\t\t\t\t\t\t\t\t\t\t\t\t\t\t\t\t\t\t\t\t\t\t\t\t<\/div>\n\t\t\t\t\t\t\t<\/div>\n\t\t\t\t\t\t<\/a>\t\t\t\t\t<\/div>\n\t\t\t\t\t\t\t\t\t<div class=\"wf-cell shown\">\n\t\t\t\t\t\t<a class=\"the7-icon-box-grid box-hover\" href=\"https:\/\/rememchild.remigraid.org\/wp-content\/uploads\/2024\/03\/introduction-and-conclusion-boards.pdf\" target=\"_blank\" rel=\"nofollow\" aria-label=\"Introduction and conclusion boards\">\t\t\t\t\t\t\t<div class=\"box-content-wrapper\">\n\t\t\t\t\t\t\t\t\t\t\t\t\t\t\t\t\t<div class=\"elementor-icon-div\">\t\t\t\t\t\t\t\t\t\t<div class=\"elementor-icon\">\n\t\t\t\t\t\t\t\t\t\t\t<i aria-hidden=\"true\" class=\"fas fa-share\"><\/i>\t\t\t\t\t\t\t\t\t\t<\/div>\n\t\t\t\t\t\t\t\t\t<\/div>\t\t\t\t\t\t\t\t\t\t\t\t\t\t\t\t<div class=\"box-content\">\n\t\t\t\t\t\t\t\t\t\t\t\t\t\t\t\t\t\t\t\t\t\t\t\t\t\t\t\t\t<div class=\"box-heading\">\n\t\t\t\t\t\t\t\t\t\t\t\t\t\t\t\t\t\t\t\t\t\t\tIntroduction and conclusion boards\t\t\t\t\t\t\t\t\t\t\t\t\t\t\t\t\t\t\t\t\t<\/div>\n\t\t\t\t\t\t\t\t\t\t\t\t\t\t\t\t\t\t\t\t\t\t\t\t\t\t\t\t\t\t\t\t\t\t\t<\/div>\n\t\t\t\t\t\t\t<\/div>\n\t\t\t\t\t\t<\/a>\t\t\t\t\t<\/div>\n\t\t\t\t\t\t\t\t\t<div class=\"wf-cell shown\">\n\t\t\t\t\t\t<a class=\"the7-icon-box-grid box-hover\" href=\"https:\/\/www.youtube.com\/watch?v=Cq1ELsQeDvE\" target=\"_blank\" rel=\"nofollow\" aria-label=\"Inauguration mur contre l&#039;oubli 26 janvier 2024\">\t\t\t\t\t\t\t<div class=\"box-content-wrapper\">\n\t\t\t\t\t\t\t\t\t\t\t\t\t\t\t\t\t<div class=\"elementor-icon-div\">\t\t\t\t\t\t\t\t\t\t<div class=\"elementor-icon\">\n\t\t\t\t\t\t\t\t\t\t\t<i aria-hidden=\"true\" class=\"far fa-play-circle\"><\/i>\t\t\t\t\t\t\t\t\t\t<\/div>\n\t\t\t\t\t\t\t\t\t<\/div>\t\t\t\t\t\t\t\t\t\t\t\t\t\t\t\t<div class=\"box-content\">\n\t\t\t\t\t\t\t\t\t\t\t\t\t\t\t\t\t\t\t\t\t\t\t\t\t\t\t\t\t<div class=\"box-heading\">\n\t\t\t\t\t\t\t\t\t\t\t\t\t\t\t\t\t\t\t\t\t\t\tInauguration mur contre l'oubli 26 janvier 2024\t\t\t\t\t\t\t\t\t\t\t\t\t\t\t\t\t\t\t\t\t<\/div>\n\t\t\t\t\t\t\t\t\t\t\t\t\t\t\t\t\t\t\t\t\t\t\t\t\t\t\t\t\t\t\t\t\t\t\t<\/div>\n\t\t\t\t\t\t\t<\/div>\n\t\t\t\t\t\t<\/a>\t\t\t\t\t<\/div>\n\t\t\t\t\t\t\t<\/div>\n\t\t<\/div>\t\t\t\t<\/div>\n\t\t\t\t<\/div>\n\t\t\t\t\t<\/div>\n\t\t<\/div>\n\t\t\t\t\t<\/div>\n\t\t<\/section>\n\t\t\t\t\t<\/div>\n\t\t<\/div>\n\t\t\t\t\t<\/div>\n\t\t<\/section>\n\t\t\t\t<section class=\"elementor-section elementor-top-section elementor-element elementor-element-5c75124 elementor-section-stretched elementor-section-boxed elementor-section-height-default elementor-section-height-default\" data-id=\"5c75124\" data-element_type=\"section\" data-e-type=\"section\" data-settings=\"{&quot;stretch_section&quot;:&quot;section-stretched&quot;,&quot;background_background&quot;:&quot;classic&quot;}\">\n\t\t\t\t\t\t<div class=\"elementor-container elementor-column-gap-default\">\n\t\t\t\t\t<div class=\"elementor-column elementor-col-100 elementor-top-column elementor-element elementor-element-c0bc44a\" data-id=\"c0bc44a\" data-element_type=\"column\" data-e-type=\"column\">\n\t\t\t<div class=\"elementor-widget-wrap elementor-element-populated\">\n\t\t\t\t\t\t<section class=\"elementor-section elementor-inner-section elementor-element elementor-element-bd9ba90 elementor-section-boxed elementor-section-height-default elementor-section-height-default\" data-id=\"bd9ba90\" data-element_type=\"section\" data-e-type=\"section\">\n\t\t\t\t\t\t<div class=\"elementor-container elementor-column-gap-default\">\n\t\t\t\t\t<div class=\"elementor-column elementor-col-50 elementor-inner-column elementor-element elementor-element-4e7a7f1\" data-id=\"4e7a7f1\" data-element_type=\"column\" data-e-type=\"column\" data-settings=\"{&quot;background_background&quot;:&quot;classic&quot;}\">\n\t\t\t<div class=\"elementor-widget-wrap elementor-element-populated\">\n\t\t\t\t\t\t<div class=\"elementor-element elementor-element-ce0ef6e content-align-left icon-box-vertical-align-top icon-position-left icon-vertical-align-start elementor-widget elementor-widget-the7_icon_box_grid_widget\" data-id=\"ce0ef6e\" data-element_type=\"widget\" data-e-type=\"widget\" data-widget_type=\"the7_icon_box_grid_widget.default\">\n\t\t\t\t<div class=\"elementor-widget-container\">\n\t\t\t\t\t<div class=\"the7-box-grid-wrapper the7-elementor-widget loading-effect-none the7_icon_box_grid_widget-ce0ef6e\">\t\t\t<div class=\"dt-css-grid\">\n\t\t\t\t\t\t\t\t\t<div class=\"wf-cell shown\">\n\t\t\t\t\t\t<a class=\"the7-icon-box-grid box-hover\" target=\"_blank\" rel=\"nofollow\" aria-label=\"Final result\">\t\t\t\t\t\t\t<div class=\"box-content-wrapper\">\n\t\t\t\t\t\t\t\t\t\t\t\t\t\t\t\t\t<div class=\"elementor-icon-div\">\t\t\t\t\t\t\t\t\t\t<div class=\"elementor-icon\">\n\t\t\t\t\t\t\t\t\t\t\t<i aria-hidden=\"true\" class=\"fas fa-plus\"><\/i>\t\t\t\t\t\t\t\t\t\t<\/div>\n\t\t\t\t\t\t\t\t\t<\/div>\t\t\t\t\t\t\t\t\t\t\t\t\t\t\t\t<div class=\"box-content\">\n\t\t\t\t\t\t\t\t\t\t\t\t\t\t\t\t\t\t\t\t\t\t\t\t\t\t\t\t\t<h3 class=\"box-heading\">\n\t\t\t\t\t\t\t\t\t\t\t\t\t\t\t\t\t\t\t\t\t\t\tFinal result\t\t\t\t\t\t\t\t\t\t\t\t\t\t\t\t\t\t\t\t\t<\/h3>\n\t\t\t\t\t\t\t\t\t\t\t\t\t\t\t\t\t\t\t\t\t\t\t\t\t\t\t\t<div class=\"box-description\">The \u00ab Wall against oblivion \u00bb was inaugurated on January 26 2024 at the Maison d\u2019Izieu just after the ceremony in remembrance of the victims of the Holocaust. \nIt will be exhibited in the orchard until November 1 2024.\n<\/div>\n\t\t\t\t\t\t\t\t\t\t\t\t\t\t\t\t\t\t\t\t\t\t\t\t\t\t<\/div>\n\t\t\t\t\t\t\t<\/div>\n\t\t\t\t\t\t<\/a>\t\t\t\t\t<\/div>\n\t\t\t\t\t\t\t<\/div>\n\t\t<\/div>\t\t\t\t<\/div>\n\t\t\t\t<\/div>\n\t\t\t\t<div class=\"elementor-element elementor-element-63ff1b7 elementor-widget-divider--view-line elementor-widget elementor-widget-divider\" data-id=\"63ff1b7\" data-element_type=\"widget\" data-e-type=\"widget\" data-widget_type=\"divider.default\">\n\t\t\t\t<div class=\"elementor-widget-container\">\n\t\t\t\t\t\t\t<div class=\"elementor-divider\">\n\t\t\t<span class=\"elementor-divider-separator\">\n\t\t\t\t\t\t<\/span>\n\t\t<\/div>\n\t\t\t\t\t\t<\/div>\n\t\t\t\t<\/div>\n\t\t\t\t<div class=\"elementor-element elementor-element-f81a0b3 elementor-widget elementor-widget-spacer\" data-id=\"f81a0b3\" data-element_type=\"widget\" data-e-type=\"widget\" data-widget_type=\"spacer.default\">\n\t\t\t\t<div class=\"elementor-widget-container\">\n\t\t\t\t\t\t\t<div class=\"elementor-spacer\">\n\t\t\t<div class=\"elementor-spacer-inner\"><\/div>\n\t\t<\/div>\n\t\t\t\t\t\t<\/div>\n\t\t\t\t<\/div>\n\t\t\t\t\t<\/div>\n\t\t<\/div>\n\t\t\t\t<div class=\"elementor-column elementor-col-50 elementor-inner-column elementor-element elementor-element-d5c3835\" data-id=\"d5c3835\" data-element_type=\"column\" data-e-type=\"column\">\n\t\t\t<div class=\"elementor-widget-wrap elementor-element-populated\">\n\t\t\t\t\t\t<div class=\"elementor-element elementor-element-dc4f135 elementor-widget elementor-widget-spacer\" data-id=\"dc4f135\" data-element_type=\"widget\" data-e-type=\"widget\" data-widget_type=\"spacer.default\">\n\t\t\t\t<div class=\"elementor-widget-container\">\n\t\t\t\t\t\t\t<div class=\"elementor-spacer\">\n\t\t\t<div class=\"elementor-spacer-inner\"><\/div>\n\t\t<\/div>\n\t\t\t\t\t\t<\/div>\n\t\t\t\t<\/div>\n\t\t\t\t<div class=\"elementor-element elementor-element-6970d35 content-align-right icon-position-right icon-box-vertical-align-top icon-vertical-align-start elementor-widget elementor-widget-the7_icon_box_widget\" data-id=\"6970d35\" data-element_type=\"widget\" data-e-type=\"widget\" data-widget_type=\"the7_icon_box_widget.default\">\n\t\t\t\t<div class=\"elementor-widget-container\">\n\t\t\t\t\t\n\t\t<a class=\"the7-box-wrapper the7-elementor-widget box-hover the7_icon_box_widget-6970d35\" href=\"https:\/\/www.memorializieu.eu\/le-musee-memorial\/mur-contre-loubli-2\/\" target=\"_blank\" rel=\"nofollow\">\t\t\t<div class=\"box-content-wrapper\">\n\t\t\t\t\t\t\t\t\t<div class=\"elementor-icon-div\">\t\t\t\t\t\t<div class=\"elementor-icon\">\n\t\t\t\t\t\t\t<i aria-hidden=\"true\" class=\"fas fa-link\"><\/i>\t\t\t\t\t\t<\/div>\n\t\t\t\t\t<\/div>\t\t\t\t\t\t\t\t<div class=\"box-content\">\n\t\t\t\t\t\t\t\t\t\t\t\t\t\t\t\t\t<h4 class=\"box-heading\">\n\t\t\t\t\t\t\t\t\t\t\t\t\t\t\tMaison d\u2019Izieu\t\t\t\t\t\t\t\t\t\t\t\t\t<\/h4>\n\t\t\t\t\t\t\t\t\t\t\t\t\t\t\t\t<div class=\"box-description\">Walls against oblivion<\/div>\n\t\t\t\t\t\n\t\t\t\t\t\n\t\t\t\t<\/div>\n\t\t\t<\/div>\n\t\t<\/a>\t\t\t\t\t<\/div>\n\t\t\t\t<\/div>\n\t\t\t\t\t<\/div>\n\t\t<\/div>\n\t\t\t\t\t<\/div>\n\t\t<\/section>\n\t\t\t\t\t<\/div>\n\t\t<\/div>\n\t\t\t\t\t<\/div>\n\t\t<\/section>\n\t\t\t\t<section class=\"elementor-section elementor-top-section elementor-element elementor-element-0a61469 elementor-section-stretched elementor-section-boxed elementor-section-height-default elementor-section-height-default\" data-id=\"0a61469\" data-element_type=\"section\" data-e-type=\"section\" data-settings=\"{&quot;stretch_section&quot;:&quot;section-stretched&quot;,&quot;background_background&quot;:&quot;classic&quot;}\">\n\t\t\t\t\t\t<div class=\"elementor-container elementor-column-gap-default\">\n\t\t\t\t\t<div class=\"elementor-column elementor-col-100 elementor-top-column elementor-element elementor-element-b3d64af\" data-id=\"b3d64af\" data-element_type=\"column\" data-e-type=\"column\">\n\t\t\t<div class=\"elementor-widget-wrap elementor-element-populated\">\n\t\t\t\t\t\t<div class=\"elementor-element elementor-element-048bbdd elementor-widget-divider--separator-type-pattern elementor-widget-divider--view-line elementor-widget elementor-widget-divider\" data-id=\"048bbdd\" data-element_type=\"widget\" data-e-type=\"widget\" data-widget_type=\"divider.default\">\n\t\t\t\t<div class=\"elementor-widget-container\">\n\t\t\t\t\t\t\t<div class=\"elementor-divider\" style=\"--divider-pattern-url: url(&quot;data:image\/svg+xml,%3Csvg xmlns=&#039;http:\/\/www.w3.org\/2000\/svg&#039; preserveAspectRatio=&#039;none&#039; overflow=&#039;visible&#039; height=&#039;100%&#039; viewBox=&#039;0 0 20 16&#039; fill=&#039;none&#039; stroke=&#039;black&#039; stroke-width=&#039;1&#039; stroke-linecap=&#039;square&#039; stroke-miterlimit=&#039;10&#039;%3E%3Cg transform=&#039;translate(-12.000000, 0)&#039;%3E%3Cpath d=&#039;M28,0L10,18&#039;\/%3E%3Cpath d=&#039;M18,0L0,18&#039;\/%3E%3Cpath d=&#039;M48,0L30,18&#039;\/%3E%3Cpath d=&#039;M38,0L20,18&#039;\/%3E%3C\/g%3E%3C\/svg%3E&quot;);\">\n\t\t\t<span class=\"elementor-divider-separator\">\n\t\t\t\t\t\t<\/span>\n\t\t<\/div>\n\t\t\t\t\t\t<\/div>\n\t\t\t\t<\/div>\n\t\t\t\t<div class=\"elementor-element elementor-element-cdd882f elementor-widget elementor-widget-spacer\" data-id=\"cdd882f\" data-element_type=\"widget\" data-e-type=\"widget\" data-widget_type=\"spacer.default\">\n\t\t\t\t<div class=\"elementor-widget-container\">\n\t\t\t\t\t\t\t<div class=\"elementor-spacer\">\n\t\t\t<div class=\"elementor-spacer-inner\"><\/div>\n\t\t<\/div>\n\t\t\t\t\t\t<\/div>\n\t\t\t\t<\/div>\n\t\t\t\t<div class=\"elementor-element elementor-element-be00d6f arrows-relative-to-box_area slider-layout_1 slider-tablet-default slider-mobile-default slide-h-position-center bullets-small-dot-stroke elementor-widget elementor-widget-the7_content_carousel\" data-id=\"be00d6f\" data-element_type=\"widget\" data-e-type=\"widget\" data-settings=\"{&quot;widget_columns&quot;:4,&quot;widget_columns_tablet&quot;:2,&quot;widget_columns_mobile&quot;:1,&quot;gap_between_posts&quot;:{&quot;unit&quot;:&quot;px&quot;,&quot;size&quot;:30,&quot;sizes&quot;:[]},&quot;gap_between_posts_tablet&quot;:{&quot;unit&quot;:&quot;px&quot;,&quot;size&quot;:&quot;&quot;,&quot;sizes&quot;:[]},&quot;gap_between_posts_mobile&quot;:{&quot;unit&quot;:&quot;px&quot;,&quot;size&quot;:&quot;&quot;,&quot;sizes&quot;:[]}}\" data-widget_type=\"the7_content_carousel.default\">\n\t\t\t\t<div class=\"elementor-widget-container\">\n\t\t\t\t\t<div class=\"disable-arrows-hover-bg owl-carousel text-and-icon-carousel elementor-owl-carousel-call the7-elementor-widget the7_content_carousel-be00d6f\" data-scroll-mode=\"1\" data-auto-height=\"false\" data-speed=\"600\" data-autoplay=\"true\" data-autoplay_speed=\"3000\"><div  class=\"dt-owl-item-wrap box-hover\"  ><div class=\"dt-owl-item-inner \"><div  class=\"dt-owl-item-image layzr-bg img-css-resize-wrapper\"> <img decoding=\"async\" width=\"639\" height=\"148\" src=\"data:image\/svg+xml,%3Csvg%20xmlns%3D&#039;http%3A%2F%2Fwww.w3.org%2F2000%2Fsvg&#039;%20viewBox%3D&#039;0%200%20639%20148&#039;%2F%3E\" class=\"attachment-full size-full preload-me aspect lazy lazy-load\" alt=\"\" sizes=\"(max-width: 639px) 100vw, 639px\" style=\"--ratio: 639 \/ 148;\" data-src=\"https:\/\/rememchild.remigraid.org\/wp-content\/uploads\/2021\/02\/rememchild-logo-tagline-black.png\" loading=\"eager\" data-srcset=\"https:\/\/rememchild.remigraid.org\/wp-content\/uploads\/2021\/02\/rememchild-logo-tagline-black.png 639w, https:\/\/rememchild.remigraid.org\/wp-content\/uploads\/2021\/02\/rememchild-logo-tagline-black-300x69.png 300w\" \/><\/div><\/div><\/div><div  class=\"dt-owl-item-wrap box-hover\"  ><div class=\"dt-owl-item-inner \"><div  class=\"dt-owl-item-image layzr-bg img-css-resize-wrapper\"> <img decoding=\"async\" width=\"629\" height=\"170\" src=\"data:image\/svg+xml,%3Csvg%20xmlns%3D&#039;http%3A%2F%2Fwww.w3.org%2F2000%2Fsvg&#039;%20viewBox%3D&#039;0%200%20629%20170&#039;%2F%3E\" class=\"attachment-full size-full preload-me aspect lazy lazy-load\" alt=\"UNED MIGRABELCON - Grupo de Investigaci\u00f3n\" sizes=\"(max-width: 629px) 100vw, 629px\" style=\"--ratio: 629 \/ 170;\" data-src=\"https:\/\/rememchild.remigraid.org\/wp-content\/uploads\/2024\/02\/uned-migrabelcon-grupo-de-investigacion.jpg\" loading=\"eager\" data-srcset=\"https:\/\/rememchild.remigraid.org\/wp-content\/uploads\/2024\/02\/uned-migrabelcon-grupo-de-investigacion.jpg 629w, https:\/\/rememchild.remigraid.org\/wp-content\/uploads\/2024\/02\/uned-migrabelcon-grupo-de-investigacion-300x81.jpg 300w\" \/><\/div><\/div><\/div><div  class=\"dt-owl-item-wrap box-hover\"  ><div class=\"dt-owl-item-inner \"><div  class=\"dt-owl-item-image layzr-bg img-css-resize-wrapper\"> <img decoding=\"async\" width=\"626\" height=\"137\" src=\"data:image\/svg+xml,%3Csvg%20xmlns%3D&#039;http%3A%2F%2Fwww.w3.org%2F2000%2Fsvg&#039;%20viewBox%3D&#039;0%200%20626%20137&#039;%2F%3E\" class=\"attachment-full size-full preload-me aspect lazy lazy-load\" alt=\"\" sizes=\"(max-width: 626px) 100vw, 626px\" style=\"--ratio: 626 \/ 137;\" data-src=\"https:\/\/rememchild.remigraid.org\/wp-content\/uploads\/2021\/02\/cofinanciado-por-la-union-europea.jpg\" loading=\"eager\" data-srcset=\"https:\/\/rememchild.remigraid.org\/wp-content\/uploads\/2021\/02\/cofinanciado-por-la-union-europea.jpg 626w, https:\/\/rememchild.remigraid.org\/wp-content\/uploads\/2021\/02\/cofinanciado-por-la-union-europea-300x66.jpg 300w\" \/><\/div><\/div><\/div><div  class=\"dt-owl-item-wrap box-hover\"  ><div class=\"dt-owl-item-inner \"><div  class=\"dt-owl-item-image layzr-bg img-css-resize-wrapper\"> <img decoding=\"async\" width=\"626\" height=\"137\" src=\"data:image\/svg+xml,%3Csvg%20xmlns%3D&#039;http%3A%2F%2Fwww.w3.org%2F2000%2Fsvg&#039;%20viewBox%3D&#039;0%200%20626%20137&#039;%2F%3E\" class=\"attachment-full size-full preload-me aspect lazy lazy-load\" alt=\"\" sizes=\"(max-width: 626px) 100vw, 626px\" style=\"--ratio: 626 \/ 137;\" data-src=\"https:\/\/rememchild.remigraid.org\/wp-content\/uploads\/2023\/05\/cerv-citizens-equality-rights-and-values-programme.jpg\" loading=\"eager\" data-srcset=\"https:\/\/rememchild.remigraid.org\/wp-content\/uploads\/2023\/05\/cerv-citizens-equality-rights-and-values-programme.jpg 626w, https:\/\/rememchild.remigraid.org\/wp-content\/uploads\/2023\/05\/cerv-citizens-equality-rights-and-values-programme-300x66.jpg 300w\" \/><\/div><\/div><\/div><div  class=\"dt-owl-item-wrap box-hover\"  ><div class=\"dt-owl-item-inner \"><div  class=\"dt-owl-item-image layzr-bg img-css-resize-wrapper\"> <img decoding=\"async\" width=\"481\" height=\"96\" src=\"data:image\/svg+xml,%3Csvg%20xmlns%3D&#039;http%3A%2F%2Fwww.w3.org%2F2000%2Fsvg&#039;%20viewBox%3D&#039;0%200%20481%2096&#039;%2F%3E\" class=\"attachment-full size-full preload-me aspect lazy lazy-load\" alt=\"The European Observatory on Memories\" sizes=\"(max-width: 481px) 100vw, 481px\" style=\"--ratio: 481 \/ 96;\" data-src=\"https:\/\/rememchild.remigraid.org\/wp-content\/uploads\/2024\/03\/europeanmemories.jpg\" loading=\"eager\" data-srcset=\"https:\/\/rememchild.remigraid.org\/wp-content\/uploads\/2024\/03\/europeanmemories.jpg 481w, https:\/\/rememchild.remigraid.org\/wp-content\/uploads\/2024\/03\/europeanmemories-300x60.jpg 300w\" \/><\/div><\/div><\/div><div  class=\"dt-owl-item-wrap box-hover\"  ><div class=\"dt-owl-item-inner \"><div  class=\"dt-owl-item-image layzr-bg img-css-resize-wrapper\"> <img decoding=\"async\" width=\"300\" height=\"89\" src=\"data:image\/svg+xml,%3Csvg%20xmlns%3D&#039;http%3A%2F%2Fwww.w3.org%2F2000%2Fsvg&#039;%20viewBox%3D&#039;0%200%20300%2089&#039;%2F%3E\" class=\"attachment-full size-full preload-me aspect lazy lazy-load\" alt=\"Fundaci\u00f3 Solidaritat Universitat de Barcelona\" style=\"--ratio: 300 \/ 89;\" data-src=\"https:\/\/rememchild.remigraid.org\/wp-content\/uploads\/2024\/03\/Solidaritat-UB-logotip.png\" loading=\"eager\" \/><\/div><\/div><\/div><div  class=\"dt-owl-item-wrap box-hover\"  ><div class=\"dt-owl-item-inner \"><div  class=\"dt-owl-item-image layzr-bg img-css-resize-wrapper\"> <img decoding=\"async\" width=\"769\" height=\"152\" src=\"data:image\/svg+xml,%3Csvg%20xmlns%3D&#039;http%3A%2F%2Fwww.w3.org%2F2000%2Fsvg&#039;%20viewBox%3D&#039;0%200%20769%20152&#039;%2F%3E\" class=\"attachment-full size-full preload-me aspect lazy lazy-load\" alt=\"International Council of Museums\" sizes=\"(max-width: 769px) 100vw, 769px\" style=\"--ratio: 769 \/ 152;\" data-src=\"https:\/\/rememchild.remigraid.org\/wp-content\/uploads\/2024\/03\/international-council-of-museums.png\" loading=\"eager\" data-srcset=\"https:\/\/rememchild.remigraid.org\/wp-content\/uploads\/2024\/03\/international-council-of-museums.png 769w, https:\/\/rememchild.remigraid.org\/wp-content\/uploads\/2024\/03\/international-council-of-museums-300x59.png 300w\" \/><\/div><\/div><\/div><\/div><div class=\"owl-nav disabled\"><div class=\"owl-prev\" role=\"button\" tabindex=\"0\" aria-label=\"Prev slide\"><i class=\"fas fa-chevron-left\"><\/i><\/div><div class=\"owl-next\" role=\"button\" tabindex=\"0\" aria-label=\"Next slide\"><i class=\"fas fa-chevron-right\"><\/i><\/div><\/div>\t\t\t\t<\/div>\n\t\t\t\t<\/div>\n\t\t\t\t<div class=\"elementor-element elementor-element-734b77a elementor-widget-divider--separator-type-pattern elementor-widget-divider--view-line elementor-widget elementor-widget-divider\" data-id=\"734b77a\" data-element_type=\"widget\" data-e-type=\"widget\" data-widget_type=\"divider.default\">\n\t\t\t\t<div class=\"elementor-widget-container\">\n\t\t\t\t\t\t\t<div class=\"elementor-divider\" style=\"--divider-pattern-url: url(&quot;data:image\/svg+xml,%3Csvg xmlns=&#039;http:\/\/www.w3.org\/2000\/svg&#039; preserveAspectRatio=&#039;none&#039; overflow=&#039;visible&#039; height=&#039;100%&#039; viewBox=&#039;0 0 20 16&#039; fill=&#039;none&#039; stroke=&#039;black&#039; stroke-width=&#039;1&#039; stroke-linecap=&#039;square&#039; stroke-miterlimit=&#039;10&#039;%3E%3Cg transform=&#039;translate(-12.000000, 0)&#039;%3E%3Cpath d=&#039;M28,0L10,18&#039;\/%3E%3Cpath d=&#039;M18,0L0,18&#039;\/%3E%3Cpath d=&#039;M48,0L30,18&#039;\/%3E%3Cpath d=&#039;M38,0L20,18&#039;\/%3E%3C\/g%3E%3C\/svg%3E&quot;);\">\n\t\t\t<span class=\"elementor-divider-separator\">\n\t\t\t\t\t\t<\/span>\n\t\t<\/div>\n\t\t\t\t\t\t<\/div>\n\t\t\t\t<\/div>\n\t\t\t\t\t<\/div>\n\t\t<\/div>\n\t\t\t\t\t<\/div>\n\t\t<\/section>\n\t\t\t\t<\/div>\n\t\t","protected":false},"excerpt":{"rendered":"<p>ACTIVITY Walls against oblivion &#8211; REMEMCHILD &#8211; Young people from the Barrutialde Secondary School and the muralist Mikel Aldekogarai &#8220;Kezon&#8221; created 2 murals with the message &#8220;No to war&#8221;. memorializieu.eu&hellip;<\/p>\n","protected":false},"author":3,"featured_media":4890,"parent":4772,"menu_order":0,"comment_status":"closed","ping_status":"closed","template":"elementor_header_footer","meta":{"footnotes":""},"class_list":["post-4955","page","type-page","status-publish","has-post-thumbnail","hentry"],"yoast_head":"<!-- This site is optimized with the Yoast SEO plugin v27.1.1 - https:\/\/yoast.com\/product\/yoast-seo-wordpress\/ -->\n<title>Wall against oblivion - Maison d\u2019Izieu REMEMCHILD<\/title>\n<meta name=\"description\" content=\"Maison d\u2019Izieu has appealed to two classes from secondary schools of the Auvergne-Rh\u00f4ne-Alpes region in order to conceive the Wall against oblivion. Their drawings, photographic reports and memorial objects make up this collective creation.\" \/>\n<meta name=\"robots\" content=\"index, follow, max-snippet:-1, max-image-preview:large, max-video-preview:-1\" \/>\n<link rel=\"canonical\" href=\"https:\/\/rememchild.remigraid.org\/en\/walls-against-oblivion\/wall-against-oblivion-maison-dizieu\/\" \/>\n<meta property=\"og:locale\" content=\"en_US\" \/>\n<meta property=\"og:type\" content=\"article\" \/>\n<meta property=\"og:title\" content=\"Wall against oblivion - Maison d\u2019Izieu REMEMCHILD\" \/>\n<meta property=\"og:description\" content=\"Maison d\u2019Izieu has appealed to two classes from secondary schools of the Auvergne-Rh\u00f4ne-Alpes region in order to conceive the Wall against oblivion. Their drawings, photographic reports and memorial objects make up this collective creation.\" \/>\n<meta property=\"og:url\" content=\"https:\/\/rememchild.remigraid.org\/en\/walls-against-oblivion\/wall-against-oblivion-maison-dizieu\/\" \/>\n<meta property=\"og:site_name\" content=\"REMEMCHILD\" \/>\n<meta property=\"article:modified_time\" content=\"2024-03-13T07:46:12+00:00\" \/>\n<meta property=\"og:image\" content=\"https:\/\/rememchild.remigraid.org\/wp-content\/uploads\/2024\/03\/celine-faugere-03.jpg\" \/>\n\t<meta property=\"og:image:width\" content=\"1024\" \/>\n\t<meta property=\"og:image:height\" content=\"768\" \/>\n\t<meta property=\"og:image:type\" content=\"image\/jpeg\" \/>\n<meta name=\"twitter:card\" content=\"summary_large_image\" \/>\n<meta name=\"twitter:label1\" content=\"Est. reading time\" \/>\n\t<meta name=\"twitter:data1\" content=\"7 minutes\" \/>\n<script type=\"application\/ld+json\" class=\"yoast-schema-graph\">{\"@context\":\"https:\/\/schema.org\",\"@graph\":[{\"@type\":\"WebPage\",\"@id\":\"https:\/\/rememchild.remigraid.org\/en\/walls-against-oblivion\/wall-against-oblivion-maison-dizieu\/\",\"url\":\"https:\/\/rememchild.remigraid.org\/en\/walls-against-oblivion\/wall-against-oblivion-maison-dizieu\/\",\"name\":\"Wall against oblivion - Maison d\u2019Izieu REMEMCHILD\",\"isPartOf\":{\"@id\":\"https:\/\/rememchild.remigraid.org\/#website\"},\"primaryImageOfPage\":{\"@id\":\"https:\/\/rememchild.remigraid.org\/en\/walls-against-oblivion\/wall-against-oblivion-maison-dizieu\/#primaryimage\"},\"image\":{\"@id\":\"https:\/\/rememchild.remigraid.org\/en\/walls-against-oblivion\/wall-against-oblivion-maison-dizieu\/#primaryimage\"},\"thumbnailUrl\":\"https:\/\/rememchild.remigraid.org\/wp-content\/uploads\/2024\/03\/celine-faugere-03.jpg\",\"datePublished\":\"2024-03-12T12:28:52+00:00\",\"dateModified\":\"2024-03-13T07:46:12+00:00\",\"description\":\"Maison d\u2019Izieu has appealed to two classes from secondary schools of the Auvergne-Rh\u00f4ne-Alpes region in order to conceive the Wall against oblivion. Their drawings, photographic reports and memorial objects make up this collective creation.\",\"breadcrumb\":{\"@id\":\"https:\/\/rememchild.remigraid.org\/en\/walls-against-oblivion\/wall-against-oblivion-maison-dizieu\/#breadcrumb\"},\"inLanguage\":\"en-US\",\"potentialAction\":[{\"@type\":\"ReadAction\",\"target\":[\"https:\/\/rememchild.remigraid.org\/en\/walls-against-oblivion\/wall-against-oblivion-maison-dizieu\/\"]}]},{\"@type\":\"ImageObject\",\"inLanguage\":\"en-US\",\"@id\":\"https:\/\/rememchild.remigraid.org\/en\/walls-against-oblivion\/wall-against-oblivion-maison-dizieu\/#primaryimage\",\"url\":\"https:\/\/rememchild.remigraid.org\/wp-content\/uploads\/2024\/03\/celine-faugere-03.jpg\",\"contentUrl\":\"https:\/\/rememchild.remigraid.org\/wp-content\/uploads\/2024\/03\/celine-faugere-03.jpg\",\"width\":1024,\"height\":768,\"caption\":\"Roman Kroke (interdisciplinary artist) during a workshop with pupils of the \u00ab Vehicle maintenance \u00bb course \/ Roman Kroke (artista interdisciplinar) durante un taller con alumnos del curso \\\"Mantenimiento de veh\u00edculos \u00a9Maison d\u2019Izieu\"},{\"@type\":\"BreadcrumbList\",\"@id\":\"https:\/\/rememchild.remigraid.org\/en\/walls-against-oblivion\/wall-against-oblivion-maison-dizieu\/#breadcrumb\",\"itemListElement\":[{\"@type\":\"ListItem\",\"position\":1,\"name\":\"Portada\",\"item\":\"https:\/\/rememchild.remigraid.org\/\"},{\"@type\":\"ListItem\",\"position\":2,\"name\":\"Walls against oblivion\",\"item\":\"https:\/\/rememchild.remigraid.org\/en\/walls-against-oblivion\/\"},{\"@type\":\"ListItem\",\"position\":3,\"name\":\"Wall against oblivion &#8211; Maison d\u2019Izieu\"}]},{\"@type\":\"WebSite\",\"@id\":\"https:\/\/rememchild.remigraid.org\/#website\",\"url\":\"https:\/\/rememchild.remigraid.org\/\",\"name\":\"REMEMCHILD\",\"description\":\"Remembering childhood in European Wartimes\",\"publisher\":{\"@id\":\"https:\/\/rememchild.remigraid.org\/#organization\"},\"potentialAction\":[{\"@type\":\"SearchAction\",\"target\":{\"@type\":\"EntryPoint\",\"urlTemplate\":\"https:\/\/rememchild.remigraid.org\/?s={search_term_string}\"},\"query-input\":{\"@type\":\"PropertyValueSpecification\",\"valueRequired\":true,\"valueName\":\"search_term_string\"}}],\"inLanguage\":\"en-US\"},{\"@type\":\"Organization\",\"@id\":\"https:\/\/rememchild.remigraid.org\/#organization\",\"name\":\"REMEMCHILD\",\"url\":\"https:\/\/rememchild.remigraid.org\/\",\"logo\":{\"@type\":\"ImageObject\",\"inLanguage\":\"en-US\",\"@id\":\"https:\/\/rememchild.remigraid.org\/#\/schema\/logo\/image\/\",\"url\":\"https:\/\/rememchild.remigraid.org\/wp-content\/uploads\/2021\/02\/rememchild-ico-logo-black.png\",\"contentUrl\":\"https:\/\/rememchild.remigraid.org\/wp-content\/uploads\/2021\/02\/rememchild-ico-logo-black.png\",\"width\":136,\"height\":140,\"caption\":\"REMEMCHILD\"},\"image\":{\"@id\":\"https:\/\/rememchild.remigraid.org\/#\/schema\/logo\/image\/\"}}]}<\/script>\n<!-- \/ Yoast SEO plugin. -->","yoast_head_json":{"title":"Wall against oblivion - Maison d\u2019Izieu REMEMCHILD","description":"Maison d\u2019Izieu has appealed to two classes from secondary schools of the Auvergne-Rh\u00f4ne-Alpes region in order to conceive the Wall against oblivion. Their drawings, photographic reports and memorial objects make up this collective creation.","robots":{"index":"index","follow":"follow","max-snippet":"max-snippet:-1","max-image-preview":"max-image-preview:large","max-video-preview":"max-video-preview:-1"},"canonical":"https:\/\/rememchild.remigraid.org\/en\/walls-against-oblivion\/wall-against-oblivion-maison-dizieu\/","og_locale":"en_US","og_type":"article","og_title":"Wall against oblivion - Maison d\u2019Izieu REMEMCHILD","og_description":"Maison d\u2019Izieu has appealed to two classes from secondary schools of the Auvergne-Rh\u00f4ne-Alpes region in order to conceive the Wall against oblivion. Their drawings, photographic reports and memorial objects make up this collective creation.","og_url":"https:\/\/rememchild.remigraid.org\/en\/walls-against-oblivion\/wall-against-oblivion-maison-dizieu\/","og_site_name":"REMEMCHILD","article_modified_time":"2024-03-13T07:46:12+00:00","og_image":[{"width":1024,"height":768,"url":"https:\/\/rememchild.remigraid.org\/wp-content\/uploads\/2024\/03\/celine-faugere-03.jpg","type":"image\/jpeg"}],"twitter_card":"summary_large_image","twitter_misc":{"Est. reading time":"7 minutes"},"schema":{"@context":"https:\/\/schema.org","@graph":[{"@type":"WebPage","@id":"https:\/\/rememchild.remigraid.org\/en\/walls-against-oblivion\/wall-against-oblivion-maison-dizieu\/","url":"https:\/\/rememchild.remigraid.org\/en\/walls-against-oblivion\/wall-against-oblivion-maison-dizieu\/","name":"Wall against oblivion - Maison d\u2019Izieu REMEMCHILD","isPartOf":{"@id":"https:\/\/rememchild.remigraid.org\/#website"},"primaryImageOfPage":{"@id":"https:\/\/rememchild.remigraid.org\/en\/walls-against-oblivion\/wall-against-oblivion-maison-dizieu\/#primaryimage"},"image":{"@id":"https:\/\/rememchild.remigraid.org\/en\/walls-against-oblivion\/wall-against-oblivion-maison-dizieu\/#primaryimage"},"thumbnailUrl":"https:\/\/rememchild.remigraid.org\/wp-content\/uploads\/2024\/03\/celine-faugere-03.jpg","datePublished":"2024-03-12T12:28:52+00:00","dateModified":"2024-03-13T07:46:12+00:00","description":"Maison d\u2019Izieu has appealed to two classes from secondary schools of the Auvergne-Rh\u00f4ne-Alpes region in order to conceive the Wall against oblivion. Their drawings, photographic reports and memorial objects make up this collective creation.","breadcrumb":{"@id":"https:\/\/rememchild.remigraid.org\/en\/walls-against-oblivion\/wall-against-oblivion-maison-dizieu\/#breadcrumb"},"inLanguage":"en-US","potentialAction":[{"@type":"ReadAction","target":["https:\/\/rememchild.remigraid.org\/en\/walls-against-oblivion\/wall-against-oblivion-maison-dizieu\/"]}]},{"@type":"ImageObject","inLanguage":"en-US","@id":"https:\/\/rememchild.remigraid.org\/en\/walls-against-oblivion\/wall-against-oblivion-maison-dizieu\/#primaryimage","url":"https:\/\/rememchild.remigraid.org\/wp-content\/uploads\/2024\/03\/celine-faugere-03.jpg","contentUrl":"https:\/\/rememchild.remigraid.org\/wp-content\/uploads\/2024\/03\/celine-faugere-03.jpg","width":1024,"height":768,"caption":"Roman Kroke (interdisciplinary artist) during a workshop with pupils of the \u00ab Vehicle maintenance \u00bb course \/ Roman Kroke (artista interdisciplinar) durante un taller con alumnos del curso \"Mantenimiento de veh\u00edculos \u00a9Maison d\u2019Izieu"},{"@type":"BreadcrumbList","@id":"https:\/\/rememchild.remigraid.org\/en\/walls-against-oblivion\/wall-against-oblivion-maison-dizieu\/#breadcrumb","itemListElement":[{"@type":"ListItem","position":1,"name":"Portada","item":"https:\/\/rememchild.remigraid.org\/"},{"@type":"ListItem","position":2,"name":"Walls against oblivion","item":"https:\/\/rememchild.remigraid.org\/en\/walls-against-oblivion\/"},{"@type":"ListItem","position":3,"name":"Wall against oblivion &#8211; Maison d\u2019Izieu"}]},{"@type":"WebSite","@id":"https:\/\/rememchild.remigraid.org\/#website","url":"https:\/\/rememchild.remigraid.org\/","name":"REMEMCHILD","description":"Remembering childhood in European Wartimes","publisher":{"@id":"https:\/\/rememchild.remigraid.org\/#organization"},"potentialAction":[{"@type":"SearchAction","target":{"@type":"EntryPoint","urlTemplate":"https:\/\/rememchild.remigraid.org\/?s={search_term_string}"},"query-input":{"@type":"PropertyValueSpecification","valueRequired":true,"valueName":"search_term_string"}}],"inLanguage":"en-US"},{"@type":"Organization","@id":"https:\/\/rememchild.remigraid.org\/#organization","name":"REMEMCHILD","url":"https:\/\/rememchild.remigraid.org\/","logo":{"@type":"ImageObject","inLanguage":"en-US","@id":"https:\/\/rememchild.remigraid.org\/#\/schema\/logo\/image\/","url":"https:\/\/rememchild.remigraid.org\/wp-content\/uploads\/2021\/02\/rememchild-ico-logo-black.png","contentUrl":"https:\/\/rememchild.remigraid.org\/wp-content\/uploads\/2021\/02\/rememchild-ico-logo-black.png","width":136,"height":140,"caption":"REMEMCHILD"},"image":{"@id":"https:\/\/rememchild.remigraid.org\/#\/schema\/logo\/image\/"}}]}},"_links":{"self":[{"href":"https:\/\/rememchild.remigraid.org\/en\/wp-json\/wp\/v2\/pages\/4955","targetHints":{"allow":["GET"]}}],"collection":[{"href":"https:\/\/rememchild.remigraid.org\/en\/wp-json\/wp\/v2\/pages"}],"about":[{"href":"https:\/\/rememchild.remigraid.org\/en\/wp-json\/wp\/v2\/types\/page"}],"author":[{"embeddable":true,"href":"https:\/\/rememchild.remigraid.org\/en\/wp-json\/wp\/v2\/users\/3"}],"replies":[{"embeddable":true,"href":"https:\/\/rememchild.remigraid.org\/en\/wp-json\/wp\/v2\/comments?post=4955"}],"version-history":[{"count":8,"href":"https:\/\/rememchild.remigraid.org\/en\/wp-json\/wp\/v2\/pages\/4955\/revisions"}],"predecessor-version":[{"id":4969,"href":"https:\/\/rememchild.remigraid.org\/en\/wp-json\/wp\/v2\/pages\/4955\/revisions\/4969"}],"up":[{"embeddable":true,"href":"https:\/\/rememchild.remigraid.org\/en\/wp-json\/wp\/v2\/pages\/4772"}],"wp:featuredmedia":[{"embeddable":true,"href":"https:\/\/rememchild.remigraid.org\/en\/wp-json\/wp\/v2\/media\/4890"}],"wp:attachment":[{"href":"https:\/\/rememchild.remigraid.org\/en\/wp-json\/wp\/v2\/media?parent=4955"}],"curies":[{"name":"wp","href":"https:\/\/api.w.org\/{rel}","templated":true}]}}